{"id":9812,"date":"2023-06-12T09:46:23","date_gmt":"2023-06-12T13:46:23","guid":{"rendered":"http:\/\/web.uptos.edu.ve\/?post_type=tribe_events&#038;p=9812"},"modified":"2023-06-12T10:08:46","modified_gmt":"2023-06-12T14:08:46","slug":"natalicio-de-rafael-bolivar-coronado","status":"publish","type":"tribe_events","link":"https:\/\/www.uptos.edu.ve\/?tribe_events=natalicio-de-rafael-bolivar-coronado","title":{"rendered":"NATALICIO DE RAFAEL BOL\u00cdVAR CORONADO"},"content":{"rendered":"<p><img decoding=\"async\" class=\"wp-image-9816 alignleft\" src=\"https:\/\/wwwvz.uptos.edu.ve\/wp-content\/uploads\/2023\/06\/rafael_boliv.jpeg\" alt=\"\" width=\"190\" height=\"263\" \/><\/p>\n<p class=\"rtejustify\" align=\"justify\"><font color=\"#000000\">Periodista y escritor venezolano, fue el autor, junto con Pedro El\u00edas Guti\u00e9rrez, de una zarzuela estrenada en Caracas el 19 de septiembre de 1914 que se llam\u00f3 Alma Llanera. En uno de los actos de la pieza figuraba un joropo del mismo nombre, que pronto tuvo \u00e9xito en la capital convirti\u00e9ndose en una pieza de amplia difusi\u00f3n nacional e internacional.<\/font><\/p>\n<p align=\"justify\"><font color=\"#000000\"><a href=\"https:\/\/camaradecaracas.com\/ocurrio-aqui\/el-alma-llanera-pego-desde-el-primer-dia\/#\" target=\"_blank\" rel=\"noopener\">Leer m\u00e1s:<\/a><\/font><\/p>\n","protected":false},"excerpt":{"rendered":"<p>Periodista y escritor venezolano, fue el autor, junto con Pedro El\u00edas Guti\u00e9rrez, de una zarzuela estrenada en Caracas el 19 de septiembre de 1914 que se llam\u00f3 Alma Llanera. En&hellip;<\/p>\n","protected":false},"author":5,"featured_media":0,"template":"","meta":{"_monsterinsights_skip_tracking":false,"_monsterinsights_sitenote_active":false,"_monsterinsights_sitenote_note":"","_monsterinsights_sitenote_category":0,"_tribe_events_status":"","_tribe_events_status_reason":"","footnotes":""},"tags":[],"tribe_events_cat":[],"class_list":["post-9812","tribe_events","type-tribe_events","status-publish","hentry"],"yoast_head":"<!-- This site is optimized with the Yoast SEO plugin v27.4 - https:\/\/yoast.com\/product\/yoast-seo-wordpress\/ -->\n<title>NATALICIO DE RAFAEL BOL\u00cdVAR CORONADO - UPTOS Clodosbaldo Russi\u00e1n<\/title>\n<meta name=\"robots\" content=\"index, follow, max-snippet:-1, max-image-preview:large, max-video-preview:-1\" \/>\n<link rel=\"canonical\" href=\"https:\/\/www.uptos.edu.ve\/?tribe_events=natalicio-de-rafael-bolivar-coronado\" \/>\n<meta property=\"og:locale\" content=\"es_ES\" \/>\n<meta property=\"og:type\" content=\"article\" \/>\n<meta property=\"og:title\" content=\"NATALICIO DE RAFAEL BOL\u00cdVAR CORONADO - UPTOS Clodosbaldo Russi\u00e1n\" \/>\n<meta property=\"og:description\" content=\"Periodista y escritor venezolano, fue el autor, junto con Pedro El\u00edas Guti\u00e9rrez, de una zarzuela estrenada en Caracas el 19 de septiembre de 1914 que se llam\u00f3 Alma Llanera. En&hellip;\" \/>\n<meta property=\"og:url\" content=\"https:\/\/www.uptos.edu.ve\/?tribe_events=natalicio-de-rafael-bolivar-coronado\" \/>\n<meta property=\"og:site_name\" content=\"UPTOS Clodosbaldo Russi\u00e1n\" \/>\n<meta property=\"article:publisher\" content=\"https:\/\/www.facebook.com\/people\/UPTOS-Clodosbaldo-Russin\/100070891114831\/\" \/>\n<meta property=\"article:modified_time\" content=\"2023-06-12T14:08:46+00:00\" \/>\n<meta property=\"og:image\" content=\"https:\/\/wwwvz.uptos.edu.ve\/wp-content\/uploads\/2023\/06\/rafael_boliv.jpeg\" \/>\n<meta name=\"twitter:card\" content=\"summary_large_image\" \/>\n<script type=\"application\/ld+json\" class=\"yoast-schema-graph\">{\"@context\":\"https:\\\/\\\/schema.org\",\"@graph\":[{\"@type\":\"WebPage\",\"@id\":\"https:\\\/\\\/www.uptos.edu.ve\\\/?tribe_events=natalicio-de-rafael-bolivar-coronado\",\"url\":\"https:\\\/\\\/www.uptos.edu.ve\\\/?tribe_events=natalicio-de-rafael-bolivar-coronado\",\"name\":\"NATALICIO DE RAFAEL BOL\u00cdVAR CORONADO - UPTOS Clodosbaldo Russi\u00e1n\",\"isPartOf\":{\"@id\":\"\\\/#website\"},\"primaryImageOfPage\":{\"@id\":\"https:\\\/\\\/www.uptos.edu.ve\\\/?tribe_events=natalicio-de-rafael-bolivar-coronado#primaryimage\"},\"image\":{\"@id\":\"https:\\\/\\\/www.uptos.edu.ve\\\/?tribe_events=natalicio-de-rafael-bolivar-coronado#primaryimage\"},\"thumbnailUrl\":\"https:\\\/\\\/wwwvz.uptos.edu.ve\\\/wp-content\\\/uploads\\\/2023\\\/06\\\/rafael_boliv.jpeg\",\"datePublished\":\"2023-06-12T13:46:23+00:00\",\"dateModified\":\"2023-06-12T14:08:46+00:00\",\"breadcrumb\":{\"@id\":\"https:\\\/\\\/www.uptos.edu.ve\\\/?tribe_events=natalicio-de-rafael-bolivar-coronado#breadcrumb\"},\"inLanguage\":\"es\",\"potentialAction\":[{\"@type\":\"ReadAction\",\"target\":[\"https:\\\/\\\/www.uptos.edu.ve\\\/?tribe_events=natalicio-de-rafael-bolivar-coronado\"]}]},{\"@type\":\"ImageObject\",\"inLanguage\":\"es\",\"@id\":\"https:\\\/\\\/www.uptos.edu.ve\\\/?tribe_events=natalicio-de-rafael-bolivar-coronado#primaryimage\",\"url\":\"https:\\\/\\\/wwwvz.uptos.edu.ve\\\/wp-content\\\/uploads\\\/2023\\\/06\\\/rafael_boliv.jpeg\",\"contentUrl\":\"https:\\\/\\\/wwwvz.uptos.edu.ve\\\/wp-content\\\/uploads\\\/2023\\\/06\\\/rafael_boliv.jpeg\"},{\"@type\":\"BreadcrumbList\",\"@id\":\"https:\\\/\\\/www.uptos.edu.ve\\\/?tribe_events=natalicio-de-rafael-bolivar-coronado#breadcrumb\",\"itemListElement\":[{\"@type\":\"ListItem\",\"position\":1,\"name\":\"Home\",\"item\":\"https:\\\/\\\/www.uptos.edu.ve\\\/\"},{\"@type\":\"ListItem\",\"position\":2,\"name\":\"Eventos\",\"item\":\"https:\\\/\\\/www.uptos.edu.ve\\\/?post_type=tribe_events\"},{\"@type\":\"ListItem\",\"position\":3,\"name\":\"NATALICIO DE RAFAEL BOL\u00cdVAR CORONADO\"}]},{\"@type\":\"WebSite\",\"@id\":\"\\\/#website\",\"url\":\"\\\/\",\"name\":\"UPTOS Clodosbaldo Russi\u00e1n\",\"description\":\"Universidad Polit\u00e9cnica del Oeste de Sucre\",\"publisher\":{\"@id\":\"\\\/#organization\"},\"potentialAction\":[{\"@type\":\"SearchAction\",\"target\":{\"@type\":\"EntryPoint\",\"urlTemplate\":\"\\\/?s={search_term_string}\"},\"query-input\":{\"@type\":\"PropertyValueSpecification\",\"valueRequired\":true,\"valueName\":\"search_term_string\"}}],\"inLanguage\":\"es\"},{\"@type\":\"Organization\",\"@id\":\"\\\/#organization\",\"name\":\"UPTOS Clodosbaldo Russi\u00e1n\",\"url\":\"\\\/\",\"logo\":{\"@type\":\"ImageObject\",\"inLanguage\":\"es\",\"@id\":\"\\\/#\\\/schema\\\/logo\\\/image\\\/\",\"url\":\"https:\\\/\\\/www.uptos.edu.ve\\\/wp-content\\\/uploads\\\/2026\\\/02\\\/cropped-cropped-WhatsApp-Image-2026-02-11-at-10.17.38-PM-1.jpeg\",\"contentUrl\":\"https:\\\/\\\/www.uptos.edu.ve\\\/wp-content\\\/uploads\\\/2026\\\/02\\\/cropped-cropped-WhatsApp-Image-2026-02-11-at-10.17.38-PM-1.jpeg\",\"width\":1080,\"height\":73,\"caption\":\"UPTOS Clodosbaldo Russi\u00e1n\"},\"image\":{\"@id\":\"\\\/#\\\/schema\\\/logo\\\/image\\\/\"},\"sameAs\":[\"https:\\\/\\\/www.facebook.com\\\/people\\\/UPTOS-Clodosbaldo-Russin\\\/100070891114831\\\/\",\"http:\\\/\\\/instagram.com\\\/uptoscr_oficial\"]}]}<\/script>\n<!-- \/ Yoast SEO plugin. -->","yoast_head_json":{"title":"NATALICIO DE RAFAEL BOL\u00cdVAR CORONADO - UPTOS Clodosbaldo Russi\u00e1n","robots":{"index":"index","follow":"follow","max-snippet":"max-snippet:-1","max-image-preview":"max-image-preview:large","max-video-preview":"max-video-preview:-1"},"canonical":"https:\/\/www.uptos.edu.ve\/?tribe_events=natalicio-de-rafael-bolivar-coronado","og_locale":"es_ES","og_type":"article","og_title":"NATALICIO DE RAFAEL BOL\u00cdVAR CORONADO - UPTOS Clodosbaldo Russi\u00e1n","og_description":"Periodista y escritor venezolano, fue el autor, junto con Pedro El\u00edas Guti\u00e9rrez, de una zarzuela estrenada en Caracas el 19 de septiembre de 1914 que se llam\u00f3 Alma Llanera. En&hellip;","og_url":"https:\/\/www.uptos.edu.ve\/?tribe_events=natalicio-de-rafael-bolivar-coronado","og_site_name":"UPTOS Clodosbaldo Russi\u00e1n","article_publisher":"https:\/\/www.facebook.com\/people\/UPTOS-Clodosbaldo-Russin\/100070891114831\/","article_modified_time":"2023-06-12T14:08:46+00:00","og_image":[{"url":"https:\/\/wwwvz.uptos.edu.ve\/wp-content\/uploads\/2023\/06\/rafael_boliv.jpeg","type":"","width":"","height":""}],"twitter_card":"summary_large_image","schema":{"@context":"https:\/\/schema.org","@graph":[{"@type":"WebPage","@id":"https:\/\/www.uptos.edu.ve\/?tribe_events=natalicio-de-rafael-bolivar-coronado","url":"https:\/\/www.uptos.edu.ve\/?tribe_events=natalicio-de-rafael-bolivar-coronado","name":"NATALICIO DE RAFAEL BOL\u00cdVAR CORONADO - UPTOS Clodosbaldo Russi\u00e1n","isPartOf":{"@id":"\/#website"},"primaryImageOfPage":{"@id":"https:\/\/www.uptos.edu.ve\/?tribe_events=natalicio-de-rafael-bolivar-coronado#primaryimage"},"image":{"@id":"https:\/\/www.uptos.edu.ve\/?tribe_events=natalicio-de-rafael-bolivar-coronado#primaryimage"},"thumbnailUrl":"https:\/\/wwwvz.uptos.edu.ve\/wp-content\/uploads\/2023\/06\/rafael_boliv.jpeg","datePublished":"2023-06-12T13:46:23+00:00","dateModified":"2023-06-12T14:08:46+00:00","breadcrumb":{"@id":"https:\/\/www.uptos.edu.ve\/?tribe_events=natalicio-de-rafael-bolivar-coronado#breadcrumb"},"inLanguage":"es","potentialAction":[{"@type":"ReadAction","target":["https:\/\/www.uptos.edu.ve\/?tribe_events=natalicio-de-rafael-bolivar-coronado"]}]},{"@type":"ImageObject","inLanguage":"es","@id":"https:\/\/www.uptos.edu.ve\/?tribe_events=natalicio-de-rafael-bolivar-coronado#primaryimage","url":"https:\/\/wwwvz.uptos.edu.ve\/wp-content\/uploads\/2023\/06\/rafael_boliv.jpeg","contentUrl":"https:\/\/wwwvz.uptos.edu.ve\/wp-content\/uploads\/2023\/06\/rafael_boliv.jpeg"},{"@type":"BreadcrumbList","@id":"https:\/\/www.uptos.edu.ve\/?tribe_events=natalicio-de-rafael-bolivar-coronado#breadcrumb","itemListElement":[{"@type":"ListItem","position":1,"name":"Home","item":"https:\/\/www.uptos.edu.ve\/"},{"@type":"ListItem","position":2,"name":"Eventos","item":"https:\/\/www.uptos.edu.ve\/?post_type=tribe_events"},{"@type":"ListItem","position":3,"name":"NATALICIO DE RAFAEL BOL\u00cdVAR CORONADO"}]},{"@type":"WebSite","@id":"\/#website","url":"\/","name":"UPTOS Clodosbaldo Russi\u00e1n","description":"Universidad Polit\u00e9cnica del Oeste de Sucre","publisher":{"@id":"\/#organization"},"potentialAction":[{"@type":"SearchAction","target":{"@type":"EntryPoint","urlTemplate":"\/?s={search_term_string}"},"query-input":{"@type":"PropertyValueSpecification","valueRequired":true,"valueName":"search_term_string"}}],"inLanguage":"es"},{"@type":"Organization","@id":"\/#organization","name":"UPTOS Clodosbaldo Russi\u00e1n","url":"\/","logo":{"@type":"ImageObject","inLanguage":"es","@id":"\/#\/schema\/logo\/image\/","url":"https:\/\/www.uptos.edu.ve\/wp-content\/uploads\/2026\/02\/cropped-cropped-WhatsApp-Image-2026-02-11-at-10.17.38-PM-1.jpeg","contentUrl":"https:\/\/www.uptos.edu.ve\/wp-content\/uploads\/2026\/02\/cropped-cropped-WhatsApp-Image-2026-02-11-at-10.17.38-PM-1.jpeg","width":1080,"height":73,"caption":"UPTOS Clodosbaldo Russi\u00e1n"},"image":{"@id":"\/#\/schema\/logo\/image\/"},"sameAs":["https:\/\/www.facebook.com\/people\/UPTOS-Clodosbaldo-Russin\/100070891114831\/","http:\/\/instagram.com\/uptoscr_oficial"]}]}},"_links":{"self":[{"href":"https:\/\/www.uptos.edu.ve\/index.php?rest_route=\/wp\/v2\/tribe_events\/9812","targetHints":{"allow":["GET"]}}],"collection":[{"href":"https:\/\/www.uptos.edu.ve\/index.php?rest_route=\/wp\/v2\/tribe_events"}],"about":[{"href":"https:\/\/www.uptos.edu.ve\/index.php?rest_route=\/wp\/v2\/types\/tribe_events"}],"author":[{"embeddable":true,"href":"https:\/\/www.uptos.edu.ve\/index.php?rest_route=\/wp\/v2\/users\/5"}],"version-history":[{"count":0,"href":"https:\/\/www.uptos.edu.ve\/index.php?rest_route=\/wp\/v2\/tribe_events\/9812\/revisions"}],"wp:attachment":[{"href":"https:\/\/www.uptos.edu.ve\/index.php?rest_route=%2Fwp%2Fv2%2Fmedia&parent=9812"}],"wp:term":[{"taxonomy":"post_tag","embeddable":true,"href":"https:\/\/www.uptos.edu.ve\/index.php?rest_route=%2Fwp%2Fv2%2Ftags&post=9812"},{"taxonomy":"tribe_events_cat","embeddable":true,"href":"https:\/\/www.uptos.edu.ve\/index.php?rest_route=%2Fwp%2Fv2%2Ftribe_events_cat&post=9812"}],"curies":[{"name":"wp","href":"https:\/\/api.w.org\/{rel}","templated":true}]}}