{"id":9647,"date":"2023-06-09T11:17:14","date_gmt":"2023-06-09T15:17:14","guid":{"rendered":"http:\/\/web.uptos.edu.ve\/?post_type=tribe_events&#038;p=9647"},"modified":"2023-06-09T11:19:01","modified_gmt":"2023-06-09T15:19:01","slug":"dia-internacional-de-los-ninos-victimas-inocentes-de-agresion","status":"publish","type":"tribe_events","link":"https:\/\/www.uptos.edu.ve\/?tribe_events=dia-internacional-de-los-ninos-victimas-inocentes-de-agresion","title":{"rendered":"D\u00cdA INTERNACIONAL DE LOS NI\u00d1OS V\u00cdCTIMAS INOCENTES DE AGRESI\u00d3N"},"content":{"rendered":"<p align=\"justify\"><font color=\"#000000\"><img fetchpriority=\"high\" decoding=\"async\" class=\"alignleft size-full wp-image-9652\" src=\"https:\/\/wwwvz.uptos.edu.ve\/wp-content\/uploads\/2023\/06\/maltrato.jpeg\" alt=\"\" width=\"225\" height=\"225\" srcset=\"https:\/\/www.uptos.edu.ve\/wp-content\/uploads\/2023\/06\/maltrato.jpeg 225w, https:\/\/www.uptos.edu.ve\/wp-content\/uploads\/2023\/06\/maltrato-100x100.jpeg 100w\" sizes=\"(max-width: 225px) 100vw, 225px\" \/><\/font><\/p>\n<p><font color=\"#000000\">El 19 de agosto de 1982, en su per\u00edodo extraordinario de sesiones de emergencia sobre la cuesti\u00f3n de Palestina, la Asamblea General, \u00abconsternada ante el gran n\u00famero de ni\u00f1os palestinos y libaneses que han sido v\u00edctimas inocentes de los actos de agresi\u00f3n de Israel\u00bb, decidi\u00f3 conmemorar, el 4 de junio de cada a\u00f1o, el D\u00eda Internacional de los ni\u00f1os v\u00edctimas inocentes de la agresi\u00f3n.<\/font><\/p>\n","protected":false},"excerpt":{"rendered":"<p>El 19 de agosto de 1982, en su per\u00edodo extraordinario de sesiones de emergencia sobre la cuesti\u00f3n de Palestina, la Asamblea General, \u00abconsternada ante el gran n\u00famero de ni\u00f1os palestinos&hellip;<\/p>\n","protected":false},"author":5,"featured_media":0,"template":"","meta":{"_monsterinsights_skip_tracking":false,"_monsterinsights_sitenote_active":false,"_monsterinsights_sitenote_note":"","_monsterinsights_sitenote_category":0,"_tribe_events_status":"","_tribe_events_status_reason":"","footnotes":""},"tags":[],"tribe_events_cat":[],"class_list":["post-9647","tribe_events","type-tribe_events","status-publish","hentry"],"yoast_head":"<!-- This site is optimized with the Yoast SEO plugin v27.4 - https:\/\/yoast.com\/product\/yoast-seo-wordpress\/ -->\n<title>D\u00cdA INTERNACIONAL DE LOS NI\u00d1OS V\u00cdCTIMAS INOCENTES DE AGRESI\u00d3N - UPTOS Clodosbaldo Russi\u00e1n<\/title>\n<meta name=\"robots\" content=\"index, follow, max-snippet:-1, max-image-preview:large, max-video-preview:-1\" \/>\n<link rel=\"canonical\" href=\"https:\/\/www.uptos.edu.ve\/?tribe_events=dia-internacional-de-los-ninos-victimas-inocentes-de-agresion\" \/>\n<meta property=\"og:locale\" content=\"es_ES\" \/>\n<meta property=\"og:type\" content=\"article\" \/>\n<meta property=\"og:title\" content=\"D\u00cdA INTERNACIONAL DE LOS NI\u00d1OS V\u00cdCTIMAS INOCENTES DE AGRESI\u00d3N - UPTOS Clodosbaldo Russi\u00e1n\" \/>\n<meta property=\"og:description\" content=\"El 19 de agosto de 1982, en su per\u00edodo extraordinario de sesiones de emergencia sobre la cuesti\u00f3n de Palestina, la Asamblea General, \u00abconsternada ante el gran n\u00famero de ni\u00f1os palestinos&hellip;\" \/>\n<meta property=\"og:url\" content=\"https:\/\/www.uptos.edu.ve\/?tribe_events=dia-internacional-de-los-ninos-victimas-inocentes-de-agresion\" \/>\n<meta property=\"og:site_name\" content=\"UPTOS Clodosbaldo Russi\u00e1n\" \/>\n<meta property=\"article:publisher\" content=\"https:\/\/www.facebook.com\/people\/UPTOS-Clodosbaldo-Russin\/100070891114831\/\" \/>\n<meta property=\"article:modified_time\" content=\"2023-06-09T15:19:01+00:00\" \/>\n<meta property=\"og:image\" content=\"https:\/\/wwwvz.uptos.edu.ve\/wp-content\/uploads\/2023\/06\/maltrato.jpeg\" \/>\n<meta name=\"twitter:card\" content=\"summary_large_image\" \/>\n<script type=\"application\/ld+json\" class=\"yoast-schema-graph\">{\"@context\":\"https:\\\/\\\/schema.org\",\"@graph\":[{\"@type\":\"WebPage\",\"@id\":\"https:\\\/\\\/www.uptos.edu.ve\\\/?tribe_events=dia-internacional-de-los-ninos-victimas-inocentes-de-agresion\",\"url\":\"https:\\\/\\\/www.uptos.edu.ve\\\/?tribe_events=dia-internacional-de-los-ninos-victimas-inocentes-de-agresion\",\"name\":\"D\u00cdA INTERNACIONAL DE LOS NI\u00d1OS V\u00cdCTIMAS INOCENTES DE AGRESI\u00d3N - UPTOS Clodosbaldo Russi\u00e1n\",\"isPartOf\":{\"@id\":\"\\\/#website\"},\"primaryImageOfPage\":{\"@id\":\"https:\\\/\\\/www.uptos.edu.ve\\\/?tribe_events=dia-internacional-de-los-ninos-victimas-inocentes-de-agresion#primaryimage\"},\"image\":{\"@id\":\"https:\\\/\\\/www.uptos.edu.ve\\\/?tribe_events=dia-internacional-de-los-ninos-victimas-inocentes-de-agresion#primaryimage\"},\"thumbnailUrl\":\"https:\\\/\\\/wwwvz.uptos.edu.ve\\\/wp-content\\\/uploads\\\/2023\\\/06\\\/maltrato.jpeg\",\"datePublished\":\"2023-06-09T15:17:14+00:00\",\"dateModified\":\"2023-06-09T15:19:01+00:00\",\"breadcrumb\":{\"@id\":\"https:\\\/\\\/www.uptos.edu.ve\\\/?tribe_events=dia-internacional-de-los-ninos-victimas-inocentes-de-agresion#breadcrumb\"},\"inLanguage\":\"es\",\"potentialAction\":[{\"@type\":\"ReadAction\",\"target\":[\"https:\\\/\\\/www.uptos.edu.ve\\\/?tribe_events=dia-internacional-de-los-ninos-victimas-inocentes-de-agresion\"]}]},{\"@type\":\"ImageObject\",\"inLanguage\":\"es\",\"@id\":\"https:\\\/\\\/www.uptos.edu.ve\\\/?tribe_events=dia-internacional-de-los-ninos-victimas-inocentes-de-agresion#primaryimage\",\"url\":\"https:\\\/\\\/wwwvz.uptos.edu.ve\\\/wp-content\\\/uploads\\\/2023\\\/06\\\/maltrato.jpeg\",\"contentUrl\":\"https:\\\/\\\/wwwvz.uptos.edu.ve\\\/wp-content\\\/uploads\\\/2023\\\/06\\\/maltrato.jpeg\"},{\"@type\":\"BreadcrumbList\",\"@id\":\"https:\\\/\\\/www.uptos.edu.ve\\\/?tribe_events=dia-internacional-de-los-ninos-victimas-inocentes-de-agresion#breadcrumb\",\"itemListElement\":[{\"@type\":\"ListItem\",\"position\":1,\"name\":\"Home\",\"item\":\"https:\\\/\\\/www.uptos.edu.ve\\\/\"},{\"@type\":\"ListItem\",\"position\":2,\"name\":\"Eventos\",\"item\":\"https:\\\/\\\/www.uptos.edu.ve\\\/?post_type=tribe_events\"},{\"@type\":\"ListItem\",\"position\":3,\"name\":\"D\u00cdA INTERNACIONAL DE LOS NI\u00d1OS V\u00cdCTIMAS INOCENTES DE AGRESI\u00d3N\"}]},{\"@type\":\"WebSite\",\"@id\":\"\\\/#website\",\"url\":\"\\\/\",\"name\":\"UPTOS Clodosbaldo Russi\u00e1n\",\"description\":\"Universidad Polit\u00e9cnica del Oeste de Sucre\",\"publisher\":{\"@id\":\"\\\/#organization\"},\"potentialAction\":[{\"@type\":\"SearchAction\",\"target\":{\"@type\":\"EntryPoint\",\"urlTemplate\":\"\\\/?s={search_term_string}\"},\"query-input\":{\"@type\":\"PropertyValueSpecification\",\"valueRequired\":true,\"valueName\":\"search_term_string\"}}],\"inLanguage\":\"es\"},{\"@type\":\"Organization\",\"@id\":\"\\\/#organization\",\"name\":\"UPTOS Clodosbaldo Russi\u00e1n\",\"url\":\"\\\/\",\"logo\":{\"@type\":\"ImageObject\",\"inLanguage\":\"es\",\"@id\":\"\\\/#\\\/schema\\\/logo\\\/image\\\/\",\"url\":\"https:\\\/\\\/www.uptos.edu.ve\\\/wp-content\\\/uploads\\\/2026\\\/02\\\/cropped-cropped-WhatsApp-Image-2026-02-11-at-10.17.38-PM-1.jpeg\",\"contentUrl\":\"https:\\\/\\\/www.uptos.edu.ve\\\/wp-content\\\/uploads\\\/2026\\\/02\\\/cropped-cropped-WhatsApp-Image-2026-02-11-at-10.17.38-PM-1.jpeg\",\"width\":1080,\"height\":73,\"caption\":\"UPTOS Clodosbaldo Russi\u00e1n\"},\"image\":{\"@id\":\"\\\/#\\\/schema\\\/logo\\\/image\\\/\"},\"sameAs\":[\"https:\\\/\\\/www.facebook.com\\\/people\\\/UPTOS-Clodosbaldo-Russin\\\/100070891114831\\\/\",\"http:\\\/\\\/instagram.com\\\/uptoscr_oficial\"]}]}<\/script>\n<!-- \/ Yoast SEO plugin. -->","yoast_head_json":{"title":"D\u00cdA INTERNACIONAL DE LOS NI\u00d1OS V\u00cdCTIMAS INOCENTES DE AGRESI\u00d3N - UPTOS Clodosbaldo Russi\u00e1n","robots":{"index":"index","follow":"follow","max-snippet":"max-snippet:-1","max-image-preview":"max-image-preview:large","max-video-preview":"max-video-preview:-1"},"canonical":"https:\/\/www.uptos.edu.ve\/?tribe_events=dia-internacional-de-los-ninos-victimas-inocentes-de-agresion","og_locale":"es_ES","og_type":"article","og_title":"D\u00cdA INTERNACIONAL DE LOS NI\u00d1OS V\u00cdCTIMAS INOCENTES DE AGRESI\u00d3N - UPTOS Clodosbaldo Russi\u00e1n","og_description":"El 19 de agosto de 1982, en su per\u00edodo extraordinario de sesiones de emergencia sobre la cuesti\u00f3n de Palestina, la Asamblea General, \u00abconsternada ante el gran n\u00famero de ni\u00f1os palestinos&hellip;","og_url":"https:\/\/www.uptos.edu.ve\/?tribe_events=dia-internacional-de-los-ninos-victimas-inocentes-de-agresion","og_site_name":"UPTOS Clodosbaldo Russi\u00e1n","article_publisher":"https:\/\/www.facebook.com\/people\/UPTOS-Clodosbaldo-Russin\/100070891114831\/","article_modified_time":"2023-06-09T15:19:01+00:00","og_image":[{"url":"https:\/\/wwwvz.uptos.edu.ve\/wp-content\/uploads\/2023\/06\/maltrato.jpeg","type":"","width":"","height":""}],"twitter_card":"summary_large_image","schema":{"@context":"https:\/\/schema.org","@graph":[{"@type":"WebPage","@id":"https:\/\/www.uptos.edu.ve\/?tribe_events=dia-internacional-de-los-ninos-victimas-inocentes-de-agresion","url":"https:\/\/www.uptos.edu.ve\/?tribe_events=dia-internacional-de-los-ninos-victimas-inocentes-de-agresion","name":"D\u00cdA INTERNACIONAL DE LOS NI\u00d1OS V\u00cdCTIMAS INOCENTES DE AGRESI\u00d3N - UPTOS Clodosbaldo Russi\u00e1n","isPartOf":{"@id":"\/#website"},"primaryImageOfPage":{"@id":"https:\/\/www.uptos.edu.ve\/?tribe_events=dia-internacional-de-los-ninos-victimas-inocentes-de-agresion#primaryimage"},"image":{"@id":"https:\/\/www.uptos.edu.ve\/?tribe_events=dia-internacional-de-los-ninos-victimas-inocentes-de-agresion#primaryimage"},"thumbnailUrl":"https:\/\/wwwvz.uptos.edu.ve\/wp-content\/uploads\/2023\/06\/maltrato.jpeg","datePublished":"2023-06-09T15:17:14+00:00","dateModified":"2023-06-09T15:19:01+00:00","breadcrumb":{"@id":"https:\/\/www.uptos.edu.ve\/?tribe_events=dia-internacional-de-los-ninos-victimas-inocentes-de-agresion#breadcrumb"},"inLanguage":"es","potentialAction":[{"@type":"ReadAction","target":["https:\/\/www.uptos.edu.ve\/?tribe_events=dia-internacional-de-los-ninos-victimas-inocentes-de-agresion"]}]},{"@type":"ImageObject","inLanguage":"es","@id":"https:\/\/www.uptos.edu.ve\/?tribe_events=dia-internacional-de-los-ninos-victimas-inocentes-de-agresion#primaryimage","url":"https:\/\/wwwvz.uptos.edu.ve\/wp-content\/uploads\/2023\/06\/maltrato.jpeg","contentUrl":"https:\/\/wwwvz.uptos.edu.ve\/wp-content\/uploads\/2023\/06\/maltrato.jpeg"},{"@type":"BreadcrumbList","@id":"https:\/\/www.uptos.edu.ve\/?tribe_events=dia-internacional-de-los-ninos-victimas-inocentes-de-agresion#breadcrumb","itemListElement":[{"@type":"ListItem","position":1,"name":"Home","item":"https:\/\/www.uptos.edu.ve\/"},{"@type":"ListItem","position":2,"name":"Eventos","item":"https:\/\/www.uptos.edu.ve\/?post_type=tribe_events"},{"@type":"ListItem","position":3,"name":"D\u00cdA INTERNACIONAL DE LOS NI\u00d1OS V\u00cdCTIMAS INOCENTES DE AGRESI\u00d3N"}]},{"@type":"WebSite","@id":"\/#website","url":"\/","name":"UPTOS Clodosbaldo Russi\u00e1n","description":"Universidad Polit\u00e9cnica del Oeste de Sucre","publisher":{"@id":"\/#organization"},"potentialAction":[{"@type":"SearchAction","target":{"@type":"EntryPoint","urlTemplate":"\/?s={search_term_string}"},"query-input":{"@type":"PropertyValueSpecification","valueRequired":true,"valueName":"search_term_string"}}],"inLanguage":"es"},{"@type":"Organization","@id":"\/#organization","name":"UPTOS Clodosbaldo Russi\u00e1n","url":"\/","logo":{"@type":"ImageObject","inLanguage":"es","@id":"\/#\/schema\/logo\/image\/","url":"https:\/\/www.uptos.edu.ve\/wp-content\/uploads\/2026\/02\/cropped-cropped-WhatsApp-Image-2026-02-11-at-10.17.38-PM-1.jpeg","contentUrl":"https:\/\/www.uptos.edu.ve\/wp-content\/uploads\/2026\/02\/cropped-cropped-WhatsApp-Image-2026-02-11-at-10.17.38-PM-1.jpeg","width":1080,"height":73,"caption":"UPTOS Clodosbaldo Russi\u00e1n"},"image":{"@id":"\/#\/schema\/logo\/image\/"},"sameAs":["https:\/\/www.facebook.com\/people\/UPTOS-Clodosbaldo-Russin\/100070891114831\/","http:\/\/instagram.com\/uptoscr_oficial"]}]}},"_links":{"self":[{"href":"https:\/\/www.uptos.edu.ve\/index.php?rest_route=\/wp\/v2\/tribe_events\/9647","targetHints":{"allow":["GET"]}}],"collection":[{"href":"https:\/\/www.uptos.edu.ve\/index.php?rest_route=\/wp\/v2\/tribe_events"}],"about":[{"href":"https:\/\/www.uptos.edu.ve\/index.php?rest_route=\/wp\/v2\/types\/tribe_events"}],"author":[{"embeddable":true,"href":"https:\/\/www.uptos.edu.ve\/index.php?rest_route=\/wp\/v2\/users\/5"}],"version-history":[{"count":0,"href":"https:\/\/www.uptos.edu.ve\/index.php?rest_route=\/wp\/v2\/tribe_events\/9647\/revisions"}],"wp:attachment":[{"href":"https:\/\/www.uptos.edu.ve\/index.php?rest_route=%2Fwp%2Fv2%2Fmedia&parent=9647"}],"wp:term":[{"taxonomy":"post_tag","embeddable":true,"href":"https:\/\/www.uptos.edu.ve\/index.php?rest_route=%2Fwp%2Fv2%2Ftags&post=9647"},{"taxonomy":"tribe_events_cat","embeddable":true,"href":"https:\/\/www.uptos.edu.ve\/index.php?rest_route=%2Fwp%2Fv2%2Ftribe_events_cat&post=9647"}],"curies":[{"name":"wp","href":"https:\/\/api.w.org\/{rel}","templated":true}]}}