{"id":14179,"date":"2024-05-09T12:15:03","date_gmt":"2024-05-09T16:15:03","guid":{"rendered":"https:\/\/www.uptos.edu.ve\/?post_type=tribe_events&#038;p=14179"},"modified":"2024-05-09T12:19:01","modified_gmt":"2024-05-09T16:19:01","slug":"clausura-el-ultimo-de-los-congresos-de-la-gran-colombia","status":"publish","type":"tribe_events","link":"https:\/\/www.uptos.edu.ve\/?tribe_events=clausura-el-ultimo-de-los-congresos-de-la-gran-colombia","title":{"rendered":"Clausura el \u00faltimo de los Congresos de la Gran Colombia"},"content":{"rendered":"<p style=\"text-align: justify;\"><span style=\"font-size: 12pt; color: #000000;\">Hace 194 a\u00f1os, el 10 de mayo de 1830, concluy\u00f3 en Bogot\u00e1 el \u00faltimo Congreso de la Gran Colombia, presidido por el Gran Mariscal de Ayacucho, Antonio Jos\u00e9 de Sucre. Convocado por Sim\u00f3n Bol\u00edvar en un intento por conciliar facciones y evitar la disoluci\u00f3n de la rep\u00fablica, el evento fue conocido como el Congreso Admirable. A pesar de los esfuerzos, las tensiones separatistas en Venezuela lideradas por Jos\u00e9 Antonio P\u00e1ez socavaron los intentos de reconciliaci\u00f3n. Bol\u00edvar renunci\u00f3 a la presidencia, y aunque se promulg\u00f3 una nueva constituci\u00f3n, la Gran Colombia no pudo ser preservada. Este d\u00eda conmemora un cap\u00edtulo crucial en la historia de la integraci\u00f3n sudamericana.<\/span><\/p>\n","protected":false},"excerpt":{"rendered":"<p>Hace 194 a\u00f1os, el 10 de mayo de 1830, concluy\u00f3 en Bogot\u00e1 el \u00faltimo Congreso de la Gran Colombia, presidido por el Gran Mariscal de Ayacucho, Antonio Jos\u00e9 de Sucre.&hellip;<\/p>\n","protected":false},"author":1,"featured_media":14180,"template":"","meta":{"_monsterinsights_skip_tracking":false,"_monsterinsights_sitenote_active":false,"_monsterinsights_sitenote_note":"","_monsterinsights_sitenote_category":0,"_tribe_events_status":"","_tribe_events_status_reason":"","footnotes":""},"tags":[],"tribe_events_cat":[],"class_list":["post-14179","tribe_events","type-tribe_events","status-publish","has-post-thumbnail","hentry"],"yoast_head":"<!-- This site is optimized with the Yoast SEO plugin v27.4 - https:\/\/yoast.com\/product\/yoast-seo-wordpress\/ -->\n<title>Clausura el \u00faltimo de los Congresos de la Gran Colombia - UPTOS Clodosbaldo Russi\u00e1n<\/title>\n<meta name=\"robots\" content=\"index, follow, max-snippet:-1, max-image-preview:large, max-video-preview:-1\" \/>\n<link rel=\"canonical\" href=\"https:\/\/www.uptos.edu.ve\/?tribe_events=clausura-el-ultimo-de-los-congresos-de-la-gran-colombia\" \/>\n<meta property=\"og:locale\" content=\"es_ES\" \/>\n<meta property=\"og:type\" content=\"article\" \/>\n<meta property=\"og:title\" content=\"Clausura el \u00faltimo de los Congresos de la Gran Colombia - UPTOS Clodosbaldo Russi\u00e1n\" \/>\n<meta property=\"og:description\" content=\"Hace 194 a\u00f1os, el 10 de mayo de 1830, concluy\u00f3 en Bogot\u00e1 el \u00faltimo Congreso de la Gran Colombia, presidido por el Gran Mariscal de Ayacucho, Antonio Jos\u00e9 de Sucre.&hellip;\" \/>\n<meta property=\"og:url\" content=\"https:\/\/www.uptos.edu.ve\/?tribe_events=clausura-el-ultimo-de-los-congresos-de-la-gran-colombia\" \/>\n<meta property=\"og:site_name\" content=\"UPTOS Clodosbaldo Russi\u00e1n\" \/>\n<meta property=\"article:publisher\" content=\"https:\/\/www.facebook.com\/people\/UPTOS-Clodosbaldo-Russin\/100070891114831\/\" \/>\n<meta property=\"article:modified_time\" content=\"2024-05-09T16:19:01+00:00\" \/>\n<meta property=\"og:image\" content=\"https:\/\/www.uptos.edu.ve\/wp-content\/uploads\/2024\/05\/congreso-de-angostura.jpg\" \/>\n\t<meta property=\"og:image:width\" content=\"1200\" \/>\n\t<meta property=\"og:image:height\" content=\"900\" \/>\n\t<meta property=\"og:image:type\" content=\"image\/jpeg\" \/>\n<meta name=\"twitter:card\" content=\"summary_large_image\" \/>\n<meta name=\"twitter:label1\" content=\"Tiempo estimado de lectura\" \/>\n\t<meta name=\"twitter:data1\" content=\"1 minuto\" \/>\n<script type=\"application\/ld+json\" class=\"yoast-schema-graph\">{\"@context\":\"https:\\\/\\\/schema.org\",\"@graph\":[{\"@type\":\"WebPage\",\"@id\":\"https:\\\/\\\/www.uptos.edu.ve\\\/?tribe_events=clausura-el-ultimo-de-los-congresos-de-la-gran-colombia\",\"url\":\"https:\\\/\\\/www.uptos.edu.ve\\\/?tribe_events=clausura-el-ultimo-de-los-congresos-de-la-gran-colombia\",\"name\":\"Clausura el \u00faltimo de los Congresos de la Gran Colombia - UPTOS Clodosbaldo Russi\u00e1n\",\"isPartOf\":{\"@id\":\"\\\/#website\"},\"primaryImageOfPage\":{\"@id\":\"https:\\\/\\\/www.uptos.edu.ve\\\/?tribe_events=clausura-el-ultimo-de-los-congresos-de-la-gran-colombia#primaryimage\"},\"image\":{\"@id\":\"https:\\\/\\\/www.uptos.edu.ve\\\/?tribe_events=clausura-el-ultimo-de-los-congresos-de-la-gran-colombia#primaryimage\"},\"thumbnailUrl\":\"https:\\\/\\\/www.uptos.edu.ve\\\/wp-content\\\/uploads\\\/2024\\\/05\\\/congreso-de-angostura.jpg\",\"datePublished\":\"2024-05-09T16:15:03+00:00\",\"dateModified\":\"2024-05-09T16:19:01+00:00\",\"breadcrumb\":{\"@id\":\"https:\\\/\\\/www.uptos.edu.ve\\\/?tribe_events=clausura-el-ultimo-de-los-congresos-de-la-gran-colombia#breadcrumb\"},\"inLanguage\":\"es\",\"potentialAction\":[{\"@type\":\"ReadAction\",\"target\":[\"https:\\\/\\\/www.uptos.edu.ve\\\/?tribe_events=clausura-el-ultimo-de-los-congresos-de-la-gran-colombia\"]}]},{\"@type\":\"ImageObject\",\"inLanguage\":\"es\",\"@id\":\"https:\\\/\\\/www.uptos.edu.ve\\\/?tribe_events=clausura-el-ultimo-de-los-congresos-de-la-gran-colombia#primaryimage\",\"url\":\"https:\\\/\\\/www.uptos.edu.ve\\\/wp-content\\\/uploads\\\/2024\\\/05\\\/congreso-de-angostura.jpg\",\"contentUrl\":\"https:\\\/\\\/www.uptos.edu.ve\\\/wp-content\\\/uploads\\\/2024\\\/05\\\/congreso-de-angostura.jpg\",\"width\":1200,\"height\":900},{\"@type\":\"BreadcrumbList\",\"@id\":\"https:\\\/\\\/www.uptos.edu.ve\\\/?tribe_events=clausura-el-ultimo-de-los-congresos-de-la-gran-colombia#breadcrumb\",\"itemListElement\":[{\"@type\":\"ListItem\",\"position\":1,\"name\":\"Home\",\"item\":\"https:\\\/\\\/www.uptos.edu.ve\\\/\"},{\"@type\":\"ListItem\",\"position\":2,\"name\":\"Eventos\",\"item\":\"https:\\\/\\\/www.uptos.edu.ve\\\/?post_type=tribe_events\"},{\"@type\":\"ListItem\",\"position\":3,\"name\":\"Clausura el \u00faltimo de los Congresos de la Gran Colombia\"}]},{\"@type\":\"WebSite\",\"@id\":\"\\\/#website\",\"url\":\"\\\/\",\"name\":\"UPTOS Clodosbaldo Russi\u00e1n\",\"description\":\"Universidad Polit\u00e9cnica del Oeste de Sucre\",\"publisher\":{\"@id\":\"\\\/#organization\"},\"potentialAction\":[{\"@type\":\"SearchAction\",\"target\":{\"@type\":\"EntryPoint\",\"urlTemplate\":\"\\\/?s={search_term_string}\"},\"query-input\":{\"@type\":\"PropertyValueSpecification\",\"valueRequired\":true,\"valueName\":\"search_term_string\"}}],\"inLanguage\":\"es\"},{\"@type\":\"Organization\",\"@id\":\"\\\/#organization\",\"name\":\"UPTOS Clodosbaldo Russi\u00e1n\",\"url\":\"\\\/\",\"logo\":{\"@type\":\"ImageObject\",\"inLanguage\":\"es\",\"@id\":\"\\\/#\\\/schema\\\/logo\\\/image\\\/\",\"url\":\"https:\\\/\\\/www.uptos.edu.ve\\\/wp-content\\\/uploads\\\/2026\\\/02\\\/cropped-cropped-WhatsApp-Image-2026-02-11-at-10.17.38-PM-1.jpeg\",\"contentUrl\":\"https:\\\/\\\/www.uptos.edu.ve\\\/wp-content\\\/uploads\\\/2026\\\/02\\\/cropped-cropped-WhatsApp-Image-2026-02-11-at-10.17.38-PM-1.jpeg\",\"width\":1080,\"height\":73,\"caption\":\"UPTOS Clodosbaldo Russi\u00e1n\"},\"image\":{\"@id\":\"\\\/#\\\/schema\\\/logo\\\/image\\\/\"},\"sameAs\":[\"https:\\\/\\\/www.facebook.com\\\/people\\\/UPTOS-Clodosbaldo-Russin\\\/100070891114831\\\/\",\"http:\\\/\\\/instagram.com\\\/uptoscr_oficial\"]}]}<\/script>\n<!-- \/ Yoast SEO plugin. -->","yoast_head_json":{"title":"Clausura el \u00faltimo de los Congresos de la Gran Colombia - UPTOS Clodosbaldo Russi\u00e1n","robots":{"index":"index","follow":"follow","max-snippet":"max-snippet:-1","max-image-preview":"max-image-preview:large","max-video-preview":"max-video-preview:-1"},"canonical":"https:\/\/www.uptos.edu.ve\/?tribe_events=clausura-el-ultimo-de-los-congresos-de-la-gran-colombia","og_locale":"es_ES","og_type":"article","og_title":"Clausura el \u00faltimo de los Congresos de la Gran Colombia - UPTOS Clodosbaldo Russi\u00e1n","og_description":"Hace 194 a\u00f1os, el 10 de mayo de 1830, concluy\u00f3 en Bogot\u00e1 el \u00faltimo Congreso de la Gran Colombia, presidido por el Gran Mariscal de Ayacucho, Antonio Jos\u00e9 de Sucre.&hellip;","og_url":"https:\/\/www.uptos.edu.ve\/?tribe_events=clausura-el-ultimo-de-los-congresos-de-la-gran-colombia","og_site_name":"UPTOS Clodosbaldo Russi\u00e1n","article_publisher":"https:\/\/www.facebook.com\/people\/UPTOS-Clodosbaldo-Russin\/100070891114831\/","article_modified_time":"2024-05-09T16:19:01+00:00","og_image":[{"width":1200,"height":900,"url":"https:\/\/www.uptos.edu.ve\/wp-content\/uploads\/2024\/05\/congreso-de-angostura.jpg","type":"image\/jpeg"}],"twitter_card":"summary_large_image","twitter_misc":{"Tiempo estimado de lectura":"1 minuto"},"schema":{"@context":"https:\/\/schema.org","@graph":[{"@type":"WebPage","@id":"https:\/\/www.uptos.edu.ve\/?tribe_events=clausura-el-ultimo-de-los-congresos-de-la-gran-colombia","url":"https:\/\/www.uptos.edu.ve\/?tribe_events=clausura-el-ultimo-de-los-congresos-de-la-gran-colombia","name":"Clausura el \u00faltimo de los Congresos de la Gran Colombia - UPTOS Clodosbaldo Russi\u00e1n","isPartOf":{"@id":"\/#website"},"primaryImageOfPage":{"@id":"https:\/\/www.uptos.edu.ve\/?tribe_events=clausura-el-ultimo-de-los-congresos-de-la-gran-colombia#primaryimage"},"image":{"@id":"https:\/\/www.uptos.edu.ve\/?tribe_events=clausura-el-ultimo-de-los-congresos-de-la-gran-colombia#primaryimage"},"thumbnailUrl":"https:\/\/www.uptos.edu.ve\/wp-content\/uploads\/2024\/05\/congreso-de-angostura.jpg","datePublished":"2024-05-09T16:15:03+00:00","dateModified":"2024-05-09T16:19:01+00:00","breadcrumb":{"@id":"https:\/\/www.uptos.edu.ve\/?tribe_events=clausura-el-ultimo-de-los-congresos-de-la-gran-colombia#breadcrumb"},"inLanguage":"es","potentialAction":[{"@type":"ReadAction","target":["https:\/\/www.uptos.edu.ve\/?tribe_events=clausura-el-ultimo-de-los-congresos-de-la-gran-colombia"]}]},{"@type":"ImageObject","inLanguage":"es","@id":"https:\/\/www.uptos.edu.ve\/?tribe_events=clausura-el-ultimo-de-los-congresos-de-la-gran-colombia#primaryimage","url":"https:\/\/www.uptos.edu.ve\/wp-content\/uploads\/2024\/05\/congreso-de-angostura.jpg","contentUrl":"https:\/\/www.uptos.edu.ve\/wp-content\/uploads\/2024\/05\/congreso-de-angostura.jpg","width":1200,"height":900},{"@type":"BreadcrumbList","@id":"https:\/\/www.uptos.edu.ve\/?tribe_events=clausura-el-ultimo-de-los-congresos-de-la-gran-colombia#breadcrumb","itemListElement":[{"@type":"ListItem","position":1,"name":"Home","item":"https:\/\/www.uptos.edu.ve\/"},{"@type":"ListItem","position":2,"name":"Eventos","item":"https:\/\/www.uptos.edu.ve\/?post_type=tribe_events"},{"@type":"ListItem","position":3,"name":"Clausura el \u00faltimo de los Congresos de la Gran Colombia"}]},{"@type":"WebSite","@id":"\/#website","url":"\/","name":"UPTOS Clodosbaldo Russi\u00e1n","description":"Universidad Polit\u00e9cnica del Oeste de Sucre","publisher":{"@id":"\/#organization"},"potentialAction":[{"@type":"SearchAction","target":{"@type":"EntryPoint","urlTemplate":"\/?s={search_term_string}"},"query-input":{"@type":"PropertyValueSpecification","valueRequired":true,"valueName":"search_term_string"}}],"inLanguage":"es"},{"@type":"Organization","@id":"\/#organization","name":"UPTOS Clodosbaldo Russi\u00e1n","url":"\/","logo":{"@type":"ImageObject","inLanguage":"es","@id":"\/#\/schema\/logo\/image\/","url":"https:\/\/www.uptos.edu.ve\/wp-content\/uploads\/2026\/02\/cropped-cropped-WhatsApp-Image-2026-02-11-at-10.17.38-PM-1.jpeg","contentUrl":"https:\/\/www.uptos.edu.ve\/wp-content\/uploads\/2026\/02\/cropped-cropped-WhatsApp-Image-2026-02-11-at-10.17.38-PM-1.jpeg","width":1080,"height":73,"caption":"UPTOS Clodosbaldo Russi\u00e1n"},"image":{"@id":"\/#\/schema\/logo\/image\/"},"sameAs":["https:\/\/www.facebook.com\/people\/UPTOS-Clodosbaldo-Russin\/100070891114831\/","http:\/\/instagram.com\/uptoscr_oficial"]}]}},"_links":{"self":[{"href":"https:\/\/www.uptos.edu.ve\/index.php?rest_route=\/wp\/v2\/tribe_events\/14179","targetHints":{"allow":["GET"]}}],"collection":[{"href":"https:\/\/www.uptos.edu.ve\/index.php?rest_route=\/wp\/v2\/tribe_events"}],"about":[{"href":"https:\/\/www.uptos.edu.ve\/index.php?rest_route=\/wp\/v2\/types\/tribe_events"}],"author":[{"embeddable":true,"href":"https:\/\/www.uptos.edu.ve\/index.php?rest_route=\/wp\/v2\/users\/1"}],"version-history":[{"count":2,"href":"https:\/\/www.uptos.edu.ve\/index.php?rest_route=\/wp\/v2\/tribe_events\/14179\/revisions"}],"predecessor-version":[{"id":14182,"href":"https:\/\/www.uptos.edu.ve\/index.php?rest_route=\/wp\/v2\/tribe_events\/14179\/revisions\/14182"}],"wp:featuredmedia":[{"embeddable":true,"href":"https:\/\/www.uptos.edu.ve\/index.php?rest_route=\/wp\/v2\/media\/14180"}],"wp:attachment":[{"href":"https:\/\/www.uptos.edu.ve\/index.php?rest_route=%2Fwp%2Fv2%2Fmedia&parent=14179"}],"wp:term":[{"taxonomy":"post_tag","embeddable":true,"href":"https:\/\/www.uptos.edu.ve\/index.php?rest_route=%2Fwp%2Fv2%2Ftags&post=14179"},{"taxonomy":"tribe_events_cat","embeddable":true,"href":"https:\/\/www.uptos.edu.ve\/index.php?rest_route=%2Fwp%2Fv2%2Ftribe_events_cat&post=14179"}],"curies":[{"name":"wp","href":"https:\/\/api.w.org\/{rel}","templated":true}]}}