{"id":13106,"date":"2024-02-29T11:30:14","date_gmt":"2024-02-29T15:30:14","guid":{"rendered":"https:\/\/www.uptos.edu.ve\/?post_type=tribe_events&#038;p=13106"},"modified":"2024-02-29T11:33:23","modified_gmt":"2024-02-29T15:33:23","slug":"28-de-marzo-natalicio-de-francisco-de-miranda","status":"publish","type":"tribe_events","link":"https:\/\/www.uptos.edu.ve\/?tribe_events=28-de-marzo-natalicio-de-francisco-de-miranda","title":{"rendered":"28 de marzo: Natalicio de Francisco de Miranda."},"content":{"rendered":"<p style=\"text-align: justify;\"><span style=\"font-size: 12pt; font-family: arial, helvetica, sans-serif; color: #000000;\"><strong>Sebasti\u00e1n Francisco de Miranda y Rodr\u00edguez Espinoza<\/strong> (<a style=\"color: #000000;\" href=\"https:\/\/es.wikipedia.org\/wiki\/Caracas\">Caracas<\/a>, 28 de marzo de 1750-<a style=\"color: #000000;\" href=\"https:\/\/es.wikipedia.org\/wiki\/San_Fernando_(C%C3%A1diz)\">San Fernando<\/a>, 14 de julio de 1816), conocido como <strong>Francisco de Miranda<\/strong>, fue un <a style=\"color: #000000;\" href=\"https:\/\/es.wikipedia.org\/wiki\/Pol%C3%ADtico\">pol\u00edtico<\/a>, <a style=\"color: #000000;\" href=\"https:\/\/es.wikipedia.org\/wiki\/Militar\">militar<\/a>, <a style=\"color: #000000;\" href=\"https:\/\/es.wikipedia.org\/wiki\/Diplom%C3%A1tico\">diplom\u00e1tico<\/a>, <a style=\"color: #000000;\" href=\"https:\/\/es.wikipedia.org\/wiki\/Escritor\">escritor<\/a>, <a style=\"color: #000000;\" href=\"https:\/\/es.wikipedia.org\/wiki\/Humanista\">humanista<\/a> e <a style=\"color: #000000;\" href=\"https:\/\/es.wikipedia.org\/wiki\/Ide%C3%B3logo\">ide\u00f3logo<\/a> <a style=\"color: #000000;\" href=\"https:\/\/es.wikipedia.org\/wiki\/Venezolano\">venezolano<\/a>, considerado como el precursor de la <a style=\"color: #000000;\" href=\"https:\/\/es.wikipedia.org\/wiki\/Emancipaci%C3%B3n_americana\">emancipaci\u00f3n americana<\/a> contra el <a style=\"color: #000000;\" href=\"https:\/\/es.wikipedia.org\/wiki\/Imperio_espa%C3%B1ol\">Imperio espa\u00f1ol<\/a>. Conocido como \u00abel primer venezolano universal\u00bb y \u00abel americano m\u00e1s universal\u00bb, particip\u00f3 en la <a style=\"color: #000000;\" href=\"https:\/\/es.wikipedia.org\/wiki\/Revoluci%C3%B3n_de_las_Trece_Colonias\">Revoluci\u00f3n estadounidense<\/a> y en la <a style=\"color: #000000;\" href=\"https:\/\/es.wikipedia.org\/wiki\/Revoluci%C3%B3n_francesa\">Revoluci\u00f3n francesa<\/a>, acontecimientos donde fue protagonista destacado por lo que le fue otorgado el t\u00edtulo de h\u00e9roe de la revoluci\u00f3n. Posteriormente fue l\u00edder del bando patriota en la <a style=\"color: #000000;\" href=\"https:\/\/es.wikipedia.org\/wiki\/Guerra_de_Independencia_de_Venezuela\">Guerra de Independencia de Venezuela<\/a>.<\/span><\/p>\n<p style=\"text-align: justify;\"><span style=\"font-size: 12pt; font-family: arial, helvetica, sans-serif; color: #000000;\">Destac\u00f3 en la <a style=\"color: #000000;\" href=\"https:\/\/es.wikipedia.org\/wiki\/Pol%C3%ADtica\">pol\u00edtica<\/a> como un firme defensor de la independencia y la soberan\u00eda de las naciones en el \u00e1mbito internacional. Milit\u00f3 con los <a style=\"color: #000000;\" href=\"https:\/\/es.wikipedia.org\/wiki\/Girondino\">girondinos<\/a> en <a style=\"color: #000000;\" href=\"https:\/\/es.wikipedia.org\/wiki\/Francia\">Francia<\/a>, fue firmante del <a style=\"color: #000000;\" href=\"https:\/\/es.wikipedia.org\/wiki\/Acta_de_la_Declaraci%C3%B3n_de_Independencia_de_Venezuela\">Acta de la Declaraci\u00f3n de Independencia de Venezuela<\/a> e impulsor y l\u00edder de la <a style=\"color: #000000;\" href=\"https:\/\/es.wikipedia.org\/wiki\/Sociedad_Patri%C3%B3tica_(Venezuela)\">Sociedad Patri\u00f3tica<\/a>. Tambi\u00e9n fue el creador del proyecto <a style=\"color: #000000;\" href=\"https:\/\/es.wikipedia.org\/wiki\/Geopol%C3%ADtico\">geopol\u00edtico<\/a> conocido como <a style=\"color: #000000;\" href=\"https:\/\/es.wikipedia.org\/wiki\/Colombeia_(naci%C3%B3n)\">Colombeia o Colombia<\/a>, lo cual <a style=\"color: #000000;\" href=\"https:\/\/es.wikipedia.org\/wiki\/Sim%C3%B3n_Bol%C3%ADvar\">Sim\u00f3n Bol\u00edvar<\/a> tratar\u00eda de llevar a cabo en 1826, tras la liberaci\u00f3n de los territorios que hoy conforman <a style=\"color: #000000;\" href=\"https:\/\/es.wikipedia.org\/wiki\/Colombia\">Colombia<\/a>, <a style=\"color: #000000;\" href=\"https:\/\/es.wikipedia.org\/wiki\/Panam%C3%A1\">Panam\u00e1<\/a>, <a style=\"color: #000000;\" href=\"https:\/\/es.wikipedia.org\/wiki\/Ecuador\">Ecuador<\/a> y <a style=\"color: #000000;\" href=\"https:\/\/es.wikipedia.org\/wiki\/Venezuela\">Venezuela<\/a>, para unificarlos en la naci\u00f3n de la <a style=\"color: #000000;\" href=\"https:\/\/es.wikipedia.org\/wiki\/Gran_Colombia\">Rep\u00fablica de Colombia<\/a>.<\/span><\/p>\n<p style=\"text-align: justify;\"><span style=\"font-size: 12pt; font-family: arial, helvetica, sans-serif; color: #000000;\">Al militar en las filas de los ej\u00e9rcitos <a style=\"color: #000000;\" href=\"https:\/\/es.wikipedia.org\/wiki\/Ej%C3%A9rcito_Espa%C3%B1ol\">espa\u00f1ol<\/a> y <a style=\"color: #000000;\" href=\"https:\/\/es.wikipedia.org\/wiki\/Ej%C3%A9rcito_Franc%C3%A9s\">franc\u00e9s<\/a> alcanz\u00f3 los rangos de <a style=\"color: #000000;\" href=\"https:\/\/es.wikipedia.org\/wiki\/Coronel\">coronel<\/a> y <a style=\"color: #000000;\" href=\"https:\/\/es.wikipedia.org\/wiki\/Mariscal\">mariscal<\/a>, respectivamente. Adem\u00e1s, obtuvo el grado de <a style=\"color: #000000;\" href=\"https:\/\/es.wikipedia.org\/wiki\/Coronel\">coronel<\/a> en el <a style=\"color: #000000;\" href=\"https:\/\/es.wikipedia.org\/wiki\/Ej%C3%A9rcito_ruso\">ej\u00e9rcito ruso<\/a>, concedido por <a style=\"color: #000000;\" href=\"https:\/\/es.wikipedia.org\/wiki\/Catalina_II_la_Grande\">Catalina II la Grande<\/a>, y fue el primer <a style=\"color: #000000;\" href=\"https:\/\/es.wikipedia.org\/wiki\/Fuerzas_Armadas_de_Venezuela\">comandante en jefe de los ej\u00e9rcitos venezolanos<\/a>, ostentando el t\u00edtulo de <a style=\"color: #000000;\" href=\"https:\/\/es.wikipedia.org\/wiki\/General%C3%ADsimo\">general\u00edsimo<\/a>. Su carrera militar contempla su participaci\u00f3n en cuatro contiendas: el <a style=\"color: #000000;\" href=\"https:\/\/es.wikipedia.org\/wiki\/Sitio_de_Melilla_(1774-1775)\">sitio de Melilla (1774-1775)<\/a> y la <a style=\"color: #000000;\" href=\"https:\/\/es.wikipedia.org\/wiki\/Invasi%C3%B3n_espa%C3%B1ola_de_Argel_de_1775\">invasi\u00f3n espa\u00f1ola de Argel de 1775<\/a> en el norte de \u00c1frica, la <a style=\"color: #000000;\" href=\"https:\/\/es.wikipedia.org\/wiki\/Guerra_de_independencia_estadounidense\">guerra de independencia estadounidense<\/a>, las <a style=\"color: #000000;\" href=\"https:\/\/es.wikipedia.org\/wiki\/Guerras_revolucionarias_francesas\">guerras revolucionarias francesas<\/a> y la <a style=\"color: #000000;\" href=\"https:\/\/es.wikipedia.org\/wiki\/Guerra_de_independencia_de_Venezuela\">guerra de independencia de Venezuela<\/a>. Entre sus gestas militares destacan su actuaci\u00f3n en el sitio de Melilla, la <a style=\"color: #000000;\" href=\"https:\/\/es.wikipedia.org\/wiki\/Batalla_de_Pensacola\">batalla de Pensacola<\/a> en Estados Unidos y la <a style=\"color: #000000;\" href=\"https:\/\/es.wikipedia.org\/wiki\/Batalla_de_Valmy\">batalla de Valmy<\/a> en Francia. Miranda fue combatiente destacado en tres continentes: <a style=\"color: #000000;\" href=\"https:\/\/es.wikipedia.org\/wiki\/%C3%81frica\">\u00c1frica<\/a>, <a style=\"color: #000000;\" href=\"https:\/\/es.wikipedia.org\/wiki\/Am%C3%A9rica\">Am\u00e9rica<\/a> y <a style=\"color: #000000;\" href=\"https:\/\/es.wikipedia.org\/wiki\/Europa\">Europa<\/a>.<\/span><\/p>\n<p style=\"text-align: justify;\"><span style=\"font-size: 12pt; font-family: arial, helvetica, sans-serif; color: #000000;\">A pesar de haber formado parte de tantos procesos revolucionarios y gubernamentales en el \u00e1mbito internacional, fracas\u00f3 a la hora de poner en pr\u00e1ctica sus proyectos en su propio pa\u00eds, <a style=\"color: #000000;\" href=\"https:\/\/es.wikipedia.org\/wiki\/Venezuela\">Venezuela<\/a>. No obstante, su ideal <a style=\"color: #000000;\" href=\"https:\/\/es.wikipedia.org\/wiki\/Pol%C3%ADtico\">pol\u00edtico<\/a> perdur\u00f3 en el tiempo y sirvi\u00f3 de base para la fundaci\u00f3n de la <a style=\"color: #000000;\" href=\"https:\/\/es.wikipedia.org\/wiki\/Gran_Colombia\">Gran Colombia<\/a>, mientras que sus ideas independentistas influyeron en destacados l\u00edderes de la emancipaci\u00f3n americana como <a style=\"color: #000000;\" href=\"https:\/\/es.wikipedia.org\/wiki\/Sim%C3%B3n_Bol%C3%ADvar\">Sim\u00f3n Bol\u00edvar<\/a> en Venezuela y <a style=\"color: #000000;\" href=\"https:\/\/es.wikipedia.org\/wiki\/Bernardo_O%27Higgins\">Bernardo O&#8217;Higgins<\/a> en Chile.<\/span><\/p>\n<p style=\"text-align: justify;\"><span style=\"font-size: 12pt; font-family: arial, helvetica, sans-serif; color: #000000;\">Su nombre est\u00e1 grabado en el <a style=\"color: #000000;\" href=\"https:\/\/es.wikipedia.org\/wiki\/Arco_del_Triunfo_de_Par%C3%ADs\">Arco del Triunfo de Par\u00eds<\/a>, su retrato forma parte de la Galer\u00eda de los Personajes en el <a style=\"color: #000000;\" href=\"https:\/\/es.wikipedia.org\/wiki\/Palacio_de_Versalles\">Palacio de Versalles<\/a> y su estatua se encuentra frente a la del <a style=\"color: #000000;\" href=\"https:\/\/es.wikipedia.org\/wiki\/General\">general<\/a> <a style=\"color: #000000;\" href=\"https:\/\/es.wikipedia.org\/wiki\/Fran%C3%A7ois_Christophe_Kellermann\">Kellerman<\/a> en el Campo de <a style=\"color: #000000;\" href=\"https:\/\/es.wikipedia.org\/wiki\/Valmy\">Valmy<\/a>, <a style=\"color: #000000;\" href=\"https:\/\/es.wikipedia.org\/wiki\/Francia\">Francia<\/a>.<\/span><\/p>\n<p><span style=\"font-size: 12pt; font-family: arial, helvetica, sans-serif; color: #000000;\">Fuente: Wikipedia<\/span><\/p>\n<p>&nbsp;<\/p>\n","protected":false},"excerpt":{"rendered":"<p>Sebasti\u00e1n Francisco de Miranda y Rodr\u00edguez Espinoza (Caracas, 28 de marzo de 1750-San Fernando, 14 de julio de 1816), conocido como Francisco de Miranda, fue un pol\u00edtico, militar, diplom\u00e1tico, escritor,&hellip;<\/p>\n","protected":false},"author":1,"featured_media":13107,"template":"","meta":{"_monsterinsights_skip_tracking":false,"_monsterinsights_sitenote_active":false,"_monsterinsights_sitenote_note":"","_monsterinsights_sitenote_category":0,"_tribe_events_status":"","_tribe_events_status_reason":"","footnotes":""},"tags":[],"tribe_events_cat":[],"class_list":["post-13106","tribe_events","type-tribe_events","status-publish","has-post-thumbnail","hentry"],"yoast_head":"<!-- This site is optimized with the Yoast SEO plugin v27.4 - https:\/\/yoast.com\/product\/yoast-seo-wordpress\/ -->\n<title>28 de marzo: Natalicio de Francisco de Miranda. - UPTOS Clodosbaldo Russi\u00e1n<\/title>\n<meta name=\"robots\" content=\"index, follow, max-snippet:-1, max-image-preview:large, max-video-preview:-1\" \/>\n<link rel=\"canonical\" href=\"https:\/\/www.uptos.edu.ve\/?tribe_events=28-de-marzo-natalicio-de-francisco-de-miranda\" \/>\n<meta property=\"og:locale\" content=\"es_ES\" \/>\n<meta property=\"og:type\" content=\"article\" \/>\n<meta property=\"og:title\" content=\"28 de marzo: Natalicio de Francisco de Miranda. - UPTOS Clodosbaldo Russi\u00e1n\" \/>\n<meta property=\"og:description\" content=\"Sebasti\u00e1n Francisco de Miranda y Rodr\u00edguez Espinoza (Caracas, 28 de marzo de 1750-San Fernando, 14 de julio de 1816), conocido como Francisco de Miranda, fue un pol\u00edtico, militar, diplom\u00e1tico, escritor,&hellip;\" \/>\n<meta property=\"og:url\" content=\"https:\/\/www.uptos.edu.ve\/?tribe_events=28-de-marzo-natalicio-de-francisco-de-miranda\" \/>\n<meta property=\"og:site_name\" content=\"UPTOS Clodosbaldo Russi\u00e1n\" \/>\n<meta property=\"article:publisher\" content=\"https:\/\/www.facebook.com\/people\/UPTOS-Clodosbaldo-Russin\/100070891114831\/\" \/>\n<meta property=\"article:modified_time\" content=\"2024-02-29T15:33:23+00:00\" \/>\n<meta property=\"og:image\" content=\"https:\/\/www.uptos.edu.ve\/wp-content\/uploads\/2024\/02\/Francisco-de-Miranda.jpeg\" \/>\n\t<meta property=\"og:image:width\" content=\"394\" \/>\n\t<meta property=\"og:image:height\" content=\"270\" \/>\n\t<meta property=\"og:image:type\" content=\"image\/jpeg\" \/>\n<meta name=\"twitter:card\" content=\"summary_large_image\" \/>\n<meta name=\"twitter:label1\" content=\"Tiempo estimado de lectura\" \/>\n\t<meta name=\"twitter:data1\" content=\"3 minutos\" \/>\n<script type=\"application\/ld+json\" class=\"yoast-schema-graph\">{\"@context\":\"https:\\\/\\\/schema.org\",\"@graph\":[{\"@type\":\"WebPage\",\"@id\":\"https:\\\/\\\/www.uptos.edu.ve\\\/?tribe_events=28-de-marzo-natalicio-de-francisco-de-miranda\",\"url\":\"https:\\\/\\\/www.uptos.edu.ve\\\/?tribe_events=28-de-marzo-natalicio-de-francisco-de-miranda\",\"name\":\"28 de marzo: Natalicio de Francisco de Miranda. - UPTOS Clodosbaldo Russi\u00e1n\",\"isPartOf\":{\"@id\":\"\\\/#website\"},\"primaryImageOfPage\":{\"@id\":\"https:\\\/\\\/www.uptos.edu.ve\\\/?tribe_events=28-de-marzo-natalicio-de-francisco-de-miranda#primaryimage\"},\"image\":{\"@id\":\"https:\\\/\\\/www.uptos.edu.ve\\\/?tribe_events=28-de-marzo-natalicio-de-francisco-de-miranda#primaryimage\"},\"thumbnailUrl\":\"https:\\\/\\\/www.uptos.edu.ve\\\/wp-content\\\/uploads\\\/2024\\\/02\\\/Francisco-de-Miranda.jpeg\",\"datePublished\":\"2024-02-29T15:30:14+00:00\",\"dateModified\":\"2024-02-29T15:33:23+00:00\",\"breadcrumb\":{\"@id\":\"https:\\\/\\\/www.uptos.edu.ve\\\/?tribe_events=28-de-marzo-natalicio-de-francisco-de-miranda#breadcrumb\"},\"inLanguage\":\"es\",\"potentialAction\":[{\"@type\":\"ReadAction\",\"target\":[\"https:\\\/\\\/www.uptos.edu.ve\\\/?tribe_events=28-de-marzo-natalicio-de-francisco-de-miranda\"]}]},{\"@type\":\"ImageObject\",\"inLanguage\":\"es\",\"@id\":\"https:\\\/\\\/www.uptos.edu.ve\\\/?tribe_events=28-de-marzo-natalicio-de-francisco-de-miranda#primaryimage\",\"url\":\"https:\\\/\\\/www.uptos.edu.ve\\\/wp-content\\\/uploads\\\/2024\\\/02\\\/Francisco-de-Miranda.jpeg\",\"contentUrl\":\"https:\\\/\\\/www.uptos.edu.ve\\\/wp-content\\\/uploads\\\/2024\\\/02\\\/Francisco-de-Miranda.jpeg\",\"width\":394,\"height\":270},{\"@type\":\"BreadcrumbList\",\"@id\":\"https:\\\/\\\/www.uptos.edu.ve\\\/?tribe_events=28-de-marzo-natalicio-de-francisco-de-miranda#breadcrumb\",\"itemListElement\":[{\"@type\":\"ListItem\",\"position\":1,\"name\":\"Home\",\"item\":\"https:\\\/\\\/www.uptos.edu.ve\\\/\"},{\"@type\":\"ListItem\",\"position\":2,\"name\":\"Eventos\",\"item\":\"https:\\\/\\\/www.uptos.edu.ve\\\/?post_type=tribe_events\"},{\"@type\":\"ListItem\",\"position\":3,\"name\":\"28 de marzo: Natalicio de Francisco de Miranda.\"}]},{\"@type\":\"WebSite\",\"@id\":\"\\\/#website\",\"url\":\"\\\/\",\"name\":\"UPTOS Clodosbaldo Russi\u00e1n\",\"description\":\"Universidad Polit\u00e9cnica del Oeste de Sucre\",\"publisher\":{\"@id\":\"\\\/#organization\"},\"potentialAction\":[{\"@type\":\"SearchAction\",\"target\":{\"@type\":\"EntryPoint\",\"urlTemplate\":\"\\\/?s={search_term_string}\"},\"query-input\":{\"@type\":\"PropertyValueSpecification\",\"valueRequired\":true,\"valueName\":\"search_term_string\"}}],\"inLanguage\":\"es\"},{\"@type\":\"Organization\",\"@id\":\"\\\/#organization\",\"name\":\"UPTOS Clodosbaldo Russi\u00e1n\",\"url\":\"\\\/\",\"logo\":{\"@type\":\"ImageObject\",\"inLanguage\":\"es\",\"@id\":\"\\\/#\\\/schema\\\/logo\\\/image\\\/\",\"url\":\"https:\\\/\\\/www.uptos.edu.ve\\\/wp-content\\\/uploads\\\/2026\\\/02\\\/cropped-cropped-WhatsApp-Image-2026-02-11-at-10.17.38-PM-1.jpeg\",\"contentUrl\":\"https:\\\/\\\/www.uptos.edu.ve\\\/wp-content\\\/uploads\\\/2026\\\/02\\\/cropped-cropped-WhatsApp-Image-2026-02-11-at-10.17.38-PM-1.jpeg\",\"width\":1080,\"height\":73,\"caption\":\"UPTOS Clodosbaldo Russi\u00e1n\"},\"image\":{\"@id\":\"\\\/#\\\/schema\\\/logo\\\/image\\\/\"},\"sameAs\":[\"https:\\\/\\\/www.facebook.com\\\/people\\\/UPTOS-Clodosbaldo-Russin\\\/100070891114831\\\/\",\"http:\\\/\\\/instagram.com\\\/uptoscr_oficial\"]}]}<\/script>\n<!-- \/ Yoast SEO plugin. -->","yoast_head_json":{"title":"28 de marzo: Natalicio de Francisco de Miranda. - UPTOS Clodosbaldo Russi\u00e1n","robots":{"index":"index","follow":"follow","max-snippet":"max-snippet:-1","max-image-preview":"max-image-preview:large","max-video-preview":"max-video-preview:-1"},"canonical":"https:\/\/www.uptos.edu.ve\/?tribe_events=28-de-marzo-natalicio-de-francisco-de-miranda","og_locale":"es_ES","og_type":"article","og_title":"28 de marzo: Natalicio de Francisco de Miranda. - UPTOS Clodosbaldo Russi\u00e1n","og_description":"Sebasti\u00e1n Francisco de Miranda y Rodr\u00edguez Espinoza (Caracas, 28 de marzo de 1750-San Fernando, 14 de julio de 1816), conocido como Francisco de Miranda, fue un pol\u00edtico, militar, diplom\u00e1tico, escritor,&hellip;","og_url":"https:\/\/www.uptos.edu.ve\/?tribe_events=28-de-marzo-natalicio-de-francisco-de-miranda","og_site_name":"UPTOS Clodosbaldo Russi\u00e1n","article_publisher":"https:\/\/www.facebook.com\/people\/UPTOS-Clodosbaldo-Russin\/100070891114831\/","article_modified_time":"2024-02-29T15:33:23+00:00","og_image":[{"width":394,"height":270,"url":"https:\/\/www.uptos.edu.ve\/wp-content\/uploads\/2024\/02\/Francisco-de-Miranda.jpeg","type":"image\/jpeg"}],"twitter_card":"summary_large_image","twitter_misc":{"Tiempo estimado de lectura":"3 minutos"},"schema":{"@context":"https:\/\/schema.org","@graph":[{"@type":"WebPage","@id":"https:\/\/www.uptos.edu.ve\/?tribe_events=28-de-marzo-natalicio-de-francisco-de-miranda","url":"https:\/\/www.uptos.edu.ve\/?tribe_events=28-de-marzo-natalicio-de-francisco-de-miranda","name":"28 de marzo: Natalicio de Francisco de Miranda. - UPTOS Clodosbaldo Russi\u00e1n","isPartOf":{"@id":"\/#website"},"primaryImageOfPage":{"@id":"https:\/\/www.uptos.edu.ve\/?tribe_events=28-de-marzo-natalicio-de-francisco-de-miranda#primaryimage"},"image":{"@id":"https:\/\/www.uptos.edu.ve\/?tribe_events=28-de-marzo-natalicio-de-francisco-de-miranda#primaryimage"},"thumbnailUrl":"https:\/\/www.uptos.edu.ve\/wp-content\/uploads\/2024\/02\/Francisco-de-Miranda.jpeg","datePublished":"2024-02-29T15:30:14+00:00","dateModified":"2024-02-29T15:33:23+00:00","breadcrumb":{"@id":"https:\/\/www.uptos.edu.ve\/?tribe_events=28-de-marzo-natalicio-de-francisco-de-miranda#breadcrumb"},"inLanguage":"es","potentialAction":[{"@type":"ReadAction","target":["https:\/\/www.uptos.edu.ve\/?tribe_events=28-de-marzo-natalicio-de-francisco-de-miranda"]}]},{"@type":"ImageObject","inLanguage":"es","@id":"https:\/\/www.uptos.edu.ve\/?tribe_events=28-de-marzo-natalicio-de-francisco-de-miranda#primaryimage","url":"https:\/\/www.uptos.edu.ve\/wp-content\/uploads\/2024\/02\/Francisco-de-Miranda.jpeg","contentUrl":"https:\/\/www.uptos.edu.ve\/wp-content\/uploads\/2024\/02\/Francisco-de-Miranda.jpeg","width":394,"height":270},{"@type":"BreadcrumbList","@id":"https:\/\/www.uptos.edu.ve\/?tribe_events=28-de-marzo-natalicio-de-francisco-de-miranda#breadcrumb","itemListElement":[{"@type":"ListItem","position":1,"name":"Home","item":"https:\/\/www.uptos.edu.ve\/"},{"@type":"ListItem","position":2,"name":"Eventos","item":"https:\/\/www.uptos.edu.ve\/?post_type=tribe_events"},{"@type":"ListItem","position":3,"name":"28 de marzo: Natalicio de Francisco de Miranda."}]},{"@type":"WebSite","@id":"\/#website","url":"\/","name":"UPTOS Clodosbaldo Russi\u00e1n","description":"Universidad Polit\u00e9cnica del Oeste de Sucre","publisher":{"@id":"\/#organization"},"potentialAction":[{"@type":"SearchAction","target":{"@type":"EntryPoint","urlTemplate":"\/?s={search_term_string}"},"query-input":{"@type":"PropertyValueSpecification","valueRequired":true,"valueName":"search_term_string"}}],"inLanguage":"es"},{"@type":"Organization","@id":"\/#organization","name":"UPTOS Clodosbaldo Russi\u00e1n","url":"\/","logo":{"@type":"ImageObject","inLanguage":"es","@id":"\/#\/schema\/logo\/image\/","url":"https:\/\/www.uptos.edu.ve\/wp-content\/uploads\/2026\/02\/cropped-cropped-WhatsApp-Image-2026-02-11-at-10.17.38-PM-1.jpeg","contentUrl":"https:\/\/www.uptos.edu.ve\/wp-content\/uploads\/2026\/02\/cropped-cropped-WhatsApp-Image-2026-02-11-at-10.17.38-PM-1.jpeg","width":1080,"height":73,"caption":"UPTOS Clodosbaldo Russi\u00e1n"},"image":{"@id":"\/#\/schema\/logo\/image\/"},"sameAs":["https:\/\/www.facebook.com\/people\/UPTOS-Clodosbaldo-Russin\/100070891114831\/","http:\/\/instagram.com\/uptoscr_oficial"]}]}},"_links":{"self":[{"href":"https:\/\/www.uptos.edu.ve\/index.php?rest_route=\/wp\/v2\/tribe_events\/13106","targetHints":{"allow":["GET"]}}],"collection":[{"href":"https:\/\/www.uptos.edu.ve\/index.php?rest_route=\/wp\/v2\/tribe_events"}],"about":[{"href":"https:\/\/www.uptos.edu.ve\/index.php?rest_route=\/wp\/v2\/types\/tribe_events"}],"author":[{"embeddable":true,"href":"https:\/\/www.uptos.edu.ve\/index.php?rest_route=\/wp\/v2\/users\/1"}],"version-history":[{"count":1,"href":"https:\/\/www.uptos.edu.ve\/index.php?rest_route=\/wp\/v2\/tribe_events\/13106\/revisions"}],"predecessor-version":[{"id":13108,"href":"https:\/\/www.uptos.edu.ve\/index.php?rest_route=\/wp\/v2\/tribe_events\/13106\/revisions\/13108"}],"wp:featuredmedia":[{"embeddable":true,"href":"https:\/\/www.uptos.edu.ve\/index.php?rest_route=\/wp\/v2\/media\/13107"}],"wp:attachment":[{"href":"https:\/\/www.uptos.edu.ve\/index.php?rest_route=%2Fwp%2Fv2%2Fmedia&parent=13106"}],"wp:term":[{"taxonomy":"post_tag","embeddable":true,"href":"https:\/\/www.uptos.edu.ve\/index.php?rest_route=%2Fwp%2Fv2%2Ftags&post=13106"},{"taxonomy":"tribe_events_cat","embeddable":true,"href":"https:\/\/www.uptos.edu.ve\/index.php?rest_route=%2Fwp%2Fv2%2Ftribe_events_cat&post=13106"}],"curies":[{"name":"wp","href":"https:\/\/api.w.org\/{rel}","templated":true}]}}