{"id":13100,"date":"2024-02-29T11:06:19","date_gmt":"2024-02-29T15:06:19","guid":{"rendered":"https:\/\/www.uptos.edu.ve\/?post_type=tribe_events&#038;p=13100"},"modified":"2024-02-29T11:06:19","modified_gmt":"2024-02-29T15:06:19","slug":"25-de-marzo-muerte-antonio-ricaurte","status":"publish","type":"tribe_events","link":"https:\/\/www.uptos.edu.ve\/?tribe_events=25-de-marzo-muerte-antonio-ricaurte","title":{"rendered":"25 de marzo: Muerte Antonio Ricaurte"},"content":{"rendered":"<p style=\"text-align: justify;\"><span style=\"font-size: 12pt; font-family: arial, helvetica, sans-serif; color: #000000;\"><strong>Antonio Par\u00eds Ricaurte<\/strong> (<a style=\"color: #000000;\" href=\"https:\/\/es.wikipedia.org\/wiki\/Santaf%C3%A9\">Santaf\u00e9<\/a>, 3 de marzo de 1793 &#8211; 19 de julio de 1846) fue un militar y pr\u00f3cer de la independencia de Nueva Granada y Venezuela, hijo del capit\u00e1n y notable espa\u00f1ol <a style=\"color: #000000;\" href=\"https:\/\/es.wikipedia.org\/wiki\/Jos%C3%A9_Mart%C3%ADn_Par%C3%ADs_%C3%81lvarez\">Jos\u00e9 Mart\u00edn Par\u00eds \u00c1lvarez<\/a> y <a style=\"color: #000000;\" href=\"https:\/\/es.wikipedia.org\/wiki\/Genoveva_Ricaurte_Mauris\">Genoveva Ricaurte Mauris<\/a>.<\/span><\/p>\n<p style=\"text-align: justify;\"><span style=\"font-size: 12pt; font-family: arial, helvetica, sans-serif; color: #000000;\">A los 17 a\u00f1os inicia su carrera militar sentando plaza en el Batall\u00f3n Auxiliar de Infanter\u00eda de Santa Fe que fue organizado con el grito de independencia del 20 de julio de 1810. Fue seleccionado por el presidente <a style=\"color: #000000;\" href=\"https:\/\/es.wikipedia.org\/wiki\/Antonio_Nari%C3%B1o\">Antonio Nari\u00f1o<\/a> para marchar al mando del coronel <a style=\"color: #000000;\" href=\"https:\/\/es.wikipedia.org\/wiki\/Jos%C3%A9_F%C3%A9lix_Ribas\">Jos\u00e9 F\u00e9lix Ribas<\/a> en apoyo a la campa\u00f1a de liberaci\u00f3n de Venezuela comandada por <a style=\"color: #000000;\" href=\"https:\/\/es.wikipedia.org\/wiki\/Sim%C3%B3n_Bol%C3%ADvar\">Sim\u00f3n Bol\u00edvar<\/a>, quedando adscrito al Batall\u00f3n de Vanguardia.<\/span><\/p>\n<p style=\"text-align: justify;\"><span style=\"font-size: 12pt; font-family: arial, helvetica, sans-serif; color: #000000;\">Con la misi\u00f3n de atacar al primer asentamiento realista en el camino de C\u00facuta a Caracas ,Antonio Par\u00eds le sugiri\u00f3 a <a style=\"color: #000000;\" href=\"https:\/\/es.wikipedia.org\/wiki\/Jos%C3%A9_F%C3%A9lix_Ribas\">Jos\u00e9 F\u00e9lix Ribas<\/a> que enviara a alguien que, simulando ser espa\u00f1ol, llevara una falsa orden que hiciera mover el objetivo a una posici\u00f3n vulnerable; a lo que Ribas asinti\u00f3 designando a Par\u00eds para la misi\u00f3n. El comandante realista dud\u00f3 de ejecutar la orden por no conocer a Par\u00eds y al presentarse sin una cucarda en su morri\u00f3n; situaci\u00f3n que Par\u00eds resolvi\u00f3 diciendo que reci\u00e9n llegaba de Espa\u00f1a y que hab\u00eda perdido la insignia en el trayecto, instando al oficial a cumplir la orden bajo su riesgo. La seguridad de Par\u00eds convenci\u00f3 al comandante de mover sus tropas, facilitando la operaci\u00f3n patriota que le brind\u00f3 a Bol\u00edvar su primera victoria en la llamada <a style=\"color: #000000;\" href=\"https:\/\/es.wikipedia.org\/wiki\/Campa%C3%B1a_Admirable\">campa\u00f1a Admirable<\/a>.<\/span><\/p>\n","protected":false},"excerpt":{"rendered":"<p>Antonio Par\u00eds Ricaurte (Santaf\u00e9, 3 de marzo de 1793 &#8211; 19 de julio de 1846) fue un militar y pr\u00f3cer de la independencia de Nueva Granada y Venezuela, hijo del&hellip;<\/p>\n","protected":false},"author":1,"featured_media":13101,"template":"","meta":{"_monsterinsights_skip_tracking":false,"_monsterinsights_sitenote_active":false,"_monsterinsights_sitenote_note":"","_monsterinsights_sitenote_category":0,"_tribe_events_status":"","_tribe_events_status_reason":"","footnotes":""},"tags":[],"tribe_events_cat":[],"class_list":["post-13100","tribe_events","type-tribe_events","status-publish","has-post-thumbnail","hentry"],"yoast_head":"<!-- This site is optimized with the Yoast SEO plugin v27.4 - https:\/\/yoast.com\/product\/yoast-seo-wordpress\/ -->\n<title>25 de marzo: Muerte Antonio Ricaurte - UPTOS Clodosbaldo Russi\u00e1n<\/title>\n<meta name=\"robots\" content=\"index, follow, max-snippet:-1, max-image-preview:large, max-video-preview:-1\" \/>\n<link rel=\"canonical\" href=\"https:\/\/www.uptos.edu.ve\/?tribe_events=25-de-marzo-muerte-antonio-ricaurte\" \/>\n<meta property=\"og:locale\" content=\"es_ES\" \/>\n<meta property=\"og:type\" content=\"article\" \/>\n<meta property=\"og:title\" content=\"25 de marzo: Muerte Antonio Ricaurte - UPTOS Clodosbaldo Russi\u00e1n\" \/>\n<meta property=\"og:description\" content=\"Antonio Par\u00eds Ricaurte (Santaf\u00e9, 3 de marzo de 1793 &#8211; 19 de julio de 1846) fue un militar y pr\u00f3cer de la independencia de Nueva Granada y Venezuela, hijo del&hellip;\" \/>\n<meta property=\"og:url\" content=\"https:\/\/www.uptos.edu.ve\/?tribe_events=25-de-marzo-muerte-antonio-ricaurte\" \/>\n<meta property=\"og:site_name\" content=\"UPTOS Clodosbaldo Russi\u00e1n\" \/>\n<meta property=\"article:publisher\" content=\"https:\/\/www.facebook.com\/people\/UPTOS-Clodosbaldo-Russin\/100070891114831\/\" \/>\n<meta property=\"og:image\" content=\"https:\/\/www.uptos.edu.ve\/wp-content\/uploads\/2024\/02\/220px-Antonio_Paris.jpg\" \/>\n\t<meta property=\"og:image:width\" content=\"220\" \/>\n\t<meta property=\"og:image:height\" content=\"281\" \/>\n\t<meta property=\"og:image:type\" content=\"image\/jpeg\" \/>\n<meta name=\"twitter:card\" content=\"summary_large_image\" \/>\n<meta name=\"twitter:label1\" content=\"Tiempo estimado de lectura\" \/>\n\t<meta name=\"twitter:data1\" content=\"2 minutos\" \/>\n<script type=\"application\/ld+json\" class=\"yoast-schema-graph\">{\"@context\":\"https:\\\/\\\/schema.org\",\"@graph\":[{\"@type\":\"WebPage\",\"@id\":\"https:\\\/\\\/www.uptos.edu.ve\\\/?tribe_events=25-de-marzo-muerte-antonio-ricaurte\",\"url\":\"https:\\\/\\\/www.uptos.edu.ve\\\/?tribe_events=25-de-marzo-muerte-antonio-ricaurte\",\"name\":\"25 de marzo: Muerte Antonio Ricaurte - UPTOS Clodosbaldo Russi\u00e1n\",\"isPartOf\":{\"@id\":\"\\\/#website\"},\"primaryImageOfPage\":{\"@id\":\"https:\\\/\\\/www.uptos.edu.ve\\\/?tribe_events=25-de-marzo-muerte-antonio-ricaurte#primaryimage\"},\"image\":{\"@id\":\"https:\\\/\\\/www.uptos.edu.ve\\\/?tribe_events=25-de-marzo-muerte-antonio-ricaurte#primaryimage\"},\"thumbnailUrl\":\"https:\\\/\\\/www.uptos.edu.ve\\\/wp-content\\\/uploads\\\/2024\\\/02\\\/220px-Antonio_Paris.jpg\",\"datePublished\":\"2024-02-29T15:06:19+00:00\",\"breadcrumb\":{\"@id\":\"https:\\\/\\\/www.uptos.edu.ve\\\/?tribe_events=25-de-marzo-muerte-antonio-ricaurte#breadcrumb\"},\"inLanguage\":\"es\",\"potentialAction\":[{\"@type\":\"ReadAction\",\"target\":[\"https:\\\/\\\/www.uptos.edu.ve\\\/?tribe_events=25-de-marzo-muerte-antonio-ricaurte\"]}]},{\"@type\":\"ImageObject\",\"inLanguage\":\"es\",\"@id\":\"https:\\\/\\\/www.uptos.edu.ve\\\/?tribe_events=25-de-marzo-muerte-antonio-ricaurte#primaryimage\",\"url\":\"https:\\\/\\\/www.uptos.edu.ve\\\/wp-content\\\/uploads\\\/2024\\\/02\\\/220px-Antonio_Paris.jpg\",\"contentUrl\":\"https:\\\/\\\/www.uptos.edu.ve\\\/wp-content\\\/uploads\\\/2024\\\/02\\\/220px-Antonio_Paris.jpg\",\"width\":220,\"height\":281},{\"@type\":\"BreadcrumbList\",\"@id\":\"https:\\\/\\\/www.uptos.edu.ve\\\/?tribe_events=25-de-marzo-muerte-antonio-ricaurte#breadcrumb\",\"itemListElement\":[{\"@type\":\"ListItem\",\"position\":1,\"name\":\"Home\",\"item\":\"https:\\\/\\\/www.uptos.edu.ve\\\/\"},{\"@type\":\"ListItem\",\"position\":2,\"name\":\"Eventos\",\"item\":\"https:\\\/\\\/www.uptos.edu.ve\\\/?post_type=tribe_events\"},{\"@type\":\"ListItem\",\"position\":3,\"name\":\"25 de marzo: Muerte Antonio Ricaurte\"}]},{\"@type\":\"WebSite\",\"@id\":\"\\\/#website\",\"url\":\"\\\/\",\"name\":\"UPTOS Clodosbaldo Russi\u00e1n\",\"description\":\"Universidad Polit\u00e9cnica del Oeste de Sucre\",\"publisher\":{\"@id\":\"\\\/#organization\"},\"potentialAction\":[{\"@type\":\"SearchAction\",\"target\":{\"@type\":\"EntryPoint\",\"urlTemplate\":\"\\\/?s={search_term_string}\"},\"query-input\":{\"@type\":\"PropertyValueSpecification\",\"valueRequired\":true,\"valueName\":\"search_term_string\"}}],\"inLanguage\":\"es\"},{\"@type\":\"Organization\",\"@id\":\"\\\/#organization\",\"name\":\"UPTOS Clodosbaldo Russi\u00e1n\",\"url\":\"\\\/\",\"logo\":{\"@type\":\"ImageObject\",\"inLanguage\":\"es\",\"@id\":\"\\\/#\\\/schema\\\/logo\\\/image\\\/\",\"url\":\"https:\\\/\\\/www.uptos.edu.ve\\\/wp-content\\\/uploads\\\/2026\\\/02\\\/cropped-cropped-WhatsApp-Image-2026-02-11-at-10.17.38-PM-1.jpeg\",\"contentUrl\":\"https:\\\/\\\/www.uptos.edu.ve\\\/wp-content\\\/uploads\\\/2026\\\/02\\\/cropped-cropped-WhatsApp-Image-2026-02-11-at-10.17.38-PM-1.jpeg\",\"width\":1080,\"height\":73,\"caption\":\"UPTOS Clodosbaldo Russi\u00e1n\"},\"image\":{\"@id\":\"\\\/#\\\/schema\\\/logo\\\/image\\\/\"},\"sameAs\":[\"https:\\\/\\\/www.facebook.com\\\/people\\\/UPTOS-Clodosbaldo-Russin\\\/100070891114831\\\/\",\"http:\\\/\\\/instagram.com\\\/uptoscr_oficial\"]}]}<\/script>\n<!-- \/ Yoast SEO plugin. -->","yoast_head_json":{"title":"25 de marzo: Muerte Antonio Ricaurte - UPTOS Clodosbaldo Russi\u00e1n","robots":{"index":"index","follow":"follow","max-snippet":"max-snippet:-1","max-image-preview":"max-image-preview:large","max-video-preview":"max-video-preview:-1"},"canonical":"https:\/\/www.uptos.edu.ve\/?tribe_events=25-de-marzo-muerte-antonio-ricaurte","og_locale":"es_ES","og_type":"article","og_title":"25 de marzo: Muerte Antonio Ricaurte - UPTOS Clodosbaldo Russi\u00e1n","og_description":"Antonio Par\u00eds Ricaurte (Santaf\u00e9, 3 de marzo de 1793 &#8211; 19 de julio de 1846) fue un militar y pr\u00f3cer de la independencia de Nueva Granada y Venezuela, hijo del&hellip;","og_url":"https:\/\/www.uptos.edu.ve\/?tribe_events=25-de-marzo-muerte-antonio-ricaurte","og_site_name":"UPTOS Clodosbaldo Russi\u00e1n","article_publisher":"https:\/\/www.facebook.com\/people\/UPTOS-Clodosbaldo-Russin\/100070891114831\/","og_image":[{"width":220,"height":281,"url":"https:\/\/www.uptos.edu.ve\/wp-content\/uploads\/2024\/02\/220px-Antonio_Paris.jpg","type":"image\/jpeg"}],"twitter_card":"summary_large_image","twitter_misc":{"Tiempo estimado de lectura":"2 minutos"},"schema":{"@context":"https:\/\/schema.org","@graph":[{"@type":"WebPage","@id":"https:\/\/www.uptos.edu.ve\/?tribe_events=25-de-marzo-muerte-antonio-ricaurte","url":"https:\/\/www.uptos.edu.ve\/?tribe_events=25-de-marzo-muerte-antonio-ricaurte","name":"25 de marzo: Muerte Antonio Ricaurte - UPTOS Clodosbaldo Russi\u00e1n","isPartOf":{"@id":"\/#website"},"primaryImageOfPage":{"@id":"https:\/\/www.uptos.edu.ve\/?tribe_events=25-de-marzo-muerte-antonio-ricaurte#primaryimage"},"image":{"@id":"https:\/\/www.uptos.edu.ve\/?tribe_events=25-de-marzo-muerte-antonio-ricaurte#primaryimage"},"thumbnailUrl":"https:\/\/www.uptos.edu.ve\/wp-content\/uploads\/2024\/02\/220px-Antonio_Paris.jpg","datePublished":"2024-02-29T15:06:19+00:00","breadcrumb":{"@id":"https:\/\/www.uptos.edu.ve\/?tribe_events=25-de-marzo-muerte-antonio-ricaurte#breadcrumb"},"inLanguage":"es","potentialAction":[{"@type":"ReadAction","target":["https:\/\/www.uptos.edu.ve\/?tribe_events=25-de-marzo-muerte-antonio-ricaurte"]}]},{"@type":"ImageObject","inLanguage":"es","@id":"https:\/\/www.uptos.edu.ve\/?tribe_events=25-de-marzo-muerte-antonio-ricaurte#primaryimage","url":"https:\/\/www.uptos.edu.ve\/wp-content\/uploads\/2024\/02\/220px-Antonio_Paris.jpg","contentUrl":"https:\/\/www.uptos.edu.ve\/wp-content\/uploads\/2024\/02\/220px-Antonio_Paris.jpg","width":220,"height":281},{"@type":"BreadcrumbList","@id":"https:\/\/www.uptos.edu.ve\/?tribe_events=25-de-marzo-muerte-antonio-ricaurte#breadcrumb","itemListElement":[{"@type":"ListItem","position":1,"name":"Home","item":"https:\/\/www.uptos.edu.ve\/"},{"@type":"ListItem","position":2,"name":"Eventos","item":"https:\/\/www.uptos.edu.ve\/?post_type=tribe_events"},{"@type":"ListItem","position":3,"name":"25 de marzo: Muerte Antonio Ricaurte"}]},{"@type":"WebSite","@id":"\/#website","url":"\/","name":"UPTOS Clodosbaldo Russi\u00e1n","description":"Universidad Polit\u00e9cnica del Oeste de Sucre","publisher":{"@id":"\/#organization"},"potentialAction":[{"@type":"SearchAction","target":{"@type":"EntryPoint","urlTemplate":"\/?s={search_term_string}"},"query-input":{"@type":"PropertyValueSpecification","valueRequired":true,"valueName":"search_term_string"}}],"inLanguage":"es"},{"@type":"Organization","@id":"\/#organization","name":"UPTOS Clodosbaldo Russi\u00e1n","url":"\/","logo":{"@type":"ImageObject","inLanguage":"es","@id":"\/#\/schema\/logo\/image\/","url":"https:\/\/www.uptos.edu.ve\/wp-content\/uploads\/2026\/02\/cropped-cropped-WhatsApp-Image-2026-02-11-at-10.17.38-PM-1.jpeg","contentUrl":"https:\/\/www.uptos.edu.ve\/wp-content\/uploads\/2026\/02\/cropped-cropped-WhatsApp-Image-2026-02-11-at-10.17.38-PM-1.jpeg","width":1080,"height":73,"caption":"UPTOS Clodosbaldo Russi\u00e1n"},"image":{"@id":"\/#\/schema\/logo\/image\/"},"sameAs":["https:\/\/www.facebook.com\/people\/UPTOS-Clodosbaldo-Russin\/100070891114831\/","http:\/\/instagram.com\/uptoscr_oficial"]}]}},"_links":{"self":[{"href":"https:\/\/www.uptos.edu.ve\/index.php?rest_route=\/wp\/v2\/tribe_events\/13100","targetHints":{"allow":["GET"]}}],"collection":[{"href":"https:\/\/www.uptos.edu.ve\/index.php?rest_route=\/wp\/v2\/tribe_events"}],"about":[{"href":"https:\/\/www.uptos.edu.ve\/index.php?rest_route=\/wp\/v2\/types\/tribe_events"}],"author":[{"embeddable":true,"href":"https:\/\/www.uptos.edu.ve\/index.php?rest_route=\/wp\/v2\/users\/1"}],"version-history":[{"count":1,"href":"https:\/\/www.uptos.edu.ve\/index.php?rest_route=\/wp\/v2\/tribe_events\/13100\/revisions"}],"predecessor-version":[{"id":13102,"href":"https:\/\/www.uptos.edu.ve\/index.php?rest_route=\/wp\/v2\/tribe_events\/13100\/revisions\/13102"}],"wp:featuredmedia":[{"embeddable":true,"href":"https:\/\/www.uptos.edu.ve\/index.php?rest_route=\/wp\/v2\/media\/13101"}],"wp:attachment":[{"href":"https:\/\/www.uptos.edu.ve\/index.php?rest_route=%2Fwp%2Fv2%2Fmedia&parent=13100"}],"wp:term":[{"taxonomy":"post_tag","embeddable":true,"href":"https:\/\/www.uptos.edu.ve\/index.php?rest_route=%2Fwp%2Fv2%2Ftags&post=13100"},{"taxonomy":"tribe_events_cat","embeddable":true,"href":"https:\/\/www.uptos.edu.ve\/index.php?rest_route=%2Fwp%2Fv2%2Ftribe_events_cat&post=13100"}],"curies":[{"name":"wp","href":"https:\/\/api.w.org\/{rel}","templated":true}]}}