{"id":13082,"date":"2024-02-28T13:56:41","date_gmt":"2024-02-28T17:56:41","guid":{"rendered":"https:\/\/www.uptos.edu.ve\/?post_type=tribe_events&#038;p=13082"},"modified":"2024-02-28T13:56:41","modified_gmt":"2024-02-28T17:56:41","slug":"17-de-marzo-muerte-de-vicente-campo-elias","status":"publish","type":"tribe_events","link":"https:\/\/www.uptos.edu.ve\/?tribe_events=17-de-marzo-muerte-de-vicente-campo-elias","title":{"rendered":"17 de marzo: muerte de Vicente Campo El\u00edas."},"content":{"rendered":"<p style=\"text-align: justify;\"><span style=\"color: #000000; font-size: 12pt; font-family: arial, helvetica, sans-serif;\"><strong>Juan Vicente Campo El\u00edas<\/strong> (<a style=\"color: #000000;\" href=\"https:\/\/es.wikipedia.org\/wiki\/Soto_en_Cameros\">Soto en Cameros<\/a>, <a style=\"color: #000000;\" href=\"https:\/\/es.wikipedia.org\/wiki\/La_Rioja_(Espa%C3%B1a)\">La Rioja<\/a>, <a style=\"color: #000000;\" href=\"https:\/\/es.wikipedia.org\/wiki\/Castilla_la_Vieja\">Castilla la Vieja<\/a>, <a style=\"color: #000000;\" href=\"https:\/\/es.wikipedia.org\/wiki\/Espa%C3%B1a\">Espa\u00f1a<\/a>; 1759 &#8211; <a style=\"color: #000000;\" href=\"https:\/\/es.wikipedia.org\/wiki\/San_Mateo_(Venezuela)\">San Mateo<\/a>, <a style=\"color: #000000;\" href=\"https:\/\/es.wikipedia.org\/wiki\/Venezuela\">Venezuela<\/a>, 1814), fue un coronel pr\u00f3cer de la <a style=\"color: #000000;\" href=\"https:\/\/es.wikipedia.org\/wiki\/Independencia_de_Venezuela\">Independencia de Venezuela<\/a>.<\/span><\/p>\n<p style=\"text-align: justify;\"><span style=\"color: #000000; font-size: 12pt; font-family: arial, helvetica, sans-serif;\">Hijo de Don Jos\u00e9 del Campo El\u00edas y de Do\u00f1a Mar\u00eda El\u00edas Gonz\u00e1lez, ambos de <a style=\"color: #000000;\" href=\"https:\/\/es.wikipedia.org\/wiki\/Soto_en_Cameros\">Soto en Cameros<\/a> y parientes. Aunque naci\u00f3 en Espa\u00f1a, en 1792 viaj\u00f3 hacia Am\u00e9rica con uno de sus t\u00edos, Don Hip\u00f3lito El\u00edas, que fue nombrado can\u00f3nigo de la Catedral de M\u00e9rida, <a style=\"color: #000000;\" href=\"https:\/\/es.wikipedia.org\/wiki\/Venezuela\">Venezuela<\/a> en 1792. Sin embargo, Vicente Campo El\u00edas se radic\u00f3 en <a style=\"color: #000000;\" href=\"https:\/\/es.wikipedia.org\/wiki\/Trujillo_(Venezuela)\">Trujillo<\/a>, donde se dedic\u00f3 al comercio despertando gran simpat\u00eda entre sus pobladores, y siendo elegido s\u00edndico procurador del ayuntamiento de la misma.<\/span><\/p>\n<p style=\"text-align: justify;\"><span style=\"color: #000000; font-size: 12pt; font-family: arial, helvetica, sans-serif;\">Por exigencias de su negocio, tuvo que establecerse en <a style=\"color: #000000;\" href=\"https:\/\/es.wikipedia.org\/wiki\/M%C3%A9rida_(Venezuela)\">M\u00e9rida<\/a>, y en el mismo 1800 se cas\u00f3 con la hija de una de las personas m\u00e1s distinguidas de esta localidad. En virtud de las anteriores consideraciones, Campo El\u00edas desempe\u00f1\u00f3 la alcald\u00eda de M\u00e9rida en 1805, y al a\u00f1o siguiente fue Diputado de la Junta de Consolidaci\u00f3n.<\/span><\/p>\n<p style=\"text-align: justify;\"><span style=\"color: #000000; font-size: 12pt; font-family: arial, helvetica, sans-serif;\">En septiembre de 1810 M\u00e9rida se integr\u00f3 al movimiento revolucionario iniciado en <a style=\"color: #000000;\" href=\"https:\/\/es.wikipedia.org\/wiki\/Caracas\">Caracas<\/a> el 19 de abril anterior, y la ciudad constituy\u00f3 su \u00abJunta Patri\u00f3tica\u00bb, de la cual fue Campo El\u00edas uno de sus miembros m\u00e1s distinguidos. Posteriormente, fue designado miembro del Tribunal de Alzadas.<\/span><\/p>\n<p style=\"text-align: justify;\"><span style=\"color: #000000; font-size: 12pt; font-family: arial, helvetica, sans-serif;\">Perdida la Primera Rep\u00fablica en 1812 y entregada la provincia a las autoridades espa\u00f1olas, Campo El\u00edas tuvo que internarse en las monta\u00f1as de la regi\u00f3n hasta abril de 1813, fecha en que regres\u00f3 a la ciudad, ya abandonada por las tropas realistas ante el avance de <a style=\"color: #000000;\" href=\"https:\/\/es.wikipedia.org\/wiki\/Sim%C3%B3n_Bol%C3%ADvar\">Sim\u00f3n Bol\u00edvar<\/a> en su famosa \u00ab<a style=\"color: #000000;\" href=\"https:\/\/es.wikipedia.org\/wiki\/Campa%C3%B1a_Admirable\">Campa\u00f1a Admirable<\/a>\u00ab. Campo El\u00edas reuni\u00f3 tropas a su paso, se puso al frente de ellas, asumi\u00f3 el mando de la ciudad, y cuando el <a style=\"color: #000000;\" href=\"https:\/\/es.wikipedia.org\/wiki\/Sim%C3%B3n_Bol%C3%ADvar\">Libertador<\/a> entr\u00f3 en M\u00e9rida el 23 de mayo de aquel a\u00f1o, se incorpor\u00f3 a las tropas libertadoras con un contingente de 500 hombres. Fue en esta oportunidad cuando, por primera vez, el pueblo de M\u00e9rida design\u00f3 a Bol\u00edvar con el nombre de Libertador.<\/span><\/p>\n<p style=\"text-align: justify;\"><span style=\"color: #000000; font-size: 12pt; font-family: arial, helvetica, sans-serif;\">Campo El\u00edas fue nombrado Capit\u00e1n y adscrito a las fuerzas de <a style=\"color: #000000;\" href=\"https:\/\/es.wikipedia.org\/wiki\/Jos%C3%A9_F%C3%A9lix_Ribas\">Jos\u00e9 F\u00e9lix Ribas<\/a>, a la saz\u00f3n Comandante de la retaguardia de las tropas patriotas. En estas condiciones pele\u00f3 en <a style=\"color: #000000;\" href=\"https:\/\/es.wikipedia.org\/wiki\/Batalla_de_Niquitao\">Niquitao<\/a> el 2 de julio contra las fuerzas realistas del Capit\u00e1n Mart\u00ed, a las que persigui\u00f3 y aniquil\u00f3. Luego estuvo en el sitio de Los Horcones, donde fuerzas rebeldes derrotaron a las tropas del realista Oberto. Particip\u00f3 m\u00e1s tarde, junto con <a style=\"color: #000000;\" href=\"https:\/\/es.wikipedia.org\/wiki\/Atanasio_Girardot\">Atanasio Girardot<\/a>, en el ataque y asalto de la fortaleza de Puerto Cabello: se bati\u00f3 valerosamente en la <a style=\"color: #000000;\" href=\"https:\/\/es.wikipedia.org\/wiki\/Batalla_de_B%C3%A1rbula\">Batalla de B\u00e1rbula<\/a>; y en Las Trincheras veng\u00f3 la muerte de Girardot, ca\u00eddo heroicamente en B\u00e1rbula, derrotando completamente a las fuerzas realistas. Por tan brillantes triunfos el Libertador lo ascendi\u00f3 a Teniente-Coronel.<\/span><\/p>\n<p style=\"text-align: justify;\"><span style=\"color: #000000; font-size: 12pt; font-family: arial, helvetica, sans-serif;\">Es importante destacar que, siendo peninsular de nacimiento, Campo El\u00edas hab\u00eda jurado \u00abacabar con todos los espa\u00f1oles y, luego, cuando no quedara ninguno, suicidarse para que no quedara ni uno solo de su raza\u00bb. Determinaci\u00f3n que acrecienta el misterio de su odio por el pueblo al cual pertenec\u00eda.<\/span><\/p>\n<p style=\"text-align: justify;\"><span style=\"color: #000000; font-size: 12pt; font-family: arial, helvetica, sans-serif;\">Mientras tanto, ya hab\u00eda aparecido <a style=\"color: #000000;\" href=\"https:\/\/es.wikipedia.org\/wiki\/Jos%C3%A9_Tom%C3%A1s_Boves\">Jos\u00e9 Tom\u00e1s Boves<\/a> en los Llanos y hab\u00eda provocado el desastre del Ca\u00f1o de Santa Catalina, donde derrot\u00f3 a los patriotas al mando de Tom\u00e1s Montilla. Frente a esta situaci\u00f3n, el Libertador designa a Campo El\u00edas para detener y someter a Boves. Este reuni\u00f3 cuantos caballos pudo en San Sebasti\u00e1n y otros lugares, y al frente de su batall\u00f3n \u00abBarlovento\u00bb sale en busca de Boves en marchas forzadas hacia el Gu\u00e1rico. El 14 de octubre de 1813 lo encuentra en Sabana de Mosquitero, y despu\u00e9s de rudos y sangrientos combates, le inflige una completa derrota, teniendo Boves que retirarse hacia el sur, refugi\u00e1ndose en Guayabal, a donde lleg\u00f3 con s\u00f3lo 17 hombres. M\u00e1s tarde, el 5 de diciembre, al frente del \u00abBarlovento\u00bb, Campo El\u00edas pele\u00f3 junto al Libertador en la <a style=\"color: #000000;\" href=\"https:\/\/es.wikipedia.org\/wiki\/Batalla_de_Araure\">batalla de Araure<\/a>, donde conjuntamente con <a style=\"color: #000000;\" href=\"https:\/\/es.wikipedia.org\/w\/index.php?title=Luis_Mar%C3%ADa_Rivas-D%C3%A1vila&amp;action=edit&amp;redlink=1\">Luis Mar\u00eda Rivas-D\u00e1vila<\/a> y sus dragones, determin\u00f3 el triunfo de los criollos sobre las tropas realistas del Coronel <a style=\"color: #000000;\" href=\"https:\/\/es.wikipedia.org\/wiki\/Jos%C3%A9_Cevallos\">Jos\u00e9 Cevallos<\/a>.<\/span><\/p>\n<p style=\"text-align: justify;\"><span style=\"color: #000000; font-size: 12pt; font-family: arial, helvetica, sans-serif;\">Campo El\u00edas entr\u00f3 en <a style=\"color: #000000;\" href=\"https:\/\/es.wikipedia.org\/w\/index.php?title=Calabozo(Gu%C3%A1rico)&amp;action=edit&amp;redlink=1\">Calabozo<\/a> (poblaci\u00f3n del Estado <a style=\"color: #000000;\" href=\"https:\/\/es.wikipedia.org\/wiki\/Gu%C3%A1rico\">Gu\u00e1rico<\/a>) y se dice que <em>pas\u00f3 a filo de machete<\/em> (ejecut\u00f3) a m\u00e1s de 3.000 personas, la cuarta parte de la poblaci\u00f3n de esa localidad. Como para esa \u00e9poca muchos llaneros combat\u00edan en el bando <a style=\"color: #000000;\" href=\"https:\/\/es.wikipedia.org\/wiki\/Ej%C3%A9rcito_Realista_en_Am%C3%A9rica\">realista<\/a>, esta crueldad de Campo El\u00edas determin\u00f3 que se alistaran nuevamente, y en mayor n\u00famero, en las filas de Boves. \u00a0<\/span><\/p>\n<p style=\"text-align: justify;\"><span style=\"color: #000000; font-size: 12pt; font-family: arial, helvetica, sans-serif;\">Fuente: Wikipedia<\/span><\/p>\n<p style=\"text-align: justify;\">\n","protected":false},"excerpt":{"rendered":"<p>Juan Vicente Campo El\u00edas (Soto en Cameros, La Rioja, Castilla la Vieja, Espa\u00f1a; 1759 &#8211; San Mateo, Venezuela, 1814), fue un coronel pr\u00f3cer de la Independencia de Venezuela. Hijo de&hellip;<\/p>\n","protected":false},"author":1,"featured_media":13083,"template":"","meta":{"_monsterinsights_skip_tracking":false,"_monsterinsights_sitenote_active":false,"_monsterinsights_sitenote_note":"","_monsterinsights_sitenote_category":0,"_tribe_events_status":"","_tribe_events_status_reason":"","footnotes":""},"tags":[],"tribe_events_cat":[],"class_list":["post-13082","tribe_events","type-tribe_events","status-publish","has-post-thumbnail","hentry"],"yoast_head":"<!-- This site is optimized with the Yoast SEO plugin v27.4 - https:\/\/yoast.com\/product\/yoast-seo-wordpress\/ -->\n<title>17 de marzo: muerte de Vicente Campo El\u00edas. - UPTOS Clodosbaldo Russi\u00e1n<\/title>\n<meta name=\"robots\" content=\"index, follow, max-snippet:-1, max-image-preview:large, max-video-preview:-1\" \/>\n<link rel=\"canonical\" href=\"https:\/\/www.uptos.edu.ve\/?tribe_events=17-de-marzo-muerte-de-vicente-campo-elias\" \/>\n<meta property=\"og:locale\" content=\"es_ES\" \/>\n<meta property=\"og:type\" content=\"article\" \/>\n<meta property=\"og:title\" content=\"17 de marzo: muerte de Vicente Campo El\u00edas. - UPTOS Clodosbaldo Russi\u00e1n\" \/>\n<meta property=\"og:description\" content=\"Juan Vicente Campo El\u00edas (Soto en Cameros, La Rioja, Castilla la Vieja, Espa\u00f1a; 1759 &#8211; San Mateo, Venezuela, 1814), fue un coronel pr\u00f3cer de la Independencia de Venezuela. Hijo de&hellip;\" \/>\n<meta property=\"og:url\" content=\"https:\/\/www.uptos.edu.ve\/?tribe_events=17-de-marzo-muerte-de-vicente-campo-elias\" \/>\n<meta property=\"og:site_name\" content=\"UPTOS Clodosbaldo Russi\u00e1n\" \/>\n<meta property=\"article:publisher\" content=\"https:\/\/www.facebook.com\/people\/UPTOS-Clodosbaldo-Russin\/100070891114831\/\" \/>\n<meta property=\"og:image\" content=\"https:\/\/www.uptos.edu.ve\/wp-content\/uploads\/2024\/02\/220px-Vicente_Campo_Elias.jpg\" \/>\n\t<meta property=\"og:image:width\" content=\"220\" \/>\n\t<meta property=\"og:image:height\" content=\"288\" \/>\n\t<meta property=\"og:image:type\" content=\"image\/jpeg\" \/>\n<meta name=\"twitter:card\" content=\"summary_large_image\" \/>\n<meta name=\"twitter:label1\" content=\"Tiempo estimado de lectura\" \/>\n\t<meta name=\"twitter:data1\" content=\"4 minutos\" \/>\n<script type=\"application\/ld+json\" class=\"yoast-schema-graph\">{\"@context\":\"https:\\\/\\\/schema.org\",\"@graph\":[{\"@type\":\"WebPage\",\"@id\":\"https:\\\/\\\/www.uptos.edu.ve\\\/?tribe_events=17-de-marzo-muerte-de-vicente-campo-elias\",\"url\":\"https:\\\/\\\/www.uptos.edu.ve\\\/?tribe_events=17-de-marzo-muerte-de-vicente-campo-elias\",\"name\":\"17 de marzo: muerte de Vicente Campo El\u00edas. - UPTOS Clodosbaldo Russi\u00e1n\",\"isPartOf\":{\"@id\":\"\\\/#website\"},\"primaryImageOfPage\":{\"@id\":\"https:\\\/\\\/www.uptos.edu.ve\\\/?tribe_events=17-de-marzo-muerte-de-vicente-campo-elias#primaryimage\"},\"image\":{\"@id\":\"https:\\\/\\\/www.uptos.edu.ve\\\/?tribe_events=17-de-marzo-muerte-de-vicente-campo-elias#primaryimage\"},\"thumbnailUrl\":\"https:\\\/\\\/www.uptos.edu.ve\\\/wp-content\\\/uploads\\\/2024\\\/02\\\/220px-Vicente_Campo_Elias.jpg\",\"datePublished\":\"2024-02-28T17:56:41+00:00\",\"breadcrumb\":{\"@id\":\"https:\\\/\\\/www.uptos.edu.ve\\\/?tribe_events=17-de-marzo-muerte-de-vicente-campo-elias#breadcrumb\"},\"inLanguage\":\"es\",\"potentialAction\":[{\"@type\":\"ReadAction\",\"target\":[\"https:\\\/\\\/www.uptos.edu.ve\\\/?tribe_events=17-de-marzo-muerte-de-vicente-campo-elias\"]}]},{\"@type\":\"ImageObject\",\"inLanguage\":\"es\",\"@id\":\"https:\\\/\\\/www.uptos.edu.ve\\\/?tribe_events=17-de-marzo-muerte-de-vicente-campo-elias#primaryimage\",\"url\":\"https:\\\/\\\/www.uptos.edu.ve\\\/wp-content\\\/uploads\\\/2024\\\/02\\\/220px-Vicente_Campo_Elias.jpg\",\"contentUrl\":\"https:\\\/\\\/www.uptos.edu.ve\\\/wp-content\\\/uploads\\\/2024\\\/02\\\/220px-Vicente_Campo_Elias.jpg\",\"width\":220,\"height\":288},{\"@type\":\"BreadcrumbList\",\"@id\":\"https:\\\/\\\/www.uptos.edu.ve\\\/?tribe_events=17-de-marzo-muerte-de-vicente-campo-elias#breadcrumb\",\"itemListElement\":[{\"@type\":\"ListItem\",\"position\":1,\"name\":\"Home\",\"item\":\"https:\\\/\\\/www.uptos.edu.ve\\\/\"},{\"@type\":\"ListItem\",\"position\":2,\"name\":\"Eventos\",\"item\":\"https:\\\/\\\/www.uptos.edu.ve\\\/?post_type=tribe_events\"},{\"@type\":\"ListItem\",\"position\":3,\"name\":\"17 de marzo: muerte de Vicente Campo El\u00edas.\"}]},{\"@type\":\"WebSite\",\"@id\":\"\\\/#website\",\"url\":\"\\\/\",\"name\":\"UPTOS Clodosbaldo Russi\u00e1n\",\"description\":\"Universidad Polit\u00e9cnica del Oeste de Sucre\",\"publisher\":{\"@id\":\"\\\/#organization\"},\"potentialAction\":[{\"@type\":\"SearchAction\",\"target\":{\"@type\":\"EntryPoint\",\"urlTemplate\":\"\\\/?s={search_term_string}\"},\"query-input\":{\"@type\":\"PropertyValueSpecification\",\"valueRequired\":true,\"valueName\":\"search_term_string\"}}],\"inLanguage\":\"es\"},{\"@type\":\"Organization\",\"@id\":\"\\\/#organization\",\"name\":\"UPTOS Clodosbaldo Russi\u00e1n\",\"url\":\"\\\/\",\"logo\":{\"@type\":\"ImageObject\",\"inLanguage\":\"es\",\"@id\":\"\\\/#\\\/schema\\\/logo\\\/image\\\/\",\"url\":\"https:\\\/\\\/www.uptos.edu.ve\\\/wp-content\\\/uploads\\\/2026\\\/02\\\/cropped-cropped-WhatsApp-Image-2026-02-11-at-10.17.38-PM-1.jpeg\",\"contentUrl\":\"https:\\\/\\\/www.uptos.edu.ve\\\/wp-content\\\/uploads\\\/2026\\\/02\\\/cropped-cropped-WhatsApp-Image-2026-02-11-at-10.17.38-PM-1.jpeg\",\"width\":1080,\"height\":73,\"caption\":\"UPTOS Clodosbaldo Russi\u00e1n\"},\"image\":{\"@id\":\"\\\/#\\\/schema\\\/logo\\\/image\\\/\"},\"sameAs\":[\"https:\\\/\\\/www.facebook.com\\\/people\\\/UPTOS-Clodosbaldo-Russin\\\/100070891114831\\\/\",\"http:\\\/\\\/instagram.com\\\/uptoscr_oficial\"]}]}<\/script>\n<!-- \/ Yoast SEO plugin. -->","yoast_head_json":{"title":"17 de marzo: muerte de Vicente Campo El\u00edas. - UPTOS Clodosbaldo Russi\u00e1n","robots":{"index":"index","follow":"follow","max-snippet":"max-snippet:-1","max-image-preview":"max-image-preview:large","max-video-preview":"max-video-preview:-1"},"canonical":"https:\/\/www.uptos.edu.ve\/?tribe_events=17-de-marzo-muerte-de-vicente-campo-elias","og_locale":"es_ES","og_type":"article","og_title":"17 de marzo: muerte de Vicente Campo El\u00edas. - UPTOS Clodosbaldo Russi\u00e1n","og_description":"Juan Vicente Campo El\u00edas (Soto en Cameros, La Rioja, Castilla la Vieja, Espa\u00f1a; 1759 &#8211; San Mateo, Venezuela, 1814), fue un coronel pr\u00f3cer de la Independencia de Venezuela. Hijo de&hellip;","og_url":"https:\/\/www.uptos.edu.ve\/?tribe_events=17-de-marzo-muerte-de-vicente-campo-elias","og_site_name":"UPTOS Clodosbaldo Russi\u00e1n","article_publisher":"https:\/\/www.facebook.com\/people\/UPTOS-Clodosbaldo-Russin\/100070891114831\/","og_image":[{"width":220,"height":288,"url":"https:\/\/www.uptos.edu.ve\/wp-content\/uploads\/2024\/02\/220px-Vicente_Campo_Elias.jpg","type":"image\/jpeg"}],"twitter_card":"summary_large_image","twitter_misc":{"Tiempo estimado de lectura":"4 minutos"},"schema":{"@context":"https:\/\/schema.org","@graph":[{"@type":"WebPage","@id":"https:\/\/www.uptos.edu.ve\/?tribe_events=17-de-marzo-muerte-de-vicente-campo-elias","url":"https:\/\/www.uptos.edu.ve\/?tribe_events=17-de-marzo-muerte-de-vicente-campo-elias","name":"17 de marzo: muerte de Vicente Campo El\u00edas. - UPTOS Clodosbaldo Russi\u00e1n","isPartOf":{"@id":"\/#website"},"primaryImageOfPage":{"@id":"https:\/\/www.uptos.edu.ve\/?tribe_events=17-de-marzo-muerte-de-vicente-campo-elias#primaryimage"},"image":{"@id":"https:\/\/www.uptos.edu.ve\/?tribe_events=17-de-marzo-muerte-de-vicente-campo-elias#primaryimage"},"thumbnailUrl":"https:\/\/www.uptos.edu.ve\/wp-content\/uploads\/2024\/02\/220px-Vicente_Campo_Elias.jpg","datePublished":"2024-02-28T17:56:41+00:00","breadcrumb":{"@id":"https:\/\/www.uptos.edu.ve\/?tribe_events=17-de-marzo-muerte-de-vicente-campo-elias#breadcrumb"},"inLanguage":"es","potentialAction":[{"@type":"ReadAction","target":["https:\/\/www.uptos.edu.ve\/?tribe_events=17-de-marzo-muerte-de-vicente-campo-elias"]}]},{"@type":"ImageObject","inLanguage":"es","@id":"https:\/\/www.uptos.edu.ve\/?tribe_events=17-de-marzo-muerte-de-vicente-campo-elias#primaryimage","url":"https:\/\/www.uptos.edu.ve\/wp-content\/uploads\/2024\/02\/220px-Vicente_Campo_Elias.jpg","contentUrl":"https:\/\/www.uptos.edu.ve\/wp-content\/uploads\/2024\/02\/220px-Vicente_Campo_Elias.jpg","width":220,"height":288},{"@type":"BreadcrumbList","@id":"https:\/\/www.uptos.edu.ve\/?tribe_events=17-de-marzo-muerte-de-vicente-campo-elias#breadcrumb","itemListElement":[{"@type":"ListItem","position":1,"name":"Home","item":"https:\/\/www.uptos.edu.ve\/"},{"@type":"ListItem","position":2,"name":"Eventos","item":"https:\/\/www.uptos.edu.ve\/?post_type=tribe_events"},{"@type":"ListItem","position":3,"name":"17 de marzo: muerte de Vicente Campo El\u00edas."}]},{"@type":"WebSite","@id":"\/#website","url":"\/","name":"UPTOS Clodosbaldo Russi\u00e1n","description":"Universidad Polit\u00e9cnica del Oeste de Sucre","publisher":{"@id":"\/#organization"},"potentialAction":[{"@type":"SearchAction","target":{"@type":"EntryPoint","urlTemplate":"\/?s={search_term_string}"},"query-input":{"@type":"PropertyValueSpecification","valueRequired":true,"valueName":"search_term_string"}}],"inLanguage":"es"},{"@type":"Organization","@id":"\/#organization","name":"UPTOS Clodosbaldo Russi\u00e1n","url":"\/","logo":{"@type":"ImageObject","inLanguage":"es","@id":"\/#\/schema\/logo\/image\/","url":"https:\/\/www.uptos.edu.ve\/wp-content\/uploads\/2026\/02\/cropped-cropped-WhatsApp-Image-2026-02-11-at-10.17.38-PM-1.jpeg","contentUrl":"https:\/\/www.uptos.edu.ve\/wp-content\/uploads\/2026\/02\/cropped-cropped-WhatsApp-Image-2026-02-11-at-10.17.38-PM-1.jpeg","width":1080,"height":73,"caption":"UPTOS Clodosbaldo Russi\u00e1n"},"image":{"@id":"\/#\/schema\/logo\/image\/"},"sameAs":["https:\/\/www.facebook.com\/people\/UPTOS-Clodosbaldo-Russin\/100070891114831\/","http:\/\/instagram.com\/uptoscr_oficial"]}]}},"_links":{"self":[{"href":"https:\/\/www.uptos.edu.ve\/index.php?rest_route=\/wp\/v2\/tribe_events\/13082","targetHints":{"allow":["GET"]}}],"collection":[{"href":"https:\/\/www.uptos.edu.ve\/index.php?rest_route=\/wp\/v2\/tribe_events"}],"about":[{"href":"https:\/\/www.uptos.edu.ve\/index.php?rest_route=\/wp\/v2\/types\/tribe_events"}],"author":[{"embeddable":true,"href":"https:\/\/www.uptos.edu.ve\/index.php?rest_route=\/wp\/v2\/users\/1"}],"version-history":[{"count":1,"href":"https:\/\/www.uptos.edu.ve\/index.php?rest_route=\/wp\/v2\/tribe_events\/13082\/revisions"}],"predecessor-version":[{"id":13084,"href":"https:\/\/www.uptos.edu.ve\/index.php?rest_route=\/wp\/v2\/tribe_events\/13082\/revisions\/13084"}],"wp:featuredmedia":[{"embeddable":true,"href":"https:\/\/www.uptos.edu.ve\/index.php?rest_route=\/wp\/v2\/media\/13083"}],"wp:attachment":[{"href":"https:\/\/www.uptos.edu.ve\/index.php?rest_route=%2Fwp%2Fv2%2Fmedia&parent=13082"}],"wp:term":[{"taxonomy":"post_tag","embeddable":true,"href":"https:\/\/www.uptos.edu.ve\/index.php?rest_route=%2Fwp%2Fv2%2Ftags&post=13082"},{"taxonomy":"tribe_events_cat","embeddable":true,"href":"https:\/\/www.uptos.edu.ve\/index.php?rest_route=%2Fwp%2Fv2%2Ftribe_events_cat&post=13082"}],"curies":[{"name":"wp","href":"https:\/\/api.w.org\/{rel}","templated":true}]}}