{"id":13069,"date":"2024-02-28T13:14:12","date_gmt":"2024-02-28T17:14:12","guid":{"rendered":"https:\/\/www.uptos.edu.ve\/?post_type=tribe_events&#038;p=13069"},"modified":"2024-02-28T13:14:12","modified_gmt":"2024-02-28T17:14:12","slug":"10-de-marzo-natalicio-de-jose-maria-vargas","status":"publish","type":"tribe_events","link":"https:\/\/www.uptos.edu.ve\/?tribe_events=10-de-marzo-natalicio-de-jose-maria-vargas","title":{"rendered":"10 de marzo: Natalicio de Jos\u00e9 Mar\u00eda Vargas."},"content":{"rendered":"<p style=\"text-align: justify;\"><span style=\"color: #000000; font-family: arial, helvetica, sans-serif; font-size: 12pt;\"><strong>Jos\u00e9 Mar\u00eda Vargas Ponce<\/strong> (<a style=\"color: #000000;\" href=\"https:\/\/es.wikipedia.org\/wiki\/La_Guaira\">La Guaira<\/a>, 10 de marzo de 1786-<a style=\"color: #000000;\" href=\"https:\/\/es.wikipedia.org\/wiki\/Nueva_York\">Nueva York<\/a>, 13 de julio de 1854) fue un m\u00e9dico cirujano, cient\u00edfico, catedr\u00e1tico de la <a style=\"color: #000000;\" href=\"https:\/\/es.wikipedia.org\/wiki\/Universidad_Central_de_Venezuela\">Universidad de Caracas<\/a>, adem\u00e1s de pol\u00edtico, escritor y presidente de <a style=\"color: #000000;\" href=\"https:\/\/es.wikipedia.org\/wiki\/Venezuela\">Venezuela<\/a>. Su presidencia es recordada como la primera ejercida por un civil y un opositor al gobierno precedente. En ese sentido se aspir\u00f3 a reforzar la institucionalidad del pa\u00eds por medio de un hombre no proveniente del mundo militar.<\/span><\/p>\n<p style=\"text-align: justify;\"><span style=\"color: #000000; font-family: arial, helvetica, sans-serif; font-size: 12pt;\">Jos\u00e9 Mar\u00eda Vargas naci\u00f3 en <a style=\"color: #000000;\" href=\"https:\/\/es.wikipedia.org\/wiki\/La_Guaira\">La Guaira<\/a>, en la actual <a style=\"color: #000000;\" href=\"https:\/\/es.wikipedia.org\/wiki\/Venezuela\">Venezuela<\/a>, el 10 de marzo de 1786. Descendiente de <a style=\"color: #000000;\" href=\"https:\/\/es.wikipedia.org\/wiki\/Canarias\">canarios<\/a>. Hijo de Jos\u00e9 Antonio de Vargas Machuca y Ana Teresa Ponce. En 1798, ingres\u00f3 en la <a style=\"color: #000000;\" href=\"https:\/\/es.wikipedia.org\/wiki\/Universidad_Central_de_Venezuela\">Universidad Real y Pontificia de\u00a0Caracas<\/a>, gradu\u00e1ndose de bachiller en filosof\u00eda el 11 de julio de 1803. Obtuvo sus grados de bachiller, licenciado y doctor en medicina en el a\u00f1o de 1808.<\/span><\/p>\n<p style=\"text-align: justify;\"><span style=\"color: #000000; font-family: arial, helvetica, sans-serif; font-size: 12pt;\">Al terminar sus estudios m\u00e9dicos se traslad\u00f3 a\u00a0<a style=\"color: #000000;\" href=\"https:\/\/es.wikipedia.org\/wiki\/Cuman%C3%A1\">Cuman\u00e1<\/a>, donde vivi\u00f3 hasta 1812; lapso en el que se incorpor\u00f3 al Supremo Poder Legislativo de Cuman\u00e1 (1811) en el contexto del\u00a0movimiento independentista venezolano. Se encontraba en su ciudad natal cuando se produjo el <a style=\"color: #000000;\" href=\"https:\/\/es.wikipedia.org\/wiki\/Terremoto_de_Venezuela_de_1812\">terremoto del 26 de marzo de 1812<\/a>, y all\u00ed prest\u00f3 destacados servicios como m\u00e9dico y hombre p\u00fablico a la comunidad guaire\u00f1a, los cuales fueron reconocidos oficial y p\u00fablicamente por la municipalidad local. \u200b Despu\u00e9s de su destacada participaci\u00f3n tras los sucesos del terremoto de 1812, Vargas regres\u00f3 a Cuman\u00e1 para dedicarse a sus labores m\u00e9dicas.<\/span><\/p>\n<p style=\"text-align: justify;\"><span style=\"color: #000000; font-family: arial, helvetica, sans-serif; font-size: 12pt;\">Fue encarcelado en 1813 por los <a style=\"color: #000000;\" href=\"https:\/\/es.wikipedia.org\/wiki\/Ej%C3%A9rcito_realista_en_Am%C3%A9rica\">realistas<\/a>, al llegar el jefe realista, Juan Francisco Javier Cerv\u00e9riz, a Cuman\u00e1 que redujo a prisi\u00f3n a todos los que hab\u00edan formado parte del Poder Legislativo, en la cual Vargas tom\u00f3 parte debido a sus ideolog\u00edas independentistas. Posteriormente, fue exiliado a <a style=\"color: #000000;\" href=\"https:\/\/es.wikipedia.org\/wiki\/Europa\">Europa<\/a> donde perfeccion\u00f3 sus estudios m\u00e9dicos y quir\u00fargicos en <a style=\"color: #000000;\" href=\"https:\/\/es.wikipedia.org\/wiki\/Edimburgo\">Edimburgo<\/a>, cursando, a su vez, estudios de cirug\u00eda, qu\u00edmica, bot\u00e1nica, anatom\u00eda y odontolog\u00eda. Asimismo, en esta \u00e9poca fue incorporado en <a style=\"color: #000000;\" href=\"https:\/\/es.wikipedia.org\/wiki\/Londres\">Londres<\/a> como miembro del Real Colegio de Cirujanos.<\/span><\/p>\n<p style=\"text-align: justify;\"><span style=\"color: #000000; font-family: arial, helvetica, sans-serif; font-size: 12pt;\">En 1819 regresa a <a style=\"color: #000000;\" href=\"https:\/\/es.wikipedia.org\/wiki\/Am%C3%A9rica\">Am\u00e9rica<\/a> estableci\u00e9ndose en <a style=\"color: #000000;\" href=\"https:\/\/es.wikipedia.org\/wiki\/Puerto_Rico\">Puerto Rico<\/a>, lugar donde se hallaban refugiados sus hermanos y madre que hu\u00edan de la desolada <a style=\"color: #000000;\" href=\"https:\/\/es.wikipedia.org\/wiki\/Guerra_de_Independencia_de_Venezuela\">guerra de independencia venezolana<\/a>. En Puerto Rico desarroll\u00f3 una importante labor profesional y cient\u00edfica, escribiendo numerosos trabajos y colaborando adem\u00e1s con la Junta de Sanidad de la isla. Retorna a Venezuela en 1825, dos a\u00f1os despu\u00e9s funda la Sociedad M\u00e9dica de Caracas. Desde su llegada se dedic\u00f3 de inmediato al ejercicio de su profesi\u00f3n, incorpor\u00e1ndose adem\u00e1s a la Universidad de Caracas como profesor de Anatom\u00eda.<\/span><\/p>\n<p style=\"text-align: justify;\"><span style=\"color: #000000; font-family: arial, helvetica, sans-serif; font-size: 12pt;\">En 1826, El Libertador <a style=\"color: #000000;\" href=\"https:\/\/es.wikipedia.org\/wiki\/Sim%C3%B3n_Bol%C3%ADvar\">Sim\u00f3n Bol\u00edvar<\/a>, durante lo que ser\u00eda su \u00faltima estad\u00eda en Venezuela, llama al doctor Jos\u00e9 Mar\u00eda Vargas para confiarle la importante misi\u00f3n de restaurar la <a style=\"color: #000000;\" href=\"https:\/\/es.wikipedia.org\/wiki\/Universidad_Central_de_Venezuela\">Universidad de Caracas<\/a>. As\u00ed, en el a\u00f1o 1827, Vargas inicia una Universidad nueva, implementando sus conocimientos de los grandes centros europeos en los cuales estudi\u00f3. Abre la Facultad de Medicina en dicha Universidad, ense\u00f1ando anatom\u00eda, bot\u00e1nica, mineralog\u00eda y qu\u00edmica (ramas que hasta ese entonces eran desconocidos dentro la sociedad venezolana); trayendo, consigo, las ramas de las ciencias modernas al pa\u00eds. De esta manera, Vargas dedicar\u00eda un cuarto de siglo a la ense\u00f1anza de las pr\u00f3ximas generaciones, sin cobrar ning\u00fan sueldo por ello. Es a partir de esta \u00e9poca, cuando Vargas recibi\u00f3 el reconocimiento y el respeto de diversos sectores de la sociedad caraque\u00f1a, debido a su exitosa labor administrativa, gracias a la cual consigui\u00f3 poner al d\u00eda las cuentas de la universidad. Por otra parte, adem\u00e1s de sanear las rentas de la universidad, se dedic\u00f3 a reorganizar las diversas facultades, crear nuevas c\u00e1tedras, a las reparaciones f\u00edsicas de los salones, a la organizaci\u00f3n de bibliotecas, y a relacionar la universidad con otros planteles. En consecuencia, al t\u00e9rmino de su desempe\u00f1o como rector, la universidad se convirti\u00f3 en un modelo de eficacia administrativa y en un prestigioso centro de estudios.<\/span><\/p>\n","protected":false},"excerpt":{"rendered":"<p>Jos\u00e9 Mar\u00eda Vargas Ponce (La Guaira, 10 de marzo de 1786-Nueva York, 13 de julio de 1854) fue un m\u00e9dico cirujano, cient\u00edfico, catedr\u00e1tico de la Universidad de Caracas, adem\u00e1s de&hellip;<\/p>\n","protected":false},"author":1,"featured_media":13070,"template":"","meta":{"_monsterinsights_skip_tracking":false,"_monsterinsights_sitenote_active":false,"_monsterinsights_sitenote_note":"","_monsterinsights_sitenote_category":0,"_tribe_events_status":"","_tribe_events_status_reason":"","footnotes":""},"tags":[],"tribe_events_cat":[],"class_list":["post-13069","tribe_events","type-tribe_events","status-publish","has-post-thumbnail","hentry"],"yoast_head":"<!-- This site is optimized with the Yoast SEO plugin v27.4 - https:\/\/yoast.com\/product\/yoast-seo-wordpress\/ -->\n<title>10 de marzo: Natalicio de Jos\u00e9 Mar\u00eda Vargas. - UPTOS Clodosbaldo Russi\u00e1n<\/title>\n<meta name=\"robots\" content=\"index, follow, max-snippet:-1, max-image-preview:large, max-video-preview:-1\" \/>\n<link rel=\"canonical\" href=\"https:\/\/www.uptos.edu.ve\/?tribe_events=10-de-marzo-natalicio-de-jose-maria-vargas\" \/>\n<meta property=\"og:locale\" content=\"es_ES\" \/>\n<meta property=\"og:type\" content=\"article\" \/>\n<meta property=\"og:title\" content=\"10 de marzo: Natalicio de Jos\u00e9 Mar\u00eda Vargas. - UPTOS Clodosbaldo Russi\u00e1n\" \/>\n<meta property=\"og:description\" content=\"Jos\u00e9 Mar\u00eda Vargas Ponce (La Guaira, 10 de marzo de 1786-Nueva York, 13 de julio de 1854) fue un m\u00e9dico cirujano, cient\u00edfico, catedr\u00e1tico de la Universidad de Caracas, adem\u00e1s de&hellip;\" \/>\n<meta property=\"og:url\" content=\"https:\/\/www.uptos.edu.ve\/?tribe_events=10-de-marzo-natalicio-de-jose-maria-vargas\" \/>\n<meta property=\"og:site_name\" content=\"UPTOS Clodosbaldo Russi\u00e1n\" \/>\n<meta property=\"article:publisher\" content=\"https:\/\/www.facebook.com\/people\/UPTOS-Clodosbaldo-Russin\/100070891114831\/\" \/>\n<meta property=\"og:image\" content=\"https:\/\/www.uptos.edu.ve\/wp-content\/uploads\/2024\/02\/220px-Jose_Maria_Vargas_by_Martin_Tovar_y_Tovar.jpg\" \/>\n\t<meta property=\"og:image:width\" content=\"220\" \/>\n\t<meta property=\"og:image:height\" content=\"269\" \/>\n\t<meta property=\"og:image:type\" content=\"image\/jpeg\" \/>\n<meta name=\"twitter:card\" content=\"summary_large_image\" \/>\n<meta name=\"twitter:label1\" content=\"Tiempo estimado de lectura\" \/>\n\t<meta name=\"twitter:data1\" content=\"4 minutos\" \/>\n<script type=\"application\/ld+json\" class=\"yoast-schema-graph\">{\"@context\":\"https:\\\/\\\/schema.org\",\"@graph\":[{\"@type\":\"WebPage\",\"@id\":\"https:\\\/\\\/www.uptos.edu.ve\\\/?tribe_events=10-de-marzo-natalicio-de-jose-maria-vargas\",\"url\":\"https:\\\/\\\/www.uptos.edu.ve\\\/?tribe_events=10-de-marzo-natalicio-de-jose-maria-vargas\",\"name\":\"10 de marzo: Natalicio de Jos\u00e9 Mar\u00eda Vargas. - UPTOS Clodosbaldo Russi\u00e1n\",\"isPartOf\":{\"@id\":\"\\\/#website\"},\"primaryImageOfPage\":{\"@id\":\"https:\\\/\\\/www.uptos.edu.ve\\\/?tribe_events=10-de-marzo-natalicio-de-jose-maria-vargas#primaryimage\"},\"image\":{\"@id\":\"https:\\\/\\\/www.uptos.edu.ve\\\/?tribe_events=10-de-marzo-natalicio-de-jose-maria-vargas#primaryimage\"},\"thumbnailUrl\":\"https:\\\/\\\/www.uptos.edu.ve\\\/wp-content\\\/uploads\\\/2024\\\/02\\\/220px-Jose_Maria_Vargas_by_Martin_Tovar_y_Tovar.jpg\",\"datePublished\":\"2024-02-28T17:14:12+00:00\",\"breadcrumb\":{\"@id\":\"https:\\\/\\\/www.uptos.edu.ve\\\/?tribe_events=10-de-marzo-natalicio-de-jose-maria-vargas#breadcrumb\"},\"inLanguage\":\"es\",\"potentialAction\":[{\"@type\":\"ReadAction\",\"target\":[\"https:\\\/\\\/www.uptos.edu.ve\\\/?tribe_events=10-de-marzo-natalicio-de-jose-maria-vargas\"]}]},{\"@type\":\"ImageObject\",\"inLanguage\":\"es\",\"@id\":\"https:\\\/\\\/www.uptos.edu.ve\\\/?tribe_events=10-de-marzo-natalicio-de-jose-maria-vargas#primaryimage\",\"url\":\"https:\\\/\\\/www.uptos.edu.ve\\\/wp-content\\\/uploads\\\/2024\\\/02\\\/220px-Jose_Maria_Vargas_by_Martin_Tovar_y_Tovar.jpg\",\"contentUrl\":\"https:\\\/\\\/www.uptos.edu.ve\\\/wp-content\\\/uploads\\\/2024\\\/02\\\/220px-Jose_Maria_Vargas_by_Martin_Tovar_y_Tovar.jpg\",\"width\":220,\"height\":269},{\"@type\":\"BreadcrumbList\",\"@id\":\"https:\\\/\\\/www.uptos.edu.ve\\\/?tribe_events=10-de-marzo-natalicio-de-jose-maria-vargas#breadcrumb\",\"itemListElement\":[{\"@type\":\"ListItem\",\"position\":1,\"name\":\"Home\",\"item\":\"https:\\\/\\\/www.uptos.edu.ve\\\/\"},{\"@type\":\"ListItem\",\"position\":2,\"name\":\"Eventos\",\"item\":\"https:\\\/\\\/www.uptos.edu.ve\\\/?post_type=tribe_events\"},{\"@type\":\"ListItem\",\"position\":3,\"name\":\"10 de marzo: Natalicio de Jos\u00e9 Mar\u00eda Vargas.\"}]},{\"@type\":\"WebSite\",\"@id\":\"\\\/#website\",\"url\":\"\\\/\",\"name\":\"UPTOS Clodosbaldo Russi\u00e1n\",\"description\":\"Universidad Polit\u00e9cnica del Oeste de Sucre\",\"publisher\":{\"@id\":\"\\\/#organization\"},\"potentialAction\":[{\"@type\":\"SearchAction\",\"target\":{\"@type\":\"EntryPoint\",\"urlTemplate\":\"\\\/?s={search_term_string}\"},\"query-input\":{\"@type\":\"PropertyValueSpecification\",\"valueRequired\":true,\"valueName\":\"search_term_string\"}}],\"inLanguage\":\"es\"},{\"@type\":\"Organization\",\"@id\":\"\\\/#organization\",\"name\":\"UPTOS Clodosbaldo Russi\u00e1n\",\"url\":\"\\\/\",\"logo\":{\"@type\":\"ImageObject\",\"inLanguage\":\"es\",\"@id\":\"\\\/#\\\/schema\\\/logo\\\/image\\\/\",\"url\":\"https:\\\/\\\/www.uptos.edu.ve\\\/wp-content\\\/uploads\\\/2026\\\/02\\\/cropped-cropped-WhatsApp-Image-2026-02-11-at-10.17.38-PM-1.jpeg\",\"contentUrl\":\"https:\\\/\\\/www.uptos.edu.ve\\\/wp-content\\\/uploads\\\/2026\\\/02\\\/cropped-cropped-WhatsApp-Image-2026-02-11-at-10.17.38-PM-1.jpeg\",\"width\":1080,\"height\":73,\"caption\":\"UPTOS Clodosbaldo Russi\u00e1n\"},\"image\":{\"@id\":\"\\\/#\\\/schema\\\/logo\\\/image\\\/\"},\"sameAs\":[\"https:\\\/\\\/www.facebook.com\\\/people\\\/UPTOS-Clodosbaldo-Russin\\\/100070891114831\\\/\",\"http:\\\/\\\/instagram.com\\\/uptoscr_oficial\"]}]}<\/script>\n<!-- \/ Yoast SEO plugin. -->","yoast_head_json":{"title":"10 de marzo: Natalicio de Jos\u00e9 Mar\u00eda Vargas. - UPTOS Clodosbaldo Russi\u00e1n","robots":{"index":"index","follow":"follow","max-snippet":"max-snippet:-1","max-image-preview":"max-image-preview:large","max-video-preview":"max-video-preview:-1"},"canonical":"https:\/\/www.uptos.edu.ve\/?tribe_events=10-de-marzo-natalicio-de-jose-maria-vargas","og_locale":"es_ES","og_type":"article","og_title":"10 de marzo: Natalicio de Jos\u00e9 Mar\u00eda Vargas. - UPTOS Clodosbaldo Russi\u00e1n","og_description":"Jos\u00e9 Mar\u00eda Vargas Ponce (La Guaira, 10 de marzo de 1786-Nueva York, 13 de julio de 1854) fue un m\u00e9dico cirujano, cient\u00edfico, catedr\u00e1tico de la Universidad de Caracas, adem\u00e1s de&hellip;","og_url":"https:\/\/www.uptos.edu.ve\/?tribe_events=10-de-marzo-natalicio-de-jose-maria-vargas","og_site_name":"UPTOS Clodosbaldo Russi\u00e1n","article_publisher":"https:\/\/www.facebook.com\/people\/UPTOS-Clodosbaldo-Russin\/100070891114831\/","og_image":[{"width":220,"height":269,"url":"https:\/\/www.uptos.edu.ve\/wp-content\/uploads\/2024\/02\/220px-Jose_Maria_Vargas_by_Martin_Tovar_y_Tovar.jpg","type":"image\/jpeg"}],"twitter_card":"summary_large_image","twitter_misc":{"Tiempo estimado de lectura":"4 minutos"},"schema":{"@context":"https:\/\/schema.org","@graph":[{"@type":"WebPage","@id":"https:\/\/www.uptos.edu.ve\/?tribe_events=10-de-marzo-natalicio-de-jose-maria-vargas","url":"https:\/\/www.uptos.edu.ve\/?tribe_events=10-de-marzo-natalicio-de-jose-maria-vargas","name":"10 de marzo: Natalicio de Jos\u00e9 Mar\u00eda Vargas. - UPTOS Clodosbaldo Russi\u00e1n","isPartOf":{"@id":"\/#website"},"primaryImageOfPage":{"@id":"https:\/\/www.uptos.edu.ve\/?tribe_events=10-de-marzo-natalicio-de-jose-maria-vargas#primaryimage"},"image":{"@id":"https:\/\/www.uptos.edu.ve\/?tribe_events=10-de-marzo-natalicio-de-jose-maria-vargas#primaryimage"},"thumbnailUrl":"https:\/\/www.uptos.edu.ve\/wp-content\/uploads\/2024\/02\/220px-Jose_Maria_Vargas_by_Martin_Tovar_y_Tovar.jpg","datePublished":"2024-02-28T17:14:12+00:00","breadcrumb":{"@id":"https:\/\/www.uptos.edu.ve\/?tribe_events=10-de-marzo-natalicio-de-jose-maria-vargas#breadcrumb"},"inLanguage":"es","potentialAction":[{"@type":"ReadAction","target":["https:\/\/www.uptos.edu.ve\/?tribe_events=10-de-marzo-natalicio-de-jose-maria-vargas"]}]},{"@type":"ImageObject","inLanguage":"es","@id":"https:\/\/www.uptos.edu.ve\/?tribe_events=10-de-marzo-natalicio-de-jose-maria-vargas#primaryimage","url":"https:\/\/www.uptos.edu.ve\/wp-content\/uploads\/2024\/02\/220px-Jose_Maria_Vargas_by_Martin_Tovar_y_Tovar.jpg","contentUrl":"https:\/\/www.uptos.edu.ve\/wp-content\/uploads\/2024\/02\/220px-Jose_Maria_Vargas_by_Martin_Tovar_y_Tovar.jpg","width":220,"height":269},{"@type":"BreadcrumbList","@id":"https:\/\/www.uptos.edu.ve\/?tribe_events=10-de-marzo-natalicio-de-jose-maria-vargas#breadcrumb","itemListElement":[{"@type":"ListItem","position":1,"name":"Home","item":"https:\/\/www.uptos.edu.ve\/"},{"@type":"ListItem","position":2,"name":"Eventos","item":"https:\/\/www.uptos.edu.ve\/?post_type=tribe_events"},{"@type":"ListItem","position":3,"name":"10 de marzo: Natalicio de Jos\u00e9 Mar\u00eda Vargas."}]},{"@type":"WebSite","@id":"\/#website","url":"\/","name":"UPTOS Clodosbaldo Russi\u00e1n","description":"Universidad Polit\u00e9cnica del Oeste de Sucre","publisher":{"@id":"\/#organization"},"potentialAction":[{"@type":"SearchAction","target":{"@type":"EntryPoint","urlTemplate":"\/?s={search_term_string}"},"query-input":{"@type":"PropertyValueSpecification","valueRequired":true,"valueName":"search_term_string"}}],"inLanguage":"es"},{"@type":"Organization","@id":"\/#organization","name":"UPTOS Clodosbaldo Russi\u00e1n","url":"\/","logo":{"@type":"ImageObject","inLanguage":"es","@id":"\/#\/schema\/logo\/image\/","url":"https:\/\/www.uptos.edu.ve\/wp-content\/uploads\/2026\/02\/cropped-cropped-WhatsApp-Image-2026-02-11-at-10.17.38-PM-1.jpeg","contentUrl":"https:\/\/www.uptos.edu.ve\/wp-content\/uploads\/2026\/02\/cropped-cropped-WhatsApp-Image-2026-02-11-at-10.17.38-PM-1.jpeg","width":1080,"height":73,"caption":"UPTOS Clodosbaldo Russi\u00e1n"},"image":{"@id":"\/#\/schema\/logo\/image\/"},"sameAs":["https:\/\/www.facebook.com\/people\/UPTOS-Clodosbaldo-Russin\/100070891114831\/","http:\/\/instagram.com\/uptoscr_oficial"]}]}},"_links":{"self":[{"href":"https:\/\/www.uptos.edu.ve\/index.php?rest_route=\/wp\/v2\/tribe_events\/13069","targetHints":{"allow":["GET"]}}],"collection":[{"href":"https:\/\/www.uptos.edu.ve\/index.php?rest_route=\/wp\/v2\/tribe_events"}],"about":[{"href":"https:\/\/www.uptos.edu.ve\/index.php?rest_route=\/wp\/v2\/types\/tribe_events"}],"author":[{"embeddable":true,"href":"https:\/\/www.uptos.edu.ve\/index.php?rest_route=\/wp\/v2\/users\/1"}],"version-history":[{"count":1,"href":"https:\/\/www.uptos.edu.ve\/index.php?rest_route=\/wp\/v2\/tribe_events\/13069\/revisions"}],"predecessor-version":[{"id":13071,"href":"https:\/\/www.uptos.edu.ve\/index.php?rest_route=\/wp\/v2\/tribe_events\/13069\/revisions\/13071"}],"wp:featuredmedia":[{"embeddable":true,"href":"https:\/\/www.uptos.edu.ve\/index.php?rest_route=\/wp\/v2\/media\/13070"}],"wp:attachment":[{"href":"https:\/\/www.uptos.edu.ve\/index.php?rest_route=%2Fwp%2Fv2%2Fmedia&parent=13069"}],"wp:term":[{"taxonomy":"post_tag","embeddable":true,"href":"https:\/\/www.uptos.edu.ve\/index.php?rest_route=%2Fwp%2Fv2%2Ftags&post=13069"},{"taxonomy":"tribe_events_cat","embeddable":true,"href":"https:\/\/www.uptos.edu.ve\/index.php?rest_route=%2Fwp%2Fv2%2Ftribe_events_cat&post=13069"}],"curies":[{"name":"wp","href":"https:\/\/api.w.org\/{rel}","templated":true}]}}