{"id":13057,"date":"2024-02-28T12:21:06","date_gmt":"2024-02-28T16:21:06","guid":{"rendered":"https:\/\/www.uptos.edu.ve\/?post_type=tribe_events&#038;p=13057"},"modified":"2024-02-28T12:29:35","modified_gmt":"2024-02-28T16:29:35","slug":"fallecimiento-hugo-rafael-chavez-frias","status":"publish","type":"tribe_events","link":"https:\/\/www.uptos.edu.ve\/?tribe_events=fallecimiento-hugo-rafael-chavez-frias","title":{"rendered":"Fallecimiento: Hugo Rafael Ch\u00e1vez Fr\u00edas"},"content":{"rendered":"<p style=\"text-align: justify;\"><span style=\"color: #000000; font-size: 12pt; font-family: arial, helvetica, sans-serif;\"><strong>Hugo Rafael Ch\u00e1vez Fr\u00edas<\/strong> (<a style=\"color: #000000;\" href=\"https:\/\/es.wikipedia.org\/wiki\/Sabaneta_(Venezuela)\">Sabaneta<\/a>, 28 de julio de 1954-<a style=\"color: #000000;\" href=\"https:\/\/es.wikipedia.org\/wiki\/Caracas\">Caracas<\/a>, 5 de marzo de 2013\u200b) fue un pol\u00edtico y militar venezolano, presidente de <a style=\"color: #000000;\" href=\"https:\/\/es.wikipedia.org\/wiki\/Venezuela\">Venezuela<\/a> desde 1999 hasta su fallecimiento en 2013. Fue tambi\u00e9n l\u00edder del <a style=\"color: #000000;\" href=\"https:\/\/es.wikipedia.org\/wiki\/Movimiento_Quinta_Rep%C3%BAblica\">Movimiento Quinta Rep\u00fablica<\/a> desde su fundaci\u00f3n en 1997 hasta 2007, cuando se fusion\u00f3 junto con otros partidos para crear el <a style=\"color: #000000;\" href=\"https:\/\/es.wikipedia.org\/wiki\/Partido_Socialista_Unido_de_Venezuela\">Partido Socialista Unido de Venezuela<\/a> (PSUV), que dirigi\u00f3 hasta 2012.<\/span><\/p>\n<p style=\"text-align: justify;\"><span style=\"color: #000000; font-size: 12pt; font-family: arial, helvetica, sans-serif;\">Nacido en una familia de profesores de escuela en <a style=\"color: #000000;\" href=\"https:\/\/es.wikipedia.org\/wiki\/Sabaneta_(Venezuela)\">Sabaneta<\/a>, <a style=\"color: #000000;\" href=\"https:\/\/es.wikipedia.org\/wiki\/Estado_Barinas\">estado Barinas<\/a>, posteriormente Ch\u00e1vez se convirti\u00f3 en un oficial de carrera del Ej\u00e9rcito. Fund\u00f3 el clandestino <a style=\"color: #000000;\" href=\"https:\/\/es.wikipedia.org\/wiki\/Movimiento_Bolivariano_Revolucionario_200\">Movimiento Bolivariano Revolucionario 200<\/a> (MBR-200) a principios de la d\u00e9cada de 1980. Hugo Ch\u00e1vez encabez\u00f3 al <a style=\"color: #000000;\" href=\"https:\/\/es.wikipedia.org\/wiki\/MBR-200\">MBR-200<\/a> en un <a style=\"color: #000000;\" href=\"https:\/\/es.wikipedia.org\/wiki\/Golpe_de_Estado_en_Venezuela_de_noviembre_de_1992\">fallido golpe de Estado<\/a> contra el gobierno de <a style=\"color: #000000;\" href=\"https:\/\/es.wikipedia.org\/wiki\/Acci%C3%B3n_Democr%C3%A1tica\">Acci\u00f3n Democr\u00e1tica<\/a> del presidente <a style=\"color: #000000;\" href=\"https:\/\/es.wikipedia.org\/wiki\/Carlos_Andr%C3%A9s_P%C3%A9rez\">Carlos Andr\u00e9s P\u00e9rez<\/a> en 1992, golpe por el que fue encarcelado. Es liberado de prisi\u00f3n en 1994 por un <a style=\"color: #000000;\" href=\"https:\/\/es.wikipedia.org\/wiki\/Sobreseimiento\">sobreseimiento<\/a> otorgado por el presidente <a style=\"color: #000000;\" href=\"https:\/\/es.wikipedia.org\/wiki\/Rafael_Caldera\">Rafael Caldera<\/a>.\u200b Seguido a ello, fund\u00f3 el partido pol\u00edtico <a style=\"color: #000000;\" href=\"https:\/\/es.wikipedia.org\/wiki\/Movimiento_Quinta_Rep%C3%BAblica\">Movimiento Quinta Rep\u00fablica<\/a> y fue elegido presidente de Venezuela en las <a style=\"color: #000000;\" href=\"https:\/\/es.wikipedia.org\/wiki\/Elecciones_presidenciales_de_Venezuela_de_1998\">elecciones de 1998<\/a>. Fue reelegido en las <a style=\"color: #000000;\" href=\"https:\/\/es.wikipedia.org\/wiki\/Elecciones_presidenciales_de_Venezuela_de_2000\">elecciones del a\u00f1o 2000<\/a>, y poco despu\u00e9s se enfrent\u00f3 a un caos que produjo un <a style=\"color: #000000;\" href=\"https:\/\/es.wikipedia.org\/wiki\/Vac%C3%ADo_de_poder\">vac\u00edo de poder<\/a> y dos a\u00f1os m\u00e1s tarde fue declarado como un <a style=\"color: #000000;\" href=\"https:\/\/es.wikipedia.org\/wiki\/Golpe_de_Estado_en_Venezuela_de_2002\">fallido golpe de Estado en su contra<\/a> al alterar el n\u00famero de magistrados de 20 a 32 del Tribunal Supremo de Justicia, al que le sigui\u00f3 el llamado \u00ab<a style=\"color: #000000;\" href=\"https:\/\/es.wikipedia.org\/wiki\/Paro_general_en_Venezuela_de_2002-2003\">paro petrolero<\/a>\u00bb, que se prolong\u00f3 hasta 2003. Al ganar el <a style=\"color: #000000;\" href=\"https:\/\/es.wikipedia.org\/wiki\/Refer%C3%A9ndum_presidencial_de_Venezuela_de_2004\">refer\u00e9ndum presidencial de 2004<\/a>, fue reelegido en <a style=\"color: #000000;\" href=\"https:\/\/es.wikipedia.org\/wiki\/Elecciones_presidenciales_de_Venezuela_de_2006\">las elecciones de 2006<\/a>, donde obtuvo m\u00e1s del 60\u00a0% de los votos y volvi\u00f3 a obtener la victoria en las elecciones de octubre de 2012.\u200b En esta \u00faltima ocasi\u00f3n, no pudo juramentarse como presidente, lo cual estaba planeado para el 10 de enero de 2013, debido a que la <a style=\"color: #000000;\" href=\"https:\/\/es.wikipedia.org\/wiki\/Asamblea_Nacional_de_Venezuela\">Asamblea Nacional de Venezuela<\/a> pospuso la investidura para permitirle recuperarse en <a style=\"color: #000000;\" href=\"https:\/\/es.wikipedia.org\/wiki\/Cuba\">Cuba<\/a> del c\u00e1ncer que padec\u00eda.\u200b Diagnosticado con c\u00e1ncer desde junio de 2011, Ch\u00e1vez fallece seg\u00fan se dice oficialmente en <a style=\"color: #000000;\" href=\"https:\/\/es.wikipedia.org\/wiki\/Caracas\">Caracas<\/a> el 5 de marzo de 2013 a la edad de 58 a\u00f1os, la informaci\u00f3n estaba <a style=\"color: #000000;\" href=\"https:\/\/es.wikipedia.org\/wiki\/Censura_en_Venezuela\">censurada para la prensa libre<\/a>.<br \/>\n<\/span><\/p>\n<p><span style=\"font-family: arial, helvetica, sans-serif; font-size: 12pt; color: #000000;\">Fuente: Wikipedia<\/span><\/p>\n","protected":false},"excerpt":{"rendered":"<p>Hugo Rafael Ch\u00e1vez Fr\u00edas (Sabaneta, 28 de julio de 1954-Caracas, 5 de marzo de 2013\u200b) fue un pol\u00edtico y militar venezolano, presidente de Venezuela desde 1999 hasta su fallecimiento en&hellip;<\/p>\n","protected":false},"author":1,"featured_media":13058,"template":"","meta":{"_monsterinsights_skip_tracking":false,"_monsterinsights_sitenote_active":false,"_monsterinsights_sitenote_note":"","_monsterinsights_sitenote_category":0,"_tribe_events_status":"","_tribe_events_status_reason":"","footnotes":""},"tags":[],"tribe_events_cat":[],"class_list":["post-13057","tribe_events","type-tribe_events","status-publish","has-post-thumbnail","hentry"],"yoast_head":"<!-- This site is optimized with the Yoast SEO plugin v27.4 - https:\/\/yoast.com\/product\/yoast-seo-wordpress\/ -->\n<title>Fallecimiento: Hugo Rafael Ch\u00e1vez Fr\u00edas - UPTOS Clodosbaldo Russi\u00e1n<\/title>\n<meta name=\"robots\" content=\"index, follow, max-snippet:-1, max-image-preview:large, max-video-preview:-1\" \/>\n<link rel=\"canonical\" href=\"https:\/\/www.uptos.edu.ve\/?tribe_events=fallecimiento-hugo-rafael-chavez-frias\" \/>\n<meta property=\"og:locale\" content=\"es_ES\" \/>\n<meta property=\"og:type\" content=\"article\" \/>\n<meta property=\"og:title\" content=\"Fallecimiento: Hugo Rafael Ch\u00e1vez Fr\u00edas - UPTOS Clodosbaldo Russi\u00e1n\" \/>\n<meta property=\"og:description\" content=\"Hugo Rafael Ch\u00e1vez Fr\u00edas (Sabaneta, 28 de julio de 1954-Caracas, 5 de marzo de 2013\u200b) fue un pol\u00edtico y militar venezolano, presidente de Venezuela desde 1999 hasta su fallecimiento en&hellip;\" \/>\n<meta property=\"og:url\" content=\"https:\/\/www.uptos.edu.ve\/?tribe_events=fallecimiento-hugo-rafael-chavez-frias\" \/>\n<meta property=\"og:site_name\" content=\"UPTOS Clodosbaldo Russi\u00e1n\" \/>\n<meta property=\"article:publisher\" content=\"https:\/\/www.facebook.com\/people\/UPTOS-Clodosbaldo-Russin\/100070891114831\/\" \/>\n<meta property=\"article:modified_time\" content=\"2024-02-28T16:29:35+00:00\" \/>\n<meta property=\"og:image\" content=\"https:\/\/www.uptos.edu.ve\/wp-content\/uploads\/2024\/02\/Hugo_Rafael_Chavez_Frias.jpeg\" \/>\n\t<meta property=\"og:image:width\" content=\"220\" \/>\n\t<meta property=\"og:image:height\" content=\"277\" \/>\n\t<meta property=\"og:image:type\" content=\"image\/jpeg\" \/>\n<meta name=\"twitter:card\" content=\"summary_large_image\" \/>\n<meta name=\"twitter:label1\" content=\"Tiempo estimado de lectura\" \/>\n\t<meta name=\"twitter:data1\" content=\"2 minutos\" \/>\n<script type=\"application\/ld+json\" class=\"yoast-schema-graph\">{\"@context\":\"https:\\\/\\\/schema.org\",\"@graph\":[{\"@type\":\"WebPage\",\"@id\":\"https:\\\/\\\/www.uptos.edu.ve\\\/?tribe_events=fallecimiento-hugo-rafael-chavez-frias\",\"url\":\"https:\\\/\\\/www.uptos.edu.ve\\\/?tribe_events=fallecimiento-hugo-rafael-chavez-frias\",\"name\":\"Fallecimiento: Hugo Rafael Ch\u00e1vez Fr\u00edas - UPTOS Clodosbaldo Russi\u00e1n\",\"isPartOf\":{\"@id\":\"\\\/#website\"},\"primaryImageOfPage\":{\"@id\":\"https:\\\/\\\/www.uptos.edu.ve\\\/?tribe_events=fallecimiento-hugo-rafael-chavez-frias#primaryimage\"},\"image\":{\"@id\":\"https:\\\/\\\/www.uptos.edu.ve\\\/?tribe_events=fallecimiento-hugo-rafael-chavez-frias#primaryimage\"},\"thumbnailUrl\":\"https:\\\/\\\/www.uptos.edu.ve\\\/wp-content\\\/uploads\\\/2024\\\/02\\\/Hugo_Rafael_Chavez_Frias.jpeg\",\"datePublished\":\"2024-02-28T16:21:06+00:00\",\"dateModified\":\"2024-02-28T16:29:35+00:00\",\"breadcrumb\":{\"@id\":\"https:\\\/\\\/www.uptos.edu.ve\\\/?tribe_events=fallecimiento-hugo-rafael-chavez-frias#breadcrumb\"},\"inLanguage\":\"es\",\"potentialAction\":[{\"@type\":\"ReadAction\",\"target\":[\"https:\\\/\\\/www.uptos.edu.ve\\\/?tribe_events=fallecimiento-hugo-rafael-chavez-frias\"]}]},{\"@type\":\"ImageObject\",\"inLanguage\":\"es\",\"@id\":\"https:\\\/\\\/www.uptos.edu.ve\\\/?tribe_events=fallecimiento-hugo-rafael-chavez-frias#primaryimage\",\"url\":\"https:\\\/\\\/www.uptos.edu.ve\\\/wp-content\\\/uploads\\\/2024\\\/02\\\/Hugo_Rafael_Chavez_Frias.jpeg\",\"contentUrl\":\"https:\\\/\\\/www.uptos.edu.ve\\\/wp-content\\\/uploads\\\/2024\\\/02\\\/Hugo_Rafael_Chavez_Frias.jpeg\",\"width\":220,\"height\":277,\"caption\":\"Bras\u00edlia-DF, 06\\\/06\\\/2011. Presidenta Dilma Rousseff durante Cerim\u00f4nia oficial de chegada do presidente da Venezuela, Hugo Ch\u00e1vez. Foto: Roberto stuckert Filho\\\/PR.\"},{\"@type\":\"BreadcrumbList\",\"@id\":\"https:\\\/\\\/www.uptos.edu.ve\\\/?tribe_events=fallecimiento-hugo-rafael-chavez-frias#breadcrumb\",\"itemListElement\":[{\"@type\":\"ListItem\",\"position\":1,\"name\":\"Home\",\"item\":\"https:\\\/\\\/www.uptos.edu.ve\\\/\"},{\"@type\":\"ListItem\",\"position\":2,\"name\":\"Eventos\",\"item\":\"https:\\\/\\\/www.uptos.edu.ve\\\/?post_type=tribe_events\"},{\"@type\":\"ListItem\",\"position\":3,\"name\":\"Fallecimiento: Hugo Rafael Ch\u00e1vez Fr\u00edas\"}]},{\"@type\":\"WebSite\",\"@id\":\"\\\/#website\",\"url\":\"\\\/\",\"name\":\"UPTOS Clodosbaldo Russi\u00e1n\",\"description\":\"Universidad Polit\u00e9cnica del Oeste de Sucre\",\"publisher\":{\"@id\":\"\\\/#organization\"},\"potentialAction\":[{\"@type\":\"SearchAction\",\"target\":{\"@type\":\"EntryPoint\",\"urlTemplate\":\"\\\/?s={search_term_string}\"},\"query-input\":{\"@type\":\"PropertyValueSpecification\",\"valueRequired\":true,\"valueName\":\"search_term_string\"}}],\"inLanguage\":\"es\"},{\"@type\":\"Organization\",\"@id\":\"\\\/#organization\",\"name\":\"UPTOS Clodosbaldo Russi\u00e1n\",\"url\":\"\\\/\",\"logo\":{\"@type\":\"ImageObject\",\"inLanguage\":\"es\",\"@id\":\"\\\/#\\\/schema\\\/logo\\\/image\\\/\",\"url\":\"https:\\\/\\\/www.uptos.edu.ve\\\/wp-content\\\/uploads\\\/2026\\\/02\\\/cropped-cropped-WhatsApp-Image-2026-02-11-at-10.17.38-PM-1.jpeg\",\"contentUrl\":\"https:\\\/\\\/www.uptos.edu.ve\\\/wp-content\\\/uploads\\\/2026\\\/02\\\/cropped-cropped-WhatsApp-Image-2026-02-11-at-10.17.38-PM-1.jpeg\",\"width\":1080,\"height\":73,\"caption\":\"UPTOS Clodosbaldo Russi\u00e1n\"},\"image\":{\"@id\":\"\\\/#\\\/schema\\\/logo\\\/image\\\/\"},\"sameAs\":[\"https:\\\/\\\/www.facebook.com\\\/people\\\/UPTOS-Clodosbaldo-Russin\\\/100070891114831\\\/\",\"http:\\\/\\\/instagram.com\\\/uptoscr_oficial\"]}]}<\/script>\n<!-- \/ Yoast SEO plugin. -->","yoast_head_json":{"title":"Fallecimiento: Hugo Rafael Ch\u00e1vez Fr\u00edas - UPTOS Clodosbaldo Russi\u00e1n","robots":{"index":"index","follow":"follow","max-snippet":"max-snippet:-1","max-image-preview":"max-image-preview:large","max-video-preview":"max-video-preview:-1"},"canonical":"https:\/\/www.uptos.edu.ve\/?tribe_events=fallecimiento-hugo-rafael-chavez-frias","og_locale":"es_ES","og_type":"article","og_title":"Fallecimiento: Hugo Rafael Ch\u00e1vez Fr\u00edas - UPTOS Clodosbaldo Russi\u00e1n","og_description":"Hugo Rafael Ch\u00e1vez Fr\u00edas (Sabaneta, 28 de julio de 1954-Caracas, 5 de marzo de 2013\u200b) fue un pol\u00edtico y militar venezolano, presidente de Venezuela desde 1999 hasta su fallecimiento en&hellip;","og_url":"https:\/\/www.uptos.edu.ve\/?tribe_events=fallecimiento-hugo-rafael-chavez-frias","og_site_name":"UPTOS Clodosbaldo Russi\u00e1n","article_publisher":"https:\/\/www.facebook.com\/people\/UPTOS-Clodosbaldo-Russin\/100070891114831\/","article_modified_time":"2024-02-28T16:29:35+00:00","og_image":[{"width":220,"height":277,"url":"https:\/\/www.uptos.edu.ve\/wp-content\/uploads\/2024\/02\/Hugo_Rafael_Chavez_Frias.jpeg","type":"image\/jpeg"}],"twitter_card":"summary_large_image","twitter_misc":{"Tiempo estimado de lectura":"2 minutos"},"schema":{"@context":"https:\/\/schema.org","@graph":[{"@type":"WebPage","@id":"https:\/\/www.uptos.edu.ve\/?tribe_events=fallecimiento-hugo-rafael-chavez-frias","url":"https:\/\/www.uptos.edu.ve\/?tribe_events=fallecimiento-hugo-rafael-chavez-frias","name":"Fallecimiento: Hugo Rafael Ch\u00e1vez Fr\u00edas - UPTOS Clodosbaldo Russi\u00e1n","isPartOf":{"@id":"\/#website"},"primaryImageOfPage":{"@id":"https:\/\/www.uptos.edu.ve\/?tribe_events=fallecimiento-hugo-rafael-chavez-frias#primaryimage"},"image":{"@id":"https:\/\/www.uptos.edu.ve\/?tribe_events=fallecimiento-hugo-rafael-chavez-frias#primaryimage"},"thumbnailUrl":"https:\/\/www.uptos.edu.ve\/wp-content\/uploads\/2024\/02\/Hugo_Rafael_Chavez_Frias.jpeg","datePublished":"2024-02-28T16:21:06+00:00","dateModified":"2024-02-28T16:29:35+00:00","breadcrumb":{"@id":"https:\/\/www.uptos.edu.ve\/?tribe_events=fallecimiento-hugo-rafael-chavez-frias#breadcrumb"},"inLanguage":"es","potentialAction":[{"@type":"ReadAction","target":["https:\/\/www.uptos.edu.ve\/?tribe_events=fallecimiento-hugo-rafael-chavez-frias"]}]},{"@type":"ImageObject","inLanguage":"es","@id":"https:\/\/www.uptos.edu.ve\/?tribe_events=fallecimiento-hugo-rafael-chavez-frias#primaryimage","url":"https:\/\/www.uptos.edu.ve\/wp-content\/uploads\/2024\/02\/Hugo_Rafael_Chavez_Frias.jpeg","contentUrl":"https:\/\/www.uptos.edu.ve\/wp-content\/uploads\/2024\/02\/Hugo_Rafael_Chavez_Frias.jpeg","width":220,"height":277,"caption":"Bras\u00edlia-DF, 06\/06\/2011. Presidenta Dilma Rousseff durante Cerim\u00f4nia oficial de chegada do presidente da Venezuela, Hugo Ch\u00e1vez. Foto: Roberto stuckert Filho\/PR."},{"@type":"BreadcrumbList","@id":"https:\/\/www.uptos.edu.ve\/?tribe_events=fallecimiento-hugo-rafael-chavez-frias#breadcrumb","itemListElement":[{"@type":"ListItem","position":1,"name":"Home","item":"https:\/\/www.uptos.edu.ve\/"},{"@type":"ListItem","position":2,"name":"Eventos","item":"https:\/\/www.uptos.edu.ve\/?post_type=tribe_events"},{"@type":"ListItem","position":3,"name":"Fallecimiento: Hugo Rafael Ch\u00e1vez Fr\u00edas"}]},{"@type":"WebSite","@id":"\/#website","url":"\/","name":"UPTOS Clodosbaldo Russi\u00e1n","description":"Universidad Polit\u00e9cnica del Oeste de Sucre","publisher":{"@id":"\/#organization"},"potentialAction":[{"@type":"SearchAction","target":{"@type":"EntryPoint","urlTemplate":"\/?s={search_term_string}"},"query-input":{"@type":"PropertyValueSpecification","valueRequired":true,"valueName":"search_term_string"}}],"inLanguage":"es"},{"@type":"Organization","@id":"\/#organization","name":"UPTOS Clodosbaldo Russi\u00e1n","url":"\/","logo":{"@type":"ImageObject","inLanguage":"es","@id":"\/#\/schema\/logo\/image\/","url":"https:\/\/www.uptos.edu.ve\/wp-content\/uploads\/2026\/02\/cropped-cropped-WhatsApp-Image-2026-02-11-at-10.17.38-PM-1.jpeg","contentUrl":"https:\/\/www.uptos.edu.ve\/wp-content\/uploads\/2026\/02\/cropped-cropped-WhatsApp-Image-2026-02-11-at-10.17.38-PM-1.jpeg","width":1080,"height":73,"caption":"UPTOS Clodosbaldo Russi\u00e1n"},"image":{"@id":"\/#\/schema\/logo\/image\/"},"sameAs":["https:\/\/www.facebook.com\/people\/UPTOS-Clodosbaldo-Russin\/100070891114831\/","http:\/\/instagram.com\/uptoscr_oficial"]}]}},"_links":{"self":[{"href":"https:\/\/www.uptos.edu.ve\/index.php?rest_route=\/wp\/v2\/tribe_events\/13057","targetHints":{"allow":["GET"]}}],"collection":[{"href":"https:\/\/www.uptos.edu.ve\/index.php?rest_route=\/wp\/v2\/tribe_events"}],"about":[{"href":"https:\/\/www.uptos.edu.ve\/index.php?rest_route=\/wp\/v2\/types\/tribe_events"}],"author":[{"embeddable":true,"href":"https:\/\/www.uptos.edu.ve\/index.php?rest_route=\/wp\/v2\/users\/1"}],"version-history":[{"count":3,"href":"https:\/\/www.uptos.edu.ve\/index.php?rest_route=\/wp\/v2\/tribe_events\/13057\/revisions"}],"predecessor-version":[{"id":13061,"href":"https:\/\/www.uptos.edu.ve\/index.php?rest_route=\/wp\/v2\/tribe_events\/13057\/revisions\/13061"}],"wp:featuredmedia":[{"embeddable":true,"href":"https:\/\/www.uptos.edu.ve\/index.php?rest_route=\/wp\/v2\/media\/13058"}],"wp:attachment":[{"href":"https:\/\/www.uptos.edu.ve\/index.php?rest_route=%2Fwp%2Fv2%2Fmedia&parent=13057"}],"wp:term":[{"taxonomy":"post_tag","embeddable":true,"href":"https:\/\/www.uptos.edu.ve\/index.php?rest_route=%2Fwp%2Fv2%2Ftags&post=13057"},{"taxonomy":"tribe_events_cat","embeddable":true,"href":"https:\/\/www.uptos.edu.ve\/index.php?rest_route=%2Fwp%2Fv2%2Ftribe_events_cat&post=13057"}],"curies":[{"name":"wp","href":"https:\/\/api.w.org\/{rel}","templated":true}]}}