{"id":13054,"date":"2024-02-28T11:11:37","date_gmt":"2024-02-28T15:11:37","guid":{"rendered":"https:\/\/www.uptos.edu.ve\/?post_type=tribe_events&#038;p=13054"},"modified":"2024-02-28T11:12:55","modified_gmt":"2024-02-28T15:12:55","slug":"28-de-febrero-natalicio-de-antonio-guzman-blanco","status":"publish","type":"tribe_events","link":"https:\/\/www.uptos.edu.ve\/?tribe_events=28-de-febrero-natalicio-de-antonio-guzman-blanco","title":{"rendered":"28 de Febrero Natalicio de Antonio Guzm\u00e1n Blanco"},"content":{"rendered":"<p style=\"text-align: justify;\"><span style=\"font-size: 12pt; color: #000000; font-family: arial, helvetica, sans-serif;\"><strong>Antonio Jos\u00e9 Leocadio Ram\u00f3n de La Trinidad y Mar\u00eda Guzm\u00e1n Blanco<\/strong> (<a style=\"color: #000000;\" href=\"https:\/\/es.wikipedia.org\/wiki\/Caracas\">Caracas<\/a>, 28 de febrero de 1829 &#8211; <a style=\"color: #000000;\" href=\"https:\/\/es.wikipedia.org\/wiki\/Par%C3%ADs\">Par\u00eds<\/a>, <a style=\"color: #000000;\" href=\"https:\/\/es.wikipedia.org\/wiki\/Francia\">Francia<\/a>, 28 de julio de 1899), fue un <a style=\"color: #000000;\" href=\"https:\/\/es.wikipedia.org\/wiki\/Militar\">militar<\/a>, <a style=\"color: #000000;\" href=\"https:\/\/es.wikipedia.org\/wiki\/Estadista\">estadista<\/a>, <a style=\"color: #000000;\" href=\"https:\/\/es.wikipedia.org\/wiki\/Caudillo\">caudillo<\/a>, <a style=\"color: #000000;\" href=\"https:\/\/es.wikipedia.org\/wiki\/Diplom%C3%A1tico\">diplom\u00e1tico<\/a>, <a style=\"color: #000000;\" href=\"https:\/\/es.wikipedia.org\/wiki\/Abogado\">abogado<\/a>, <a style=\"color: #000000;\" href=\"https:\/\/es.wikipedia.org\/wiki\/Pol%C3%ADtico\">pol\u00edtico<\/a> y <a style=\"color: #000000;\" href=\"https:\/\/es.wikipedia.org\/wiki\/Dictadura\">dictador<\/a> <a style=\"color: #000000;\" href=\"https:\/\/es.wikipedia.org\/wiki\/Venezolanos\">venezolano<\/a>, part\u00edcipe y <a style=\"color: #000000;\" href=\"https:\/\/es.wikipedia.org\/wiki\/General\">general<\/a> durante la <a style=\"color: #000000;\" href=\"https:\/\/es.wikipedia.org\/wiki\/Guerra_Federal\">Guerra Federal<\/a>, <a style=\"color: #000000;\" href=\"https:\/\/es.wikipedia.org\/wiki\/Vicepresidente\">vicepresidente<\/a>, ministro de distintas carteras y enviado diplom\u00e1tico del gobierno de <a style=\"color: #000000;\" href=\"https:\/\/es.wikipedia.org\/wiki\/Juan_Cris%C3%B3stomo_Falc%C3%B3n\">Juan Cris\u00f3stomo Falc\u00f3n<\/a> entre (1863-1868) y finalmente <a style=\"color: #000000;\" href=\"https:\/\/es.wikipedia.org\/wiki\/Presidente_de_Venezuela\">presidente de Venezuela<\/a> en tres ocasiones (1870-1877, 1879-1884, y 1886-1888).<\/span><\/p>\n<p style=\"text-align: justify;\"><span style=\"font-size: 12pt; color: #000000; font-family: arial, helvetica, sans-serif;\">Es tradicionalmente considerado, en la historiograf\u00eda venezolana, como el m\u00e1s notorio ejemplo del \u00abaut\u00f3crata Ilustrado\u00bb en la naci\u00f3n. Fue un gobernante efectivo que promovi\u00f3 el progreso de <a style=\"color: #000000;\" href=\"https:\/\/es.wikipedia.org\/wiki\/Venezuela\">Venezuela<\/a> en aspectos de la econom\u00eda, educaci\u00f3n y pol\u00edtica, pero fue personalista y desp\u00f3tico en la pr\u00e1ctica de su poder. Su permanencia como presidente del pa\u00eds durante tres per\u00edodos que suman casi 14 a\u00f1os se complement\u00f3 con 6 a\u00f1os de \u00abgobiernos t\u00edteres\u00bb con figuras como <a style=\"color: #000000;\" href=\"https:\/\/es.wikipedia.org\/wiki\/Francisco_Linares_Alc%C3%A1ntara\">Francisco Linares Alc\u00e1ntara<\/a> (1877-1878), <a style=\"color: #000000;\" href=\"https:\/\/es.wikipedia.org\/wiki\/Jos%C3%A9_Gregorio_Valera\">Jos\u00e9 Gregorio Valera<\/a> (1878), <a style=\"color: #000000;\" href=\"https:\/\/es.wikipedia.org\/wiki\/Joaqu%C3%ADn_Crespo\">Joaqu\u00edn Crespo<\/a> (1884-1886) y <a style=\"color: #000000;\" href=\"https:\/\/es.wikipedia.org\/wiki\/Herm%C3%B3genes_L%C3%B3pez\">Herm\u00f3genes L\u00f3pez<\/a> (1887-1888), todos partidarios del \u00abguzmancismo\u00bb. Estas dos d\u00e9cadas son conocidas en la <a style=\"color: #000000;\" href=\"https:\/\/es.wikipedia.org\/wiki\/Historia_de_Venezuela\">historia de Venezuela<\/a> como el \u00ab<a style=\"color: #000000;\" href=\"https:\/\/es.wikipedia.org\/wiki\/Guzmanato\">guzmanato<\/a>\u00bb o \u00ab<a style=\"color: #000000;\" href=\"https:\/\/es.wikipedia.org\/wiki\/Hegemon%C3%ADa\">hegemon\u00eda<\/a> guzmancista\u00bb.<\/span><\/p>\n","protected":false},"excerpt":{"rendered":"<p>Antonio Jos\u00e9 Leocadio Ram\u00f3n de La Trinidad y Mar\u00eda Guzm\u00e1n Blanco (Caracas, 28 de febrero de 1829 &#8211; Par\u00eds, Francia, 28 de julio de 1899), fue un militar, estadista, caudillo,&hellip;<\/p>\n","protected":false},"author":1,"featured_media":13055,"template":"","meta":{"_monsterinsights_skip_tracking":false,"_monsterinsights_sitenote_active":false,"_monsterinsights_sitenote_note":"","_monsterinsights_sitenote_category":0,"_tribe_events_status":"","_tribe_events_status_reason":"","footnotes":""},"tags":[],"tribe_events_cat":[],"class_list":["post-13054","tribe_events","type-tribe_events","status-publish","has-post-thumbnail","hentry"],"yoast_head":"<!-- This site is optimized with the Yoast SEO plugin v27.4 - https:\/\/yoast.com\/product\/yoast-seo-wordpress\/ -->\n<title>28 de Febrero Natalicio de Antonio Guzm\u00e1n Blanco - UPTOS Clodosbaldo Russi\u00e1n<\/title>\n<meta name=\"robots\" content=\"index, follow, max-snippet:-1, max-image-preview:large, max-video-preview:-1\" \/>\n<link rel=\"canonical\" href=\"https:\/\/www.uptos.edu.ve\/?tribe_events=28-de-febrero-natalicio-de-antonio-guzman-blanco\" \/>\n<meta property=\"og:locale\" content=\"es_ES\" \/>\n<meta property=\"og:type\" content=\"article\" \/>\n<meta property=\"og:title\" content=\"28 de Febrero Natalicio de Antonio Guzm\u00e1n Blanco - UPTOS Clodosbaldo Russi\u00e1n\" \/>\n<meta property=\"og:description\" content=\"Antonio Jos\u00e9 Leocadio Ram\u00f3n de La Trinidad y Mar\u00eda Guzm\u00e1n Blanco (Caracas, 28 de febrero de 1829 &#8211; Par\u00eds, Francia, 28 de julio de 1899), fue un militar, estadista, caudillo,&hellip;\" \/>\n<meta property=\"og:url\" content=\"https:\/\/www.uptos.edu.ve\/?tribe_events=28-de-febrero-natalicio-de-antonio-guzman-blanco\" \/>\n<meta property=\"og:site_name\" content=\"UPTOS Clodosbaldo Russi\u00e1n\" \/>\n<meta property=\"article:publisher\" content=\"https:\/\/www.facebook.com\/people\/UPTOS-Clodosbaldo-Russin\/100070891114831\/\" \/>\n<meta property=\"article:modified_time\" content=\"2024-02-28T15:12:55+00:00\" \/>\n<meta property=\"og:image\" content=\"https:\/\/www.uptos.edu.ve\/wp-content\/uploads\/2024\/02\/220px-Martin_Tovar_y_Tovar_20.jpg\" \/>\n\t<meta property=\"og:image:width\" content=\"220\" \/>\n\t<meta property=\"og:image:height\" content=\"297\" \/>\n\t<meta property=\"og:image:type\" content=\"image\/jpeg\" \/>\n<meta name=\"twitter:card\" content=\"summary_large_image\" \/>\n<meta name=\"twitter:label1\" content=\"Tiempo estimado de lectura\" \/>\n\t<meta name=\"twitter:data1\" content=\"2 minutos\" \/>\n<script type=\"application\/ld+json\" class=\"yoast-schema-graph\">{\"@context\":\"https:\\\/\\\/schema.org\",\"@graph\":[{\"@type\":\"WebPage\",\"@id\":\"https:\\\/\\\/www.uptos.edu.ve\\\/?tribe_events=28-de-febrero-natalicio-de-antonio-guzman-blanco\",\"url\":\"https:\\\/\\\/www.uptos.edu.ve\\\/?tribe_events=28-de-febrero-natalicio-de-antonio-guzman-blanco\",\"name\":\"28 de Febrero Natalicio de Antonio Guzm\u00e1n Blanco - UPTOS Clodosbaldo Russi\u00e1n\",\"isPartOf\":{\"@id\":\"\\\/#website\"},\"primaryImageOfPage\":{\"@id\":\"https:\\\/\\\/www.uptos.edu.ve\\\/?tribe_events=28-de-febrero-natalicio-de-antonio-guzman-blanco#primaryimage\"},\"image\":{\"@id\":\"https:\\\/\\\/www.uptos.edu.ve\\\/?tribe_events=28-de-febrero-natalicio-de-antonio-guzman-blanco#primaryimage\"},\"thumbnailUrl\":\"https:\\\/\\\/www.uptos.edu.ve\\\/wp-content\\\/uploads\\\/2024\\\/02\\\/220px-Martin_Tovar_y_Tovar_20.jpg\",\"datePublished\":\"2024-02-28T15:11:37+00:00\",\"dateModified\":\"2024-02-28T15:12:55+00:00\",\"breadcrumb\":{\"@id\":\"https:\\\/\\\/www.uptos.edu.ve\\\/?tribe_events=28-de-febrero-natalicio-de-antonio-guzman-blanco#breadcrumb\"},\"inLanguage\":\"es\",\"potentialAction\":[{\"@type\":\"ReadAction\",\"target\":[\"https:\\\/\\\/www.uptos.edu.ve\\\/?tribe_events=28-de-febrero-natalicio-de-antonio-guzman-blanco\"]}]},{\"@type\":\"ImageObject\",\"inLanguage\":\"es\",\"@id\":\"https:\\\/\\\/www.uptos.edu.ve\\\/?tribe_events=28-de-febrero-natalicio-de-antonio-guzman-blanco#primaryimage\",\"url\":\"https:\\\/\\\/www.uptos.edu.ve\\\/wp-content\\\/uploads\\\/2024\\\/02\\\/220px-Martin_Tovar_y_Tovar_20.jpg\",\"contentUrl\":\"https:\\\/\\\/www.uptos.edu.ve\\\/wp-content\\\/uploads\\\/2024\\\/02\\\/220px-Martin_Tovar_y_Tovar_20.jpg\",\"width\":220,\"height\":297},{\"@type\":\"BreadcrumbList\",\"@id\":\"https:\\\/\\\/www.uptos.edu.ve\\\/?tribe_events=28-de-febrero-natalicio-de-antonio-guzman-blanco#breadcrumb\",\"itemListElement\":[{\"@type\":\"ListItem\",\"position\":1,\"name\":\"Home\",\"item\":\"https:\\\/\\\/www.uptos.edu.ve\\\/\"},{\"@type\":\"ListItem\",\"position\":2,\"name\":\"Eventos\",\"item\":\"https:\\\/\\\/www.uptos.edu.ve\\\/?post_type=tribe_events\"},{\"@type\":\"ListItem\",\"position\":3,\"name\":\"28 de Febrero Natalicio de Antonio Guzm\u00e1n Blanco\"}]},{\"@type\":\"WebSite\",\"@id\":\"\\\/#website\",\"url\":\"\\\/\",\"name\":\"UPTOS Clodosbaldo Russi\u00e1n\",\"description\":\"Universidad Polit\u00e9cnica del Oeste de Sucre\",\"publisher\":{\"@id\":\"\\\/#organization\"},\"potentialAction\":[{\"@type\":\"SearchAction\",\"target\":{\"@type\":\"EntryPoint\",\"urlTemplate\":\"\\\/?s={search_term_string}\"},\"query-input\":{\"@type\":\"PropertyValueSpecification\",\"valueRequired\":true,\"valueName\":\"search_term_string\"}}],\"inLanguage\":\"es\"},{\"@type\":\"Organization\",\"@id\":\"\\\/#organization\",\"name\":\"UPTOS Clodosbaldo Russi\u00e1n\",\"url\":\"\\\/\",\"logo\":{\"@type\":\"ImageObject\",\"inLanguage\":\"es\",\"@id\":\"\\\/#\\\/schema\\\/logo\\\/image\\\/\",\"url\":\"https:\\\/\\\/www.uptos.edu.ve\\\/wp-content\\\/uploads\\\/2026\\\/02\\\/cropped-cropped-WhatsApp-Image-2026-02-11-at-10.17.38-PM-1.jpeg\",\"contentUrl\":\"https:\\\/\\\/www.uptos.edu.ve\\\/wp-content\\\/uploads\\\/2026\\\/02\\\/cropped-cropped-WhatsApp-Image-2026-02-11-at-10.17.38-PM-1.jpeg\",\"width\":1080,\"height\":73,\"caption\":\"UPTOS Clodosbaldo Russi\u00e1n\"},\"image\":{\"@id\":\"\\\/#\\\/schema\\\/logo\\\/image\\\/\"},\"sameAs\":[\"https:\\\/\\\/www.facebook.com\\\/people\\\/UPTOS-Clodosbaldo-Russin\\\/100070891114831\\\/\",\"http:\\\/\\\/instagram.com\\\/uptoscr_oficial\"]}]}<\/script>\n<!-- \/ Yoast SEO plugin. -->","yoast_head_json":{"title":"28 de Febrero Natalicio de Antonio Guzm\u00e1n Blanco - UPTOS Clodosbaldo Russi\u00e1n","robots":{"index":"index","follow":"follow","max-snippet":"max-snippet:-1","max-image-preview":"max-image-preview:large","max-video-preview":"max-video-preview:-1"},"canonical":"https:\/\/www.uptos.edu.ve\/?tribe_events=28-de-febrero-natalicio-de-antonio-guzman-blanco","og_locale":"es_ES","og_type":"article","og_title":"28 de Febrero Natalicio de Antonio Guzm\u00e1n Blanco - UPTOS Clodosbaldo Russi\u00e1n","og_description":"Antonio Jos\u00e9 Leocadio Ram\u00f3n de La Trinidad y Mar\u00eda Guzm\u00e1n Blanco (Caracas, 28 de febrero de 1829 &#8211; Par\u00eds, Francia, 28 de julio de 1899), fue un militar, estadista, caudillo,&hellip;","og_url":"https:\/\/www.uptos.edu.ve\/?tribe_events=28-de-febrero-natalicio-de-antonio-guzman-blanco","og_site_name":"UPTOS Clodosbaldo Russi\u00e1n","article_publisher":"https:\/\/www.facebook.com\/people\/UPTOS-Clodosbaldo-Russin\/100070891114831\/","article_modified_time":"2024-02-28T15:12:55+00:00","og_image":[{"width":220,"height":297,"url":"https:\/\/www.uptos.edu.ve\/wp-content\/uploads\/2024\/02\/220px-Martin_Tovar_y_Tovar_20.jpg","type":"image\/jpeg"}],"twitter_card":"summary_large_image","twitter_misc":{"Tiempo estimado de lectura":"2 minutos"},"schema":{"@context":"https:\/\/schema.org","@graph":[{"@type":"WebPage","@id":"https:\/\/www.uptos.edu.ve\/?tribe_events=28-de-febrero-natalicio-de-antonio-guzman-blanco","url":"https:\/\/www.uptos.edu.ve\/?tribe_events=28-de-febrero-natalicio-de-antonio-guzman-blanco","name":"28 de Febrero Natalicio de Antonio Guzm\u00e1n Blanco - UPTOS Clodosbaldo Russi\u00e1n","isPartOf":{"@id":"\/#website"},"primaryImageOfPage":{"@id":"https:\/\/www.uptos.edu.ve\/?tribe_events=28-de-febrero-natalicio-de-antonio-guzman-blanco#primaryimage"},"image":{"@id":"https:\/\/www.uptos.edu.ve\/?tribe_events=28-de-febrero-natalicio-de-antonio-guzman-blanco#primaryimage"},"thumbnailUrl":"https:\/\/www.uptos.edu.ve\/wp-content\/uploads\/2024\/02\/220px-Martin_Tovar_y_Tovar_20.jpg","datePublished":"2024-02-28T15:11:37+00:00","dateModified":"2024-02-28T15:12:55+00:00","breadcrumb":{"@id":"https:\/\/www.uptos.edu.ve\/?tribe_events=28-de-febrero-natalicio-de-antonio-guzman-blanco#breadcrumb"},"inLanguage":"es","potentialAction":[{"@type":"ReadAction","target":["https:\/\/www.uptos.edu.ve\/?tribe_events=28-de-febrero-natalicio-de-antonio-guzman-blanco"]}]},{"@type":"ImageObject","inLanguage":"es","@id":"https:\/\/www.uptos.edu.ve\/?tribe_events=28-de-febrero-natalicio-de-antonio-guzman-blanco#primaryimage","url":"https:\/\/www.uptos.edu.ve\/wp-content\/uploads\/2024\/02\/220px-Martin_Tovar_y_Tovar_20.jpg","contentUrl":"https:\/\/www.uptos.edu.ve\/wp-content\/uploads\/2024\/02\/220px-Martin_Tovar_y_Tovar_20.jpg","width":220,"height":297},{"@type":"BreadcrumbList","@id":"https:\/\/www.uptos.edu.ve\/?tribe_events=28-de-febrero-natalicio-de-antonio-guzman-blanco#breadcrumb","itemListElement":[{"@type":"ListItem","position":1,"name":"Home","item":"https:\/\/www.uptos.edu.ve\/"},{"@type":"ListItem","position":2,"name":"Eventos","item":"https:\/\/www.uptos.edu.ve\/?post_type=tribe_events"},{"@type":"ListItem","position":3,"name":"28 de Febrero Natalicio de Antonio Guzm\u00e1n Blanco"}]},{"@type":"WebSite","@id":"\/#website","url":"\/","name":"UPTOS Clodosbaldo Russi\u00e1n","description":"Universidad Polit\u00e9cnica del Oeste de Sucre","publisher":{"@id":"\/#organization"},"potentialAction":[{"@type":"SearchAction","target":{"@type":"EntryPoint","urlTemplate":"\/?s={search_term_string}"},"query-input":{"@type":"PropertyValueSpecification","valueRequired":true,"valueName":"search_term_string"}}],"inLanguage":"es"},{"@type":"Organization","@id":"\/#organization","name":"UPTOS Clodosbaldo Russi\u00e1n","url":"\/","logo":{"@type":"ImageObject","inLanguage":"es","@id":"\/#\/schema\/logo\/image\/","url":"https:\/\/www.uptos.edu.ve\/wp-content\/uploads\/2026\/02\/cropped-cropped-WhatsApp-Image-2026-02-11-at-10.17.38-PM-1.jpeg","contentUrl":"https:\/\/www.uptos.edu.ve\/wp-content\/uploads\/2026\/02\/cropped-cropped-WhatsApp-Image-2026-02-11-at-10.17.38-PM-1.jpeg","width":1080,"height":73,"caption":"UPTOS Clodosbaldo Russi\u00e1n"},"image":{"@id":"\/#\/schema\/logo\/image\/"},"sameAs":["https:\/\/www.facebook.com\/people\/UPTOS-Clodosbaldo-Russin\/100070891114831\/","http:\/\/instagram.com\/uptoscr_oficial"]}]}},"_links":{"self":[{"href":"https:\/\/www.uptos.edu.ve\/index.php?rest_route=\/wp\/v2\/tribe_events\/13054","targetHints":{"allow":["GET"]}}],"collection":[{"href":"https:\/\/www.uptos.edu.ve\/index.php?rest_route=\/wp\/v2\/tribe_events"}],"about":[{"href":"https:\/\/www.uptos.edu.ve\/index.php?rest_route=\/wp\/v2\/types\/tribe_events"}],"author":[{"embeddable":true,"href":"https:\/\/www.uptos.edu.ve\/index.php?rest_route=\/wp\/v2\/users\/1"}],"version-history":[{"count":1,"href":"https:\/\/www.uptos.edu.ve\/index.php?rest_route=\/wp\/v2\/tribe_events\/13054\/revisions"}],"predecessor-version":[{"id":13056,"href":"https:\/\/www.uptos.edu.ve\/index.php?rest_route=\/wp\/v2\/tribe_events\/13054\/revisions\/13056"}],"wp:featuredmedia":[{"embeddable":true,"href":"https:\/\/www.uptos.edu.ve\/index.php?rest_route=\/wp\/v2\/media\/13055"}],"wp:attachment":[{"href":"https:\/\/www.uptos.edu.ve\/index.php?rest_route=%2Fwp%2Fv2%2Fmedia&parent=13054"}],"wp:term":[{"taxonomy":"post_tag","embeddable":true,"href":"https:\/\/www.uptos.edu.ve\/index.php?rest_route=%2Fwp%2Fv2%2Ftags&post=13054"},{"taxonomy":"tribe_events_cat","embeddable":true,"href":"https:\/\/www.uptos.edu.ve\/index.php?rest_route=%2Fwp%2Fv2%2Ftribe_events_cat&post=13054"}],"curies":[{"name":"wp","href":"https:\/\/api.w.org\/{rel}","templated":true}]}}