{"id":12767,"date":"2024-01-31T15:55:33","date_gmt":"2024-01-31T19:55:33","guid":{"rendered":"https:\/\/www.uptos.edu.ve\/?post_type=tribe_events&#038;p=12767"},"modified":"2024-01-31T15:57:09","modified_gmt":"2024-01-31T19:57:09","slug":"muerte-del-general-carlos-soublette","status":"publish","type":"tribe_events","link":"https:\/\/www.uptos.edu.ve\/?tribe_events=muerte-del-general-carlos-soublette","title":{"rendered":"Muerte del General Carlos Soublette"},"content":{"rendered":"<p style=\"text-align: justify;\"><span style=\"color: #000000; font-size: 12pt; font-family: arial, helvetica, sans-serif;\">Naci\u00f3 el 15 de diciembre de 1789, en <a style=\"color: #000000; text-decoration: underline;\" href=\"https:\/\/es.wikipedia.org\/wiki\/La_Guaira\">La Guaira<\/a>, <a style=\"color: #000000; text-decoration: underline;\" href=\"https:\/\/es.wikipedia.org\/wiki\/Capitan%C3%ADa_General_de_Venezuela\">Capitan\u00eda General de Venezuela<\/a>, hijo de Antonio Soublette de ascendencia francesa y de Teresa Jerez de Aristeguieta de ascendencia espa\u00f1ola. En 1808, el ingeniero espa\u00f1ol coronel <a style=\"color: #000000; text-decoration: underline;\" href=\"https:\/\/es.wikipedia.org\/w\/index.php?title=Tom%C3%A1s_Mieres&amp;action=edit&amp;redlink=1\">Tom\u00e1s Mieres<\/a>, estableci\u00f3 la <a style=\"color: #000000; text-decoration: underline;\" href=\"https:\/\/es.wikipedia.org\/wiki\/Universidad_Central_de_Venezuela\">Academia de Matem\u00e1ticas de la Universidad de Caracas<\/a> con instrucci\u00f3n militar; all\u00ed estudiaron <a style=\"color: #000000; text-decoration: underline;\" href=\"https:\/\/es.wikipedia.org\/wiki\/Antonio_Jos%C3%A9_de_Sucre\">Antonio Jos\u00e9 de Sucre<\/a> el Gran Mariscal de Ayacucho, Carlos Soublette, <a style=\"color: #000000; text-decoration: underline;\" href=\"https:\/\/es.wikipedia.org\/wiki\/Francisco_Avenda%C3%B1o\">Francisco Avenda\u00f1o<\/a>, y otros j\u00f3venes militares que m\u00e1s tarde formar\u00edan el Cuerpo de Ingenieros Militares de la Rep\u00fablica. El 18 de mayo de 1810 ingres\u00f3 al servicio militar, luego se uni\u00f3 a las filas del Ej\u00e9rcito de <a style=\"color: #000000; text-decoration: underline;\" href=\"https:\/\/es.wikipedia.org\/wiki\/Francisco_de_Miranda\">Francisco de Miranda<\/a>, ingresando como portaestandarte de un escuadr\u00f3n de caballer\u00eda en Caracas, siendo ascendido en julio de ese a\u00f1o al rango de alf\u00e9rez. Ya para 1811, espec\u00edficamente el 11 de enero fue ascendido a <a style=\"color: #000000; text-decoration: underline;\" href=\"https:\/\/es.wikipedia.org\/wiki\/Teniente\">teniente<\/a>, posteriormente actu\u00f3 entre julio y agosto bajo las \u00f3rdenes directas de <a style=\"color: #000000; text-decoration: underline;\" href=\"https:\/\/es.wikipedia.org\/wiki\/Francisco_de_Miranda\">Francisco de Miranda<\/a>, esto sucedi\u00f3 durante la campa\u00f1a para dominar el levantamiento armado de Valencia. Francisco de Miranda al observar su gran desempe\u00f1o, y sus grandes capacidades militares lo ascendi\u00f3 a <a style=\"color: #000000; text-decoration: underline;\" href=\"https:\/\/es.wikipedia.org\/wiki\/Capit%C3%A1n\">capit\u00e1n<\/a>, ese mismo a\u00f1o fue nombrado como Subjefe de la Secci\u00f3n de Caballer\u00eda. Lleg\u00f3 a dirigir en varias batallas, distintas unidades de caballer\u00eda. En virtud de su inteligencia y sus destrezas como estratega militar, Francisco de Miranda le dar\u00eda a\u00fan m\u00e1s confianza, ascendi\u00e9ndolo a <a style=\"color: #000000; text-decoration: underline;\" href=\"https:\/\/es.wikipedia.org\/wiki\/Teniente_Coronel\">Teniente Coronel<\/a>, nombr\u00e1ndolo adem\u00e1s su Primer Ayudante de Campo. Junto a Miranda, particip\u00f3 durante la campa\u00f1a de Aragua y la de Carabobo, asistiendo a los dos asaltos de Valencia.<\/span><\/p>\n","protected":false},"excerpt":{"rendered":"<p>Naci\u00f3 el 15 de diciembre de 1789, en La Guaira, Capitan\u00eda General de Venezuela, hijo de Antonio Soublette de ascendencia francesa y de Teresa Jerez de Aristeguieta de ascendencia espa\u00f1ola.&hellip;<\/p>\n","protected":false},"author":1,"featured_media":12768,"template":"","meta":{"_monsterinsights_skip_tracking":false,"_monsterinsights_sitenote_active":false,"_monsterinsights_sitenote_note":"","_monsterinsights_sitenote_category":0,"_tribe_events_status":"","_tribe_events_status_reason":"","footnotes":""},"tags":[],"tribe_events_cat":[],"class_list":["post-12767","tribe_events","type-tribe_events","status-publish","has-post-thumbnail","hentry"],"yoast_head":"<!-- This site is optimized with the Yoast SEO plugin v27.4 - https:\/\/yoast.com\/product\/yoast-seo-wordpress\/ -->\n<title>Muerte del General Carlos Soublette - UPTOS Clodosbaldo Russi\u00e1n<\/title>\n<meta name=\"robots\" content=\"index, follow, max-snippet:-1, max-image-preview:large, max-video-preview:-1\" \/>\n<link rel=\"canonical\" href=\"https:\/\/www.uptos.edu.ve\/?tribe_events=muerte-del-general-carlos-soublette\" \/>\n<meta property=\"og:locale\" content=\"es_ES\" \/>\n<meta property=\"og:type\" content=\"article\" \/>\n<meta property=\"og:title\" content=\"Muerte del General Carlos Soublette - UPTOS Clodosbaldo Russi\u00e1n\" \/>\n<meta property=\"og:description\" content=\"Naci\u00f3 el 15 de diciembre de 1789, en La Guaira, Capitan\u00eda General de Venezuela, hijo de Antonio Soublette de ascendencia francesa y de Teresa Jerez de Aristeguieta de ascendencia espa\u00f1ola.&hellip;\" \/>\n<meta property=\"og:url\" content=\"https:\/\/www.uptos.edu.ve\/?tribe_events=muerte-del-general-carlos-soublette\" \/>\n<meta property=\"og:site_name\" content=\"UPTOS Clodosbaldo Russi\u00e1n\" \/>\n<meta property=\"article:publisher\" content=\"https:\/\/www.facebook.com\/people\/UPTOS-Clodosbaldo-Russin\/100070891114831\/\" \/>\n<meta property=\"article:modified_time\" content=\"2024-01-31T19:57:09+00:00\" \/>\n<meta property=\"og:image\" content=\"https:\/\/www.uptos.edu.ve\/wp-content\/uploads\/2024\/01\/Carlos_Soublette.jpg\" \/>\n\t<meta property=\"og:image:width\" content=\"217\" \/>\n\t<meta property=\"og:image:height\" content=\"287\" \/>\n\t<meta property=\"og:image:type\" content=\"image\/jpeg\" \/>\n<meta name=\"twitter:card\" content=\"summary_large_image\" \/>\n<meta name=\"twitter:label1\" content=\"Tiempo estimado de lectura\" \/>\n\t<meta name=\"twitter:data1\" content=\"2 minutos\" \/>\n<script type=\"application\/ld+json\" class=\"yoast-schema-graph\">{\"@context\":\"https:\\\/\\\/schema.org\",\"@graph\":[{\"@type\":\"WebPage\",\"@id\":\"https:\\\/\\\/www.uptos.edu.ve\\\/?tribe_events=muerte-del-general-carlos-soublette\",\"url\":\"https:\\\/\\\/www.uptos.edu.ve\\\/?tribe_events=muerte-del-general-carlos-soublette\",\"name\":\"Muerte del General Carlos Soublette - UPTOS Clodosbaldo Russi\u00e1n\",\"isPartOf\":{\"@id\":\"\\\/#website\"},\"primaryImageOfPage\":{\"@id\":\"https:\\\/\\\/www.uptos.edu.ve\\\/?tribe_events=muerte-del-general-carlos-soublette#primaryimage\"},\"image\":{\"@id\":\"https:\\\/\\\/www.uptos.edu.ve\\\/?tribe_events=muerte-del-general-carlos-soublette#primaryimage\"},\"thumbnailUrl\":\"https:\\\/\\\/www.uptos.edu.ve\\\/wp-content\\\/uploads\\\/2024\\\/01\\\/Carlos_Soublette.jpg\",\"datePublished\":\"2024-01-31T19:55:33+00:00\",\"dateModified\":\"2024-01-31T19:57:09+00:00\",\"breadcrumb\":{\"@id\":\"https:\\\/\\\/www.uptos.edu.ve\\\/?tribe_events=muerte-del-general-carlos-soublette#breadcrumb\"},\"inLanguage\":\"es\",\"potentialAction\":[{\"@type\":\"ReadAction\",\"target\":[\"https:\\\/\\\/www.uptos.edu.ve\\\/?tribe_events=muerte-del-general-carlos-soublette\"]}]},{\"@type\":\"ImageObject\",\"inLanguage\":\"es\",\"@id\":\"https:\\\/\\\/www.uptos.edu.ve\\\/?tribe_events=muerte-del-general-carlos-soublette#primaryimage\",\"url\":\"https:\\\/\\\/www.uptos.edu.ve\\\/wp-content\\\/uploads\\\/2024\\\/01\\\/Carlos_Soublette.jpg\",\"contentUrl\":\"https:\\\/\\\/www.uptos.edu.ve\\\/wp-content\\\/uploads\\\/2024\\\/01\\\/Carlos_Soublette.jpg\",\"width\":217,\"height\":287},{\"@type\":\"BreadcrumbList\",\"@id\":\"https:\\\/\\\/www.uptos.edu.ve\\\/?tribe_events=muerte-del-general-carlos-soublette#breadcrumb\",\"itemListElement\":[{\"@type\":\"ListItem\",\"position\":1,\"name\":\"Home\",\"item\":\"https:\\\/\\\/www.uptos.edu.ve\\\/\"},{\"@type\":\"ListItem\",\"position\":2,\"name\":\"Eventos\",\"item\":\"https:\\\/\\\/www.uptos.edu.ve\\\/?post_type=tribe_events\"},{\"@type\":\"ListItem\",\"position\":3,\"name\":\"Muerte del General Carlos Soublette\"}]},{\"@type\":\"WebSite\",\"@id\":\"\\\/#website\",\"url\":\"\\\/\",\"name\":\"UPTOS Clodosbaldo Russi\u00e1n\",\"description\":\"Universidad Polit\u00e9cnica del Oeste de Sucre\",\"publisher\":{\"@id\":\"\\\/#organization\"},\"potentialAction\":[{\"@type\":\"SearchAction\",\"target\":{\"@type\":\"EntryPoint\",\"urlTemplate\":\"\\\/?s={search_term_string}\"},\"query-input\":{\"@type\":\"PropertyValueSpecification\",\"valueRequired\":true,\"valueName\":\"search_term_string\"}}],\"inLanguage\":\"es\"},{\"@type\":\"Organization\",\"@id\":\"\\\/#organization\",\"name\":\"UPTOS Clodosbaldo Russi\u00e1n\",\"url\":\"\\\/\",\"logo\":{\"@type\":\"ImageObject\",\"inLanguage\":\"es\",\"@id\":\"\\\/#\\\/schema\\\/logo\\\/image\\\/\",\"url\":\"https:\\\/\\\/www.uptos.edu.ve\\\/wp-content\\\/uploads\\\/2026\\\/02\\\/cropped-cropped-WhatsApp-Image-2026-02-11-at-10.17.38-PM-1.jpeg\",\"contentUrl\":\"https:\\\/\\\/www.uptos.edu.ve\\\/wp-content\\\/uploads\\\/2026\\\/02\\\/cropped-cropped-WhatsApp-Image-2026-02-11-at-10.17.38-PM-1.jpeg\",\"width\":1080,\"height\":73,\"caption\":\"UPTOS Clodosbaldo Russi\u00e1n\"},\"image\":{\"@id\":\"\\\/#\\\/schema\\\/logo\\\/image\\\/\"},\"sameAs\":[\"https:\\\/\\\/www.facebook.com\\\/people\\\/UPTOS-Clodosbaldo-Russin\\\/100070891114831\\\/\",\"http:\\\/\\\/instagram.com\\\/uptoscr_oficial\"]}]}<\/script>\n<!-- \/ Yoast SEO plugin. -->","yoast_head_json":{"title":"Muerte del General Carlos Soublette - UPTOS Clodosbaldo Russi\u00e1n","robots":{"index":"index","follow":"follow","max-snippet":"max-snippet:-1","max-image-preview":"max-image-preview:large","max-video-preview":"max-video-preview:-1"},"canonical":"https:\/\/www.uptos.edu.ve\/?tribe_events=muerte-del-general-carlos-soublette","og_locale":"es_ES","og_type":"article","og_title":"Muerte del General Carlos Soublette - UPTOS Clodosbaldo Russi\u00e1n","og_description":"Naci\u00f3 el 15 de diciembre de 1789, en La Guaira, Capitan\u00eda General de Venezuela, hijo de Antonio Soublette de ascendencia francesa y de Teresa Jerez de Aristeguieta de ascendencia espa\u00f1ola.&hellip;","og_url":"https:\/\/www.uptos.edu.ve\/?tribe_events=muerte-del-general-carlos-soublette","og_site_name":"UPTOS Clodosbaldo Russi\u00e1n","article_publisher":"https:\/\/www.facebook.com\/people\/UPTOS-Clodosbaldo-Russin\/100070891114831\/","article_modified_time":"2024-01-31T19:57:09+00:00","og_image":[{"width":217,"height":287,"url":"https:\/\/www.uptos.edu.ve\/wp-content\/uploads\/2024\/01\/Carlos_Soublette.jpg","type":"image\/jpeg"}],"twitter_card":"summary_large_image","twitter_misc":{"Tiempo estimado de lectura":"2 minutos"},"schema":{"@context":"https:\/\/schema.org","@graph":[{"@type":"WebPage","@id":"https:\/\/www.uptos.edu.ve\/?tribe_events=muerte-del-general-carlos-soublette","url":"https:\/\/www.uptos.edu.ve\/?tribe_events=muerte-del-general-carlos-soublette","name":"Muerte del General Carlos Soublette - UPTOS Clodosbaldo Russi\u00e1n","isPartOf":{"@id":"\/#website"},"primaryImageOfPage":{"@id":"https:\/\/www.uptos.edu.ve\/?tribe_events=muerte-del-general-carlos-soublette#primaryimage"},"image":{"@id":"https:\/\/www.uptos.edu.ve\/?tribe_events=muerte-del-general-carlos-soublette#primaryimage"},"thumbnailUrl":"https:\/\/www.uptos.edu.ve\/wp-content\/uploads\/2024\/01\/Carlos_Soublette.jpg","datePublished":"2024-01-31T19:55:33+00:00","dateModified":"2024-01-31T19:57:09+00:00","breadcrumb":{"@id":"https:\/\/www.uptos.edu.ve\/?tribe_events=muerte-del-general-carlos-soublette#breadcrumb"},"inLanguage":"es","potentialAction":[{"@type":"ReadAction","target":["https:\/\/www.uptos.edu.ve\/?tribe_events=muerte-del-general-carlos-soublette"]}]},{"@type":"ImageObject","inLanguage":"es","@id":"https:\/\/www.uptos.edu.ve\/?tribe_events=muerte-del-general-carlos-soublette#primaryimage","url":"https:\/\/www.uptos.edu.ve\/wp-content\/uploads\/2024\/01\/Carlos_Soublette.jpg","contentUrl":"https:\/\/www.uptos.edu.ve\/wp-content\/uploads\/2024\/01\/Carlos_Soublette.jpg","width":217,"height":287},{"@type":"BreadcrumbList","@id":"https:\/\/www.uptos.edu.ve\/?tribe_events=muerte-del-general-carlos-soublette#breadcrumb","itemListElement":[{"@type":"ListItem","position":1,"name":"Home","item":"https:\/\/www.uptos.edu.ve\/"},{"@type":"ListItem","position":2,"name":"Eventos","item":"https:\/\/www.uptos.edu.ve\/?post_type=tribe_events"},{"@type":"ListItem","position":3,"name":"Muerte del General Carlos Soublette"}]},{"@type":"WebSite","@id":"\/#website","url":"\/","name":"UPTOS Clodosbaldo Russi\u00e1n","description":"Universidad Polit\u00e9cnica del Oeste de Sucre","publisher":{"@id":"\/#organization"},"potentialAction":[{"@type":"SearchAction","target":{"@type":"EntryPoint","urlTemplate":"\/?s={search_term_string}"},"query-input":{"@type":"PropertyValueSpecification","valueRequired":true,"valueName":"search_term_string"}}],"inLanguage":"es"},{"@type":"Organization","@id":"\/#organization","name":"UPTOS Clodosbaldo Russi\u00e1n","url":"\/","logo":{"@type":"ImageObject","inLanguage":"es","@id":"\/#\/schema\/logo\/image\/","url":"https:\/\/www.uptos.edu.ve\/wp-content\/uploads\/2026\/02\/cropped-cropped-WhatsApp-Image-2026-02-11-at-10.17.38-PM-1.jpeg","contentUrl":"https:\/\/www.uptos.edu.ve\/wp-content\/uploads\/2026\/02\/cropped-cropped-WhatsApp-Image-2026-02-11-at-10.17.38-PM-1.jpeg","width":1080,"height":73,"caption":"UPTOS Clodosbaldo Russi\u00e1n"},"image":{"@id":"\/#\/schema\/logo\/image\/"},"sameAs":["https:\/\/www.facebook.com\/people\/UPTOS-Clodosbaldo-Russin\/100070891114831\/","http:\/\/instagram.com\/uptoscr_oficial"]}]}},"_links":{"self":[{"href":"https:\/\/www.uptos.edu.ve\/index.php?rest_route=\/wp\/v2\/tribe_events\/12767","targetHints":{"allow":["GET"]}}],"collection":[{"href":"https:\/\/www.uptos.edu.ve\/index.php?rest_route=\/wp\/v2\/tribe_events"}],"about":[{"href":"https:\/\/www.uptos.edu.ve\/index.php?rest_route=\/wp\/v2\/types\/tribe_events"}],"author":[{"embeddable":true,"href":"https:\/\/www.uptos.edu.ve\/index.php?rest_route=\/wp\/v2\/users\/1"}],"version-history":[{"count":2,"href":"https:\/\/www.uptos.edu.ve\/index.php?rest_route=\/wp\/v2\/tribe_events\/12767\/revisions"}],"predecessor-version":[{"id":12770,"href":"https:\/\/www.uptos.edu.ve\/index.php?rest_route=\/wp\/v2\/tribe_events\/12767\/revisions\/12770"}],"wp:featuredmedia":[{"embeddable":true,"href":"https:\/\/www.uptos.edu.ve\/index.php?rest_route=\/wp\/v2\/media\/12768"}],"wp:attachment":[{"href":"https:\/\/www.uptos.edu.ve\/index.php?rest_route=%2Fwp%2Fv2%2Fmedia&parent=12767"}],"wp:term":[{"taxonomy":"post_tag","embeddable":true,"href":"https:\/\/www.uptos.edu.ve\/index.php?rest_route=%2Fwp%2Fv2%2Ftags&post=12767"},{"taxonomy":"tribe_events_cat","embeddable":true,"href":"https:\/\/www.uptos.edu.ve\/index.php?rest_route=%2Fwp%2Fv2%2Ftribe_events_cat&post=12767"}],"curies":[{"name":"wp","href":"https:\/\/api.w.org\/{rel}","templated":true}]}}