{"id":10138,"date":"2023-06-14T12:07:28","date_gmt":"2023-06-14T16:07:28","guid":{"rendered":"http:\/\/web.uptos.edu.ve\/?post_type=tribe_events&#038;p=10138"},"modified":"2023-06-14T12:07:28","modified_gmt":"2023-06-14T16:07:28","slug":"dia-del-orgullo-autista","status":"publish","type":"tribe_events","link":"https:\/\/www.uptos.edu.ve\/?tribe_events=dia-del-orgullo-autista","title":{"rendered":"D\u00cdA DEL ORGULLO AUTISTA"},"content":{"rendered":"<p><img fetchpriority=\"high\" decoding=\"async\" class=\"alignleft  wp-image-10139\" src=\"https:\/\/wwwvz.uptos.edu.ve\/wp-content\/uploads\/2023\/06\/autismo.jpeg\" alt=\"\" width=\"318\" height=\"179\" \/><\/p>\n<p class=\"rtejustify\" align=\"justify\"><font color=\"#000000\">Durante este d\u00eda se pretende crear una conciencia en la sociedad la cual apoya la creencia de que los autistas no sufren una enfermedad cerebral, de igual modo las personas que tienen la piel oscura no sufren una enfermedad en la piel.<\/font><\/p>\n<p class=\"rtejustify\" align=\"justify\"><a href=\"https:\/\/www.diainternacionalde.com\/dias-raros\/dia-mundial-orgullo-autista\" target=\"_blank\" rel=\"noopener\"><font color=\"#000000\">Leer m\u00e1s:<\/font><\/a><\/p>\n","protected":false},"excerpt":{"rendered":"<p>Durante este d\u00eda se pretende crear una conciencia en la sociedad la cual apoya la creencia de que los autistas no sufren una enfermedad cerebral, de igual modo las personas&hellip;<\/p>\n","protected":false},"author":5,"featured_media":0,"template":"","meta":{"_monsterinsights_skip_tracking":false,"_monsterinsights_sitenote_active":false,"_monsterinsights_sitenote_note":"","_monsterinsights_sitenote_category":0,"_tribe_events_status":"","_tribe_events_status_reason":"","footnotes":""},"tags":[],"tribe_events_cat":[],"class_list":["post-10138","tribe_events","type-tribe_events","status-publish","hentry"],"yoast_head":"<!-- This site is optimized with the Yoast SEO plugin v27.4 - https:\/\/yoast.com\/product\/yoast-seo-wordpress\/ -->\n<title>D\u00cdA DEL ORGULLO AUTISTA - UPTOS Clodosbaldo Russi\u00e1n<\/title>\n<meta name=\"robots\" content=\"index, follow, max-snippet:-1, max-image-preview:large, max-video-preview:-1\" \/>\n<link rel=\"canonical\" href=\"https:\/\/www.uptos.edu.ve\/?tribe_events=dia-del-orgullo-autista\" \/>\n<meta property=\"og:locale\" content=\"es_ES\" \/>\n<meta property=\"og:type\" content=\"article\" \/>\n<meta property=\"og:title\" content=\"D\u00cdA DEL ORGULLO AUTISTA - UPTOS Clodosbaldo Russi\u00e1n\" \/>\n<meta property=\"og:description\" content=\"Durante este d\u00eda se pretende crear una conciencia en la sociedad la cual apoya la creencia de que los autistas no sufren una enfermedad cerebral, de igual modo las personas&hellip;\" \/>\n<meta property=\"og:url\" content=\"https:\/\/www.uptos.edu.ve\/?tribe_events=dia-del-orgullo-autista\" \/>\n<meta property=\"og:site_name\" content=\"UPTOS Clodosbaldo Russi\u00e1n\" \/>\n<meta property=\"article:publisher\" content=\"https:\/\/www.facebook.com\/people\/UPTOS-Clodosbaldo-Russin\/100070891114831\/\" \/>\n<meta property=\"og:image\" content=\"https:\/\/wwwvz.uptos.edu.ve\/wp-content\/uploads\/2023\/06\/autismo.jpeg\" \/>\n<meta name=\"twitter:card\" content=\"summary_large_image\" \/>\n<script type=\"application\/ld+json\" class=\"yoast-schema-graph\">{\"@context\":\"https:\\\/\\\/schema.org\",\"@graph\":[{\"@type\":\"WebPage\",\"@id\":\"https:\\\/\\\/www.uptos.edu.ve\\\/?tribe_events=dia-del-orgullo-autista\",\"url\":\"https:\\\/\\\/www.uptos.edu.ve\\\/?tribe_events=dia-del-orgullo-autista\",\"name\":\"D\u00cdA DEL ORGULLO AUTISTA - UPTOS Clodosbaldo Russi\u00e1n\",\"isPartOf\":{\"@id\":\"\\\/#website\"},\"primaryImageOfPage\":{\"@id\":\"https:\\\/\\\/www.uptos.edu.ve\\\/?tribe_events=dia-del-orgullo-autista#primaryimage\"},\"image\":{\"@id\":\"https:\\\/\\\/www.uptos.edu.ve\\\/?tribe_events=dia-del-orgullo-autista#primaryimage\"},\"thumbnailUrl\":\"https:\\\/\\\/wwwvz.uptos.edu.ve\\\/wp-content\\\/uploads\\\/2023\\\/06\\\/autismo.jpeg\",\"datePublished\":\"2023-06-14T16:07:28+00:00\",\"breadcrumb\":{\"@id\":\"https:\\\/\\\/www.uptos.edu.ve\\\/?tribe_events=dia-del-orgullo-autista#breadcrumb\"},\"inLanguage\":\"es\",\"potentialAction\":[{\"@type\":\"ReadAction\",\"target\":[\"https:\\\/\\\/www.uptos.edu.ve\\\/?tribe_events=dia-del-orgullo-autista\"]}]},{\"@type\":\"ImageObject\",\"inLanguage\":\"es\",\"@id\":\"https:\\\/\\\/www.uptos.edu.ve\\\/?tribe_events=dia-del-orgullo-autista#primaryimage\",\"url\":\"https:\\\/\\\/wwwvz.uptos.edu.ve\\\/wp-content\\\/uploads\\\/2023\\\/06\\\/autismo.jpeg\",\"contentUrl\":\"https:\\\/\\\/wwwvz.uptos.edu.ve\\\/wp-content\\\/uploads\\\/2023\\\/06\\\/autismo.jpeg\"},{\"@type\":\"BreadcrumbList\",\"@id\":\"https:\\\/\\\/www.uptos.edu.ve\\\/?tribe_events=dia-del-orgullo-autista#breadcrumb\",\"itemListElement\":[{\"@type\":\"ListItem\",\"position\":1,\"name\":\"Home\",\"item\":\"https:\\\/\\\/www.uptos.edu.ve\\\/\"},{\"@type\":\"ListItem\",\"position\":2,\"name\":\"Eventos\",\"item\":\"https:\\\/\\\/www.uptos.edu.ve\\\/?post_type=tribe_events\"},{\"@type\":\"ListItem\",\"position\":3,\"name\":\"D\u00cdA DEL ORGULLO AUTISTA\"}]},{\"@type\":\"WebSite\",\"@id\":\"\\\/#website\",\"url\":\"\\\/\",\"name\":\"UPTOS Clodosbaldo Russi\u00e1n\",\"description\":\"Universidad Polit\u00e9cnica del Oeste de Sucre\",\"publisher\":{\"@id\":\"\\\/#organization\"},\"potentialAction\":[{\"@type\":\"SearchAction\",\"target\":{\"@type\":\"EntryPoint\",\"urlTemplate\":\"\\\/?s={search_term_string}\"},\"query-input\":{\"@type\":\"PropertyValueSpecification\",\"valueRequired\":true,\"valueName\":\"search_term_string\"}}],\"inLanguage\":\"es\"},{\"@type\":\"Organization\",\"@id\":\"\\\/#organization\",\"name\":\"UPTOS Clodosbaldo Russi\u00e1n\",\"url\":\"\\\/\",\"logo\":{\"@type\":\"ImageObject\",\"inLanguage\":\"es\",\"@id\":\"\\\/#\\\/schema\\\/logo\\\/image\\\/\",\"url\":\"https:\\\/\\\/www.uptos.edu.ve\\\/wp-content\\\/uploads\\\/2026\\\/02\\\/cropped-cropped-WhatsApp-Image-2026-02-11-at-10.17.38-PM-1.jpeg\",\"contentUrl\":\"https:\\\/\\\/www.uptos.edu.ve\\\/wp-content\\\/uploads\\\/2026\\\/02\\\/cropped-cropped-WhatsApp-Image-2026-02-11-at-10.17.38-PM-1.jpeg\",\"width\":1080,\"height\":73,\"caption\":\"UPTOS Clodosbaldo Russi\u00e1n\"},\"image\":{\"@id\":\"\\\/#\\\/schema\\\/logo\\\/image\\\/\"},\"sameAs\":[\"https:\\\/\\\/www.facebook.com\\\/people\\\/UPTOS-Clodosbaldo-Russin\\\/100070891114831\\\/\",\"http:\\\/\\\/instagram.com\\\/uptoscr_oficial\"]}]}<\/script>\n<!-- \/ Yoast SEO plugin. -->","yoast_head_json":{"title":"D\u00cdA DEL ORGULLO AUTISTA - UPTOS Clodosbaldo Russi\u00e1n","robots":{"index":"index","follow":"follow","max-snippet":"max-snippet:-1","max-image-preview":"max-image-preview:large","max-video-preview":"max-video-preview:-1"},"canonical":"https:\/\/www.uptos.edu.ve\/?tribe_events=dia-del-orgullo-autista","og_locale":"es_ES","og_type":"article","og_title":"D\u00cdA DEL ORGULLO AUTISTA - UPTOS Clodosbaldo Russi\u00e1n","og_description":"Durante este d\u00eda se pretende crear una conciencia en la sociedad la cual apoya la creencia de que los autistas no sufren una enfermedad cerebral, de igual modo las personas&hellip;","og_url":"https:\/\/www.uptos.edu.ve\/?tribe_events=dia-del-orgullo-autista","og_site_name":"UPTOS Clodosbaldo Russi\u00e1n","article_publisher":"https:\/\/www.facebook.com\/people\/UPTOS-Clodosbaldo-Russin\/100070891114831\/","og_image":[{"url":"https:\/\/wwwvz.uptos.edu.ve\/wp-content\/uploads\/2023\/06\/autismo.jpeg","type":"","width":"","height":""}],"twitter_card":"summary_large_image","schema":{"@context":"https:\/\/schema.org","@graph":[{"@type":"WebPage","@id":"https:\/\/www.uptos.edu.ve\/?tribe_events=dia-del-orgullo-autista","url":"https:\/\/www.uptos.edu.ve\/?tribe_events=dia-del-orgullo-autista","name":"D\u00cdA DEL ORGULLO AUTISTA - UPTOS Clodosbaldo Russi\u00e1n","isPartOf":{"@id":"\/#website"},"primaryImageOfPage":{"@id":"https:\/\/www.uptos.edu.ve\/?tribe_events=dia-del-orgullo-autista#primaryimage"},"image":{"@id":"https:\/\/www.uptos.edu.ve\/?tribe_events=dia-del-orgullo-autista#primaryimage"},"thumbnailUrl":"https:\/\/wwwvz.uptos.edu.ve\/wp-content\/uploads\/2023\/06\/autismo.jpeg","datePublished":"2023-06-14T16:07:28+00:00","breadcrumb":{"@id":"https:\/\/www.uptos.edu.ve\/?tribe_events=dia-del-orgullo-autista#breadcrumb"},"inLanguage":"es","potentialAction":[{"@type":"ReadAction","target":["https:\/\/www.uptos.edu.ve\/?tribe_events=dia-del-orgullo-autista"]}]},{"@type":"ImageObject","inLanguage":"es","@id":"https:\/\/www.uptos.edu.ve\/?tribe_events=dia-del-orgullo-autista#primaryimage","url":"https:\/\/wwwvz.uptos.edu.ve\/wp-content\/uploads\/2023\/06\/autismo.jpeg","contentUrl":"https:\/\/wwwvz.uptos.edu.ve\/wp-content\/uploads\/2023\/06\/autismo.jpeg"},{"@type":"BreadcrumbList","@id":"https:\/\/www.uptos.edu.ve\/?tribe_events=dia-del-orgullo-autista#breadcrumb","itemListElement":[{"@type":"ListItem","position":1,"name":"Home","item":"https:\/\/www.uptos.edu.ve\/"},{"@type":"ListItem","position":2,"name":"Eventos","item":"https:\/\/www.uptos.edu.ve\/?post_type=tribe_events"},{"@type":"ListItem","position":3,"name":"D\u00cdA DEL ORGULLO AUTISTA"}]},{"@type":"WebSite","@id":"\/#website","url":"\/","name":"UPTOS Clodosbaldo Russi\u00e1n","description":"Universidad Polit\u00e9cnica del Oeste de Sucre","publisher":{"@id":"\/#organization"},"potentialAction":[{"@type":"SearchAction","target":{"@type":"EntryPoint","urlTemplate":"\/?s={search_term_string}"},"query-input":{"@type":"PropertyValueSpecification","valueRequired":true,"valueName":"search_term_string"}}],"inLanguage":"es"},{"@type":"Organization","@id":"\/#organization","name":"UPTOS Clodosbaldo Russi\u00e1n","url":"\/","logo":{"@type":"ImageObject","inLanguage":"es","@id":"\/#\/schema\/logo\/image\/","url":"https:\/\/www.uptos.edu.ve\/wp-content\/uploads\/2026\/02\/cropped-cropped-WhatsApp-Image-2026-02-11-at-10.17.38-PM-1.jpeg","contentUrl":"https:\/\/www.uptos.edu.ve\/wp-content\/uploads\/2026\/02\/cropped-cropped-WhatsApp-Image-2026-02-11-at-10.17.38-PM-1.jpeg","width":1080,"height":73,"caption":"UPTOS Clodosbaldo Russi\u00e1n"},"image":{"@id":"\/#\/schema\/logo\/image\/"},"sameAs":["https:\/\/www.facebook.com\/people\/UPTOS-Clodosbaldo-Russin\/100070891114831\/","http:\/\/instagram.com\/uptoscr_oficial"]}]}},"_links":{"self":[{"href":"https:\/\/www.uptos.edu.ve\/index.php?rest_route=\/wp\/v2\/tribe_events\/10138","targetHints":{"allow":["GET"]}}],"collection":[{"href":"https:\/\/www.uptos.edu.ve\/index.php?rest_route=\/wp\/v2\/tribe_events"}],"about":[{"href":"https:\/\/www.uptos.edu.ve\/index.php?rest_route=\/wp\/v2\/types\/tribe_events"}],"author":[{"embeddable":true,"href":"https:\/\/www.uptos.edu.ve\/index.php?rest_route=\/wp\/v2\/users\/5"}],"version-history":[{"count":0,"href":"https:\/\/www.uptos.edu.ve\/index.php?rest_route=\/wp\/v2\/tribe_events\/10138\/revisions"}],"wp:attachment":[{"href":"https:\/\/www.uptos.edu.ve\/index.php?rest_route=%2Fwp%2Fv2%2Fmedia&parent=10138"}],"wp:term":[{"taxonomy":"post_tag","embeddable":true,"href":"https:\/\/www.uptos.edu.ve\/index.php?rest_route=%2Fwp%2Fv2%2Ftags&post=10138"},{"taxonomy":"tribe_events_cat","embeddable":true,"href":"https:\/\/www.uptos.edu.ve\/index.php?rest_route=%2Fwp%2Fv2%2Ftribe_events_cat&post=10138"}],"curies":[{"name":"wp","href":"https:\/\/api.w.org\/{rel}","templated":true}]}}