{"id":2703,"date":"2016-10-17T13:30:12","date_gmt":"2016-10-17T13:30:12","guid":{"rendered":"http:\/\/www.demo.acmethemes.com\/education-base\/?page_id=21"},"modified":"2025-08-19T11:14:46","modified_gmt":"2025-08-19T15:14:46","slug":"pnfa","status":"publish","type":"page","link":"https:\/\/www.uptos.edu.ve\/?page_id=2703","title":{"rendered":"PNFA"},"content":{"rendered":"\t\t<div data-elementor-type=\"wp-page\" data-elementor-id=\"2703\" class=\"elementor elementor-2703\">\n\t\t\t\t\t\t<section class=\"elementor-section elementor-top-section elementor-element elementor-element-20455c6d elementor-section-boxed elementor-section-height-default elementor-section-height-default\" data-id=\"20455c6d\" data-element_type=\"section\" data-e-type=\"section\">\n\t\t\t\t\t\t<div class=\"elementor-container elementor-column-gap-default\">\n\t\t\t\t\t<div class=\"elementor-column elementor-col-100 elementor-top-column elementor-element elementor-element-d3ce409\" data-id=\"d3ce409\" data-element_type=\"column\" data-e-type=\"column\">\n\t\t\t<div class=\"elementor-widget-wrap elementor-element-populated\">\n\t\t\t\t\t\t<div class=\"elementor-element elementor-element-428c082a elementor-widget elementor-widget-text-editor\" data-id=\"428c082a\" data-element_type=\"widget\" data-e-type=\"widget\" data-widget_type=\"text-editor.default\">\n\t\t\t\t<div class=\"elementor-widget-container\">\n\t\t\t\t\t\t\t\t\t\n<div class=\"wp-block-group has-black-color has-text-color\" style=\"font-size: 15px;\"><div class=\"wp-block-group__inner-container is-layout-flow wp-block-group-is-layout-flow\">\n<p class=\"has-black-color has-text-color\" align=\"justify\"><span style=\"font-size: medium;\">El Ministerio del Poder Popular para Educaci\u00f3n Universitaria, Ciencia y Tecnolog\u00eda (MPPEUCT), a trav\u00e9s del Despacho del Viceministro para Educaci\u00f3n Universitaria y en espec\u00edfico de la Direcci\u00f3n General de Desarrollo Acad\u00e9mico, considera necesario repensar los modos de formular y gestionar las alternativas acad\u00e9micas de post-graduaci\u00f3n (especializaciones, maestr\u00edas y doctorados), y racionalizar sus ofertas, principalmente las ofrecidas por las Instituciones de Educaci\u00f3n Universitaria (IEU) oficiales. Esto como parte de la constituci\u00f3n del Subsistema de Estudios Avanzados, que integra a los estudios formalizados y las alternativas y modos para el desarrollo de la investigaci\u00f3n, la innovaci\u00f3n y el desarrollo tecnol\u00f3gico, que se adelantan en el campo de la Educaci\u00f3n Universitaria venezolana, muchas de ellas vinculadas a los planes de carrera acad\u00e9mica del profesorado y al desarrollo de investigaci\u00f3n en entes ministeriales.<\/span><\/p>\n<\/div><\/div>\n\t\t\t\t\t\t\t\t<\/div>\n\t\t\t\t<\/div>\n\t\t\t\t\t<\/div>\n\t\t<\/div>\n\t\t\t\t\t<\/div>\n\t\t<\/section>\n\t\t\t\t<section class=\"elementor-section elementor-top-section elementor-element elementor-element-fef188d elementor-section-boxed elementor-section-height-default elementor-section-height-default\" data-id=\"fef188d\" data-element_type=\"section\" data-e-type=\"section\">\n\t\t\t\t\t\t<div class=\"elementor-container elementor-column-gap-default\">\n\t\t\t\t\t<div class=\"elementor-column elementor-col-100 elementor-top-column elementor-element elementor-element-b310422\" data-id=\"b310422\" data-element_type=\"column\" data-e-type=\"column\">\n\t\t\t<div class=\"elementor-widget-wrap elementor-element-populated\">\n\t\t\t\t\t\t<div class=\"elementor-element elementor-element-87df7ed elementor-widget elementor-widget-htmega-accordion-addons\" data-id=\"87df7ed\" data-element_type=\"widget\" data-e-type=\"widget\" data-widget_type=\"htmega-accordion-addons.default\">\n\t\t\t\t<div class=\"elementor-widget-container\">\n\t\t\t\t\t<div class=\"accordion\" id=\"accordionExample87df7ed\">                            <div class=\"single_accourdion htmega-icon-align-\">\n\n                                <div class=\"htmega-accourdion-title\">\n                                    <h2 data-toggle=\"htbcollapse\" data-target=\"#htmega-collapse187df7ed\" class=\"htb-collapsed htmega-items-hedding\">I.- PROGRAMAS NACIONALES DE FORMACI\u00d3N AVANZADA: CONCEPTUALIZACI\u00d3N. <span class=\"accourdion-icon close-accourdion\"><i class=\"fas fa-minus\"><\/i><\/span><span class=\"accourdion-icon open-accourdion\"><i class=\"fas fa-plus\"><\/i><\/span><\/h2>                                <\/div>\n\n                                <div id=\"htmega-collapse187df7ed\" class=\"htb-collapse \" data-parent=\"#accordionExample87df7ed\" >\n                                    <div class=\"accordion-content\">\n                                        <p><span style=\"color: #000000\"><span style=\"font-family: Poppins, sans-serif\"><span style=\"font-size: medium\">5 Resoluci\u00f3n N\u00ba 2.963 del 13.05.2008, publicada en la Gaceta Oficial de la Rep\u00fablica<\/span><\/span><\/span><\/p>\n<p align=\"justify\"><span style=\"color: #000000\"><span style=\"font-family: Poppins, sans-serif\"><span style=\"font-size: medium\">Bolivariana de Venezuela N\u00ba 38.930 del 14.05.2008.<\/span><\/span><\/span><\/p>\n<p align=\"justify\"><span style=\"color: #000000\"><span style=\"font-family: Poppins, sans-serif\"><span style=\"font-size: medium\">Es importante destacar que a partir de la creaci\u00f3n de la figura de los Programas Nacionales de Formaci\u00f3n (PNF), <span style=\"font-size: xx-small\">5\u00a0<\/span>el Estado venezolano reafirma su papel rector en el campo de la educaci\u00f3n universitaria sienta las bases filos\u00f3ficas y curriculares para el dise\u00f1o de propuestas de formaci\u00f3n: primeramente de grado pero ahora tambi\u00e9n de postgrado, cuyas caracter\u00edsticas m\u00e1s resaltantes, se expresan en las siguientes premisas:<\/span><\/span><\/span><\/p>\n<ol type=\"a\">\n<li>\n<p align=\"justify\"><span style=\"color: #980000\"><strong><span style=\"font-family: Poppins, sans-serif\"><span style=\"font-size: medium\"><b>Pertinencia socio-acad\u00e9mica.<\/b><\/span><\/span><\/strong><\/span><span style=\"color: #000000\"><span style=\"font-family: Poppins, sans-serif\"><span style=\"font-size: medium\">\u00a0El proceso educativo debe guardar estrecha relaci\u00f3n con las necesidades: locales, regionales y nacionales, vocaciones de los investigadores involucrados y otros actores y potencialidades de los contextos territoriales, organizaciones involucradas directa o indirectamente, en procura del conocimiento \u00fatil.<\/span><\/span><\/span><\/p>\n<\/li>\n<li>\n<p align=\"justify\"><span style=\"color: #980000\"><strong><span style=\"font-family: Poppins, sans-serif\"><span style=\"font-size: medium\"><b>Formaci\u00f3n integral.<\/b><\/span><\/span><\/strong><\/span><span style=\"color: #000000\"><span style=\"font-family: Poppins, sans-serif\"><span style=\"font-size: medium\">\u00a0Supone el ejercicio formativo m\u00e1s all\u00e1 de los contenidos program\u00e1ticos, que debe traducirse en ciudadanos con solidez cient\u00edfico-t\u00e9cnica y human\u00edstica, as\u00ed como contribuir con el proyecto \u00e9tico venezolano. Su organizaci\u00f3n parte de un \u00e1rea\u00a0<\/span><\/span><\/span><span style=\"color: #000000\"><span style=\"font-family: Poppins, sans-serif\"><span style=\"font-size: medium\">problema para dar respuesta a situaciones complejas que delinee el campo de acci\u00f3n desde el car\u00e1cter transdisciplinario din\u00e1mico. El ejercicio formativo en los PNFA por responder a situaciones complejas, debe superar la parcialidad en el abordaje investigativo, por lo que el aporte al conocimiento debe trascender a una disciplina aunque surja de un contexto particular de aplicaci\u00f3n.<\/span><\/span><\/span><\/p>\n<\/li>\n<li>\n<p align=\"justify\"><span style=\"color: #980000\"><strong><span style=\"font-family: Poppins, sans-serif\"><span style=\"font-size: medium\"><b>Constituci\u00f3n de redes.<\/b><\/span><\/span><\/strong><\/span><span style=\"color: #000000\"><span style=\"font-family: Poppins, sans-serif\"><span style=\"font-size: medium\">\u00a0En un sentido amplio, implica el trabajo articulado, cooperativo y corresponsable para la producci\u00f3n de saberes y conocimientos, importantes tanto para la comunidad cient\u00edfica, como para los distintos actores involucrados (ll\u00e1mese poblaci\u00f3n de las IEU, interinstitucional, organizaciones o actores, desde lo local, regional o nacional). Por lo que se debe adecuar a la l\u00f3gica de producci\u00f3n y socializaci\u00f3n de saberes y conocimientos para viabilizar el intercambio de experiencias y fortalecer desde los programas, \u00e1reas y l\u00edneas de investigaci\u00f3n la articulaci\u00f3n interinstitucional y el uso racional y eficiente de los recursos de cada IEU.<\/span><\/span><\/span><\/p>\n<\/li>\n<li>\n<p align=\"justify\"><span style=\"color: #980000\"><strong><span style=\"font-family: Poppins, sans-serif\"><span style=\"font-size: medium\"><b>Articulaci\u00f3n extra-acad\u00e9mica.<\/b><\/span><\/span><\/strong><\/span><span style=\"color: #000000\"><span style=\"font-family: Poppins, sans-serif\"><span style=\"font-size: medium\"><span style=\"color: #980000\">\u00a0<\/span>Consiste en establecer relaciones con todos los actores extrauniversitarios\u00a0(poder popular, instituciones del Estado del \u00e1mbito local, regional y nacional, sectores productivos), que permitan generar insumos para el desarrollo, evaluaci\u00f3n y seguimiento de los programas y proyectos universitarios.<\/span><\/span><\/span><\/p>\n<\/li>\n<li>\n<p align=\"justify\"><span style=\"color: #980000\"><strong><span style=\"font-family: Poppins, sans-serif\"><span style=\"font-size: medium\"><b>Investigaci\u00f3n como centro de la formaci\u00f3n.<\/b><\/span><\/span><\/strong><\/span><span style=\"color: #000000\"><span style=\"font-family: Poppins, sans-serif\"><span style=\"font-size: medium\"><span style=\"color: #980000\">\u00a0<\/span>Los ejes centrales de los PNFA son la investigaci\u00f3n y la innovaci\u00f3n. De esta manera, se privilegia la producci\u00f3n de saberes y conocimientos, en forma de soluciones concretas, parciales, agregadas o totales, a problemas concretos, tanto de los territorios, como de los campos disciplinares.<\/span><\/span><\/span><\/p>\n<\/li>\n<\/ol>\n<p align=\"justify\"><span style=\"color: #000000\"><span style=\"font-family: Poppins, sans-serif\"><span style=\"font-size: medium\">Una vez reconocidas estas premisas, se definen los Programas Nacionales de Formaci\u00f3n Avanzada (PNFA) como un conjunto de actividades acad\u00e9micas, centradas en la investigaci\u00f3n e innovaci\u00f3n, dirigidas a profesionales universitarios cuyo prop\u00f3sito es ofrecer opciones formales de estudios avanzados, otorgando seg\u00fan el caso: grados acad\u00e9micos, as\u00ed como espacios para el intercambio libre de experiencias de investigaci\u00f3n, en \u00e1reas prioritarias para el desarrollo local, regional y nacional. Al ser la investigaci\u00f3n el eje que articula las actividades, los PNFA pueden tener diversos perfiles de egreso en funci\u00f3n de los requerimientos territoriales para su potenciaci\u00f3n, as\u00ed como las potencialidades y exigencias asumidas en las l\u00edneas de investigaci\u00f3n. Para que esto se materialice en la formulaci\u00f3n de las propuestas espec\u00edficas, es necesario que ajusten a un conjunto de caracter\u00edsticas que se detallan m\u00e1s adelante.<\/span><\/span><\/span><\/p>                                    <\/div>\n                                <\/div>\n\n                            <\/div>\n\n                                                    <div class=\"single_accourdion htmega-icon-align-\">\n\n                                <div class=\"htmega-accourdion-title\">\n                                    <h2 data-toggle=\"htbcollapse\" data-target=\"#htmega-collapse287df7ed\" class=\"htb-collapsed htmega-items-hedding\">II.- BASES EPISTEMOL\u00d3GICAS DE LOS PNFA <span class=\"accourdion-icon close-accourdion\"><i class=\"fas fa-minus\"><\/i><\/span><span class=\"accourdion-icon open-accourdion\"><i class=\"fas fa-plus\"><\/i><\/span><\/h2>                                <\/div>\n\n                                <div id=\"htmega-collapse287df7ed\" class=\"htb-collapse \" data-parent=\"#accordionExample87df7ed\" >\n                                    <div class=\"accordion-content\">\n                                        <p align=\"justify\"><span style=\"color: #000000\"><span style=\"font-family: Poppins, sans-serif\"><span style=\"font-size: medium\">Si se parte de la premisa de que el subsistema de educaci\u00f3n universitaria es tanto un proyecto pol\u00edtico social como una pol\u00edtica cultural desde donde se alimentan las estructuras curriculares que le dan concreci\u00f3n a la formaci\u00f3n. En ese sentido, se hace necesario repensar las relaciones estrictamente disciplinares que han caracterizado la formulaci\u00f3n de los programas de formaci\u00f3n de postgrado, y construir un curr\u00edculum que responda, adem\u00e1s de<br \/>aquellos vinculados a los elementos de orden socio ideol\u00f3gico, as\u00ed como al desarrollo de la ciencia y la tecnolog\u00eda. Este enfoque de formulaci\u00f3n curricular que se pudiera ubicar en la esfera de lo socio-cr\u00edtico, atender\u00eda el desarrollo de un tri\u00e1ngulo epist\u00e9mico que supone la superaci\u00f3n de la esfera realista del curr\u00edculum y estar\u00eda atendiendo los requerimientos que se desprenden de las siguientes fuentes:<\/span><\/span><\/span><\/p>\n<ul style=\"list-style-type: disc\">\n<li><span style=\"color: #000000\"><span style=\"font-family: Poppins, sans-serif\"><span style=\"font-size: medium\">Las necesidades de los territorios y del poder popular.<\/span><\/span><\/span><\/li>\n<li><span style=\"color: #000000\"><span style=\"font-family: Poppins, sans-serif\"><span style=\"font-size: medium\">Las pol\u00edticas y proyectos estrat\u00e9gicos del Estado.<\/span><\/span><\/span><\/li>\n<li><span style=\"color: #000000\"><span style=\"font-family: Poppins, sans-serif\"><span style=\"font-size: medium\">El desarrollo cient\u00edfico y tecnol\u00f3gico del campo del saber o disciplinar.<\/span><\/span><\/span><\/li>\n<\/ul>\n<p align=\"justify\"><span style=\"color: #000000\"><span style=\"font-family: Poppins, sans-serif\"><span style=\"font-size: medium\">Las necesidades de los territorios y del poder popular. Es un imperativo \u00e9tico y normativo para el Estado venezolano la participaci\u00f3n protag\u00f3nica de la ciudadan\u00eda que hace vida en todo el territorio nacional. Esto supone un reto importante para la formulaci\u00f3n de pol\u00edticas p\u00fablicas que superen las visiones estrictamente asistencialistas y construyan una nueva l\u00f3gica de estructuraci\u00f3n que redefina e<\/span><\/span><\/span><span style=\"color: #000000\"><span style=\"font-family: Poppins, sans-serif\"><span style=\"font-size: medium\">l objeto de la pol\u00edtica como sujeto, desde el momento mismo de la formulaci\u00f3n que permita derrotar la crisis de la utop\u00eda 12 que caracteriz\u00f3 a la educaci\u00f3n venezolana durante las \u00faltimas d\u00e9cadas del siglo pasado.<\/span><\/span><\/span><\/p>                                    <\/div>\n                                <\/div>\n\n                            <\/div>\n\n                                                    <div class=\"single_accourdion htmega-icon-align-\">\n\n                                <div class=\"htmega-accourdion-title\">\n                                    <h2 data-toggle=\"htbcollapse\" data-target=\"#htmega-collapse387df7ed\" class=\"htb-collapsed htmega-items-hedding\">III.- Caracter\u00edsticas b\u00e1sicas de los PNFA <span class=\"accourdion-icon close-accourdion\"><i class=\"fas fa-minus\"><\/i><\/span><span class=\"accourdion-icon open-accourdion\"><i class=\"fas fa-plus\"><\/i><\/span><\/h2>                                <\/div>\n\n                                <div id=\"htmega-collapse387df7ed\" class=\"htb-collapse \" data-parent=\"#accordionExample87df7ed\" >\n                                    <div class=\"accordion-content\">\n                                        <p><span style=\"color: #000000\"><span style=\"font-family: Poppins, sans-serif\"><span style=\"font-size: medium\">Los principios fundamentales son ideas-fuerza de cuya aplicaci\u00f3n y desarrollo en la formulaci\u00f3n de las propuestas se derivan compromisos y se toman decisiones de car\u00e1cter epistemol\u00f3gico, \u00e9tico, pol\u00edtico, acad\u00e9mico y pedag\u00f3gico. Con ello, se apunta a la adecuaci\u00f3n y renovaci\u00f3n constante y permanente de los programas de formaci\u00f3n, en tanto que los principios est\u00e1n contextualizados y se van ajustando progresivamente sobre la base de las necesidades y demandas que genera la agenda nacional de investigaci\u00f3n e innovaci\u00f3n consensuada y priorizada.<\/span><\/span><\/span><\/p>                                    <\/div>\n                                <\/div>\n\n                            <\/div>\n\n                                                    <div class=\"single_accourdion htmega-icon-align-\">\n\n                                <div class=\"htmega-accourdion-title\">\n                                    <h2 data-toggle=\"htbcollapse\" data-target=\"#htmega-collapse487df7ed\" class=\"htb-collapsed htmega-items-hedding\">IV.- Estructura curricular de los PNFA <span class=\"accourdion-icon close-accourdion\"><i class=\"fas fa-minus\"><\/i><\/span><span class=\"accourdion-icon open-accourdion\"><i class=\"fas fa-plus\"><\/i><\/span><\/h2>                                <\/div>\n\n                                <div id=\"htmega-collapse487df7ed\" class=\"htb-collapse \" data-parent=\"#accordionExample87df7ed\" >\n                                    <div class=\"accordion-content\">\n                                        <p><span style=\"color: #000000\"><span style=\"font-family: Poppins, sans-serif\"><span style=\"font-size: medium\">Los PNFA se estructuran <\/span><\/span><\/span><span style=\"color: #000000\"><span style=\"font-family: Poppins, sans-serif\"><span style=\"font-size: medium\">particularmente <\/span><\/span><\/span><span style=\"color: #000000\"><span style=\"font-family: Poppins, sans-serif\"><span style=\"font-size: medium\">a trav\u00e9s de una matriz flexible que permite organizar el tiempo de la formaci\u00f3n, a los fines de cumplir los requerimientos establecidos por la normativa vigente para la obtenci\u00f3n de los diferentes grados acad\u00e9micos, lo cual supone un engranaje de distintos tipos de unidades curriculares a lo largo del periodo de formaci\u00f3n, cuyo centro o eje es la investigaci\u00f3n e innovaci\u00f3n.<\/span><\/span><\/span><\/p>                                    <\/div>\n                                <\/div>\n\n                            <\/div>\n\n                        <\/div>\t\t\t\t<\/div>\n\t\t\t\t<\/div>\n\t\t\t\t\t<\/div>\n\t\t<\/div>\n\t\t\t\t\t<\/div>\n\t\t<\/section>\n\t\t\t\t<section class=\"elementor-section elementor-top-section elementor-element elementor-element-dbe835b elementor-section-boxed elementor-section-height-default elementor-section-height-default\" data-id=\"dbe835b\" data-element_type=\"section\" data-e-type=\"section\">\n\t\t\t\t\t\t<div class=\"elementor-container elementor-column-gap-default\">\n\t\t\t\t\t<div class=\"elementor-column elementor-col-100 elementor-top-column elementor-element elementor-element-20081d4\" data-id=\"20081d4\" data-element_type=\"column\" data-e-type=\"column\">\n\t\t\t<div class=\"elementor-widget-wrap elementor-element-populated\">\n\t\t\t\t\t\t<div class=\"elementor-element elementor-element-1c470b4 elementor-widget elementor-widget-heading\" data-id=\"1c470b4\" data-element_type=\"widget\" data-e-type=\"widget\" data-widget_type=\"heading.default\">\n\t\t\t\t<div class=\"elementor-widget-container\">\n\t\t\t\t\t<h2 class=\"elementor-heading-title elementor-size-default\">Los programas nacionales de formaci\u00f3n avanzada (especializaciones, maestr\u00edas y doctorados) que te ofrecemos:<\/h2>\t\t\t\t<\/div>\n\t\t\t\t<\/div>\n\t\t\t\t\t<\/div>\n\t\t<\/div>\n\t\t\t\t\t<\/div>\n\t\t<\/section>\n\t\t\t\t<section class=\"elementor-section elementor-top-section elementor-element elementor-element-7f3e9e0 elementor-section-boxed elementor-section-height-default elementor-section-height-default\" data-id=\"7f3e9e0\" data-element_type=\"section\" data-e-type=\"section\">\n\t\t\t\t\t\t<div class=\"elementor-container elementor-column-gap-default\">\n\t\t\t\t\t<div class=\"elementor-column elementor-col-100 elementor-top-column elementor-element elementor-element-ffbe9cb\" data-id=\"ffbe9cb\" data-element_type=\"column\" data-e-type=\"column\">\n\t\t\t<div class=\"elementor-widget-wrap elementor-element-populated\">\n\t\t\t\t\t\t<div class=\"elementor-element elementor-element-8ad2219 elementor-widget elementor-widget-htmega-flipbox-addons\" data-id=\"8ad2219\" data-element_type=\"widget\" data-e-type=\"widget\" data-widget_type=\"htmega-flipbox-addons.default\">\n\t\t\t\t<div class=\"elementor-widget-container\">\n\t\t\t\t\t            \n            <div class=\"htmega-flip-box-area htmega-flip-box-style-1 htmega-flip-box-animation-right\">\n\n                <div class='htmega-flip-box-front'>\n                    <div class=\"front-container\">\n                                                                    <img fetchpriority=\"high\" decoding=\"async\" width=\"640\" height=\"450\" src=\"https:\/\/www.uptos.edu.ve\/wp-content\/uploads\/2025\/03\/b2ap3_large_estudiantes-maestria-1024x720.jpg\" class=\"attachment-large size-large wp-image-16548\" alt=\"\" srcset=\"https:\/\/www.uptos.edu.ve\/wp-content\/uploads\/2025\/03\/b2ap3_large_estudiantes-maestria-1024x720.jpg 1024w, https:\/\/www.uptos.edu.ve\/wp-content\/uploads\/2025\/03\/b2ap3_large_estudiantes-maestria-340x240.jpg 340w\" sizes=\"(max-width: 640px) 100vw, 640px\" \/><h2>MAESTR\u00cdAS<\/h2>                                        <\/div>\n                    <div class=\"htmega-flip-overlay\"><\/div>\n                <\/div>\n\n                <div class='htmega-flip-box-back'>\n                    <div class=\"back-container\">\n                                            <span class=\"flipbox-icon\"><i class=\"fas fa-user-graduate\"><\/i><\/span><h2>Maestr\u00edas<\/h2><p>Son programas acad\u00e9micos avanzados que profundizan en un \u00e1rea espec\u00edfica del conocimiento, integrando investigaci\u00f3n o pr\u00e1ctica profesional, y suelen durar entre 3 a\u00f1os.<\/p><div class=\"flp-btn\"><a href=\"https:\/\/www.uptos.edu.ve\/?page_id=15470\">VER M\u00c1S<\/a><\/div>\n                                            <\/div>\n                    <div class=\"htmega-flip-overlay\"><\/div>\n                <\/div>\n\n            <\/div>\n\n        \t\t\t\t<\/div>\n\t\t\t\t<\/div>\n\t\t\t\t\t<\/div>\n\t\t<\/div>\n\t\t\t\t\t<\/div>\n\t\t<\/section>\n\t\t\t\t<\/div>\n\t\t","protected":false},"excerpt":{"rendered":"<p>Los Programas de Formaci\u00f3n Nacional Avanzada mantiene un conjunto de actividades acad\u00e9micas, centradas en la investigaci\u00f3n e innovaci\u00f3n, con pertinencia social, dirigidas a profesionales..<\/p>\n","protected":false},"author":1,"featured_media":0,"parent":2707,"menu_order":0,"comment_status":"closed","ping_status":"closed","template":"elementor_header_footer","meta":{"_monsterinsights_skip_tracking":false,"_monsterinsights_sitenote_active":false,"_monsterinsights_sitenote_note":"","_monsterinsights_sitenote_category":0,"footnotes":""},"class_list":["post-2703","page","type-page","status-publish","hentry"],"yoast_head":"<!-- This site is optimized with the Yoast SEO plugin v27.4 - https:\/\/yoast.com\/product\/yoast-seo-wordpress\/ -->\n<title>PNFA - UPTOS Clodosbaldo Russi\u00e1n<\/title>\n<meta name=\"robots\" content=\"index, follow, max-snippet:-1, max-image-preview:large, max-video-preview:-1\" \/>\n<link rel=\"canonical\" href=\"https:\/\/www.uptos.edu.ve\/?page_id=2703\" \/>\n<meta property=\"og:locale\" content=\"es_ES\" \/>\n<meta property=\"og:type\" content=\"article\" \/>\n<meta property=\"og:title\" content=\"PNFA - UPTOS Clodosbaldo Russi\u00e1n\" \/>\n<meta property=\"og:description\" content=\"Los Programas de Formaci\u00f3n Nacional Avanzada mantiene un conjunto de actividades acad\u00e9micas, centradas en la investigaci\u00f3n e innovaci\u00f3n, con pertinencia social, dirigidas a profesionales..\" \/>\n<meta property=\"og:url\" content=\"https:\/\/www.uptos.edu.ve\/?page_id=2703\" \/>\n<meta property=\"og:site_name\" content=\"UPTOS Clodosbaldo Russi\u00e1n\" \/>\n<meta property=\"article:publisher\" content=\"https:\/\/www.facebook.com\/people\/UPTOS-Clodosbaldo-Russin\/100070891114831\/\" \/>\n<meta property=\"article:modified_time\" content=\"2025-08-19T15:14:46+00:00\" \/>\n<meta property=\"og:image\" content=\"https:\/\/www.uptos.edu.ve\/wp-content\/uploads\/2025\/03\/b2ap3_large_estudiantes-maestria.jpg\" \/>\n\t<meta property=\"og:image:width\" content=\"1280\" \/>\n\t<meta property=\"og:image:height\" content=\"720\" \/>\n\t<meta property=\"og:image:type\" content=\"image\/jpeg\" \/>\n<meta name=\"twitter:card\" content=\"summary_large_image\" \/>\n<meta name=\"twitter:label1\" content=\"Tiempo estimado de lectura\" \/>\n\t<meta name=\"twitter:data1\" content=\"6 minutos\" \/>\n<script type=\"application\/ld+json\" class=\"yoast-schema-graph\">{\"@context\":\"https:\\\/\\\/schema.org\",\"@graph\":[{\"@type\":\"WebPage\",\"@id\":\"https:\\\/\\\/www.uptos.edu.ve\\\/?page_id=2703\",\"url\":\"https:\\\/\\\/www.uptos.edu.ve\\\/?page_id=2703\",\"name\":\"PNFA - UPTOS Clodosbaldo Russi\u00e1n\",\"isPartOf\":{\"@id\":\"\\\/#website\"},\"primaryImageOfPage\":{\"@id\":\"https:\\\/\\\/www.uptos.edu.ve\\\/?page_id=2703#primaryimage\"},\"image\":{\"@id\":\"https:\\\/\\\/www.uptos.edu.ve\\\/?page_id=2703#primaryimage\"},\"thumbnailUrl\":\"https:\\\/\\\/www.uptos.edu.ve\\\/wp-content\\\/uploads\\\/2025\\\/03\\\/b2ap3_large_estudiantes-maestria-1024x720.jpg\",\"datePublished\":\"2016-10-17T13:30:12+00:00\",\"dateModified\":\"2025-08-19T15:14:46+00:00\",\"breadcrumb\":{\"@id\":\"https:\\\/\\\/www.uptos.edu.ve\\\/?page_id=2703#breadcrumb\"},\"inLanguage\":\"es\",\"potentialAction\":[{\"@type\":\"ReadAction\",\"target\":[\"https:\\\/\\\/www.uptos.edu.ve\\\/?page_id=2703\"]}]},{\"@type\":\"ImageObject\",\"inLanguage\":\"es\",\"@id\":\"https:\\\/\\\/www.uptos.edu.ve\\\/?page_id=2703#primaryimage\",\"url\":\"https:\\\/\\\/www.uptos.edu.ve\\\/wp-content\\\/uploads\\\/2025\\\/03\\\/b2ap3_large_estudiantes-maestria.jpg\",\"contentUrl\":\"https:\\\/\\\/www.uptos.edu.ve\\\/wp-content\\\/uploads\\\/2025\\\/03\\\/b2ap3_large_estudiantes-maestria.jpg\",\"width\":1280,\"height\":720},{\"@type\":\"BreadcrumbList\",\"@id\":\"https:\\\/\\\/www.uptos.edu.ve\\\/?page_id=2703#breadcrumb\",\"itemListElement\":[{\"@type\":\"ListItem\",\"position\":1,\"name\":\"Home\",\"item\":\"https:\\\/\\\/www.uptos.edu.ve\\\/\"},{\"@type\":\"ListItem\",\"position\":2,\"name\":\"Departamento Acad\u00e9mico\",\"item\":\"https:\\\/\\\/www.uptos.edu.ve\\\/?page_id=2707\"},{\"@type\":\"ListItem\",\"position\":3,\"name\":\"PNFA\"}]},{\"@type\":\"WebSite\",\"@id\":\"\\\/#website\",\"url\":\"\\\/\",\"name\":\"UPTOS Clodosbaldo Russi\u00e1n\",\"description\":\"Universidad Polit\u00e9cnica del Oeste de Sucre\",\"publisher\":{\"@id\":\"\\\/#organization\"},\"potentialAction\":[{\"@type\":\"SearchAction\",\"target\":{\"@type\":\"EntryPoint\",\"urlTemplate\":\"\\\/?s={search_term_string}\"},\"query-input\":{\"@type\":\"PropertyValueSpecification\",\"valueRequired\":true,\"valueName\":\"search_term_string\"}}],\"inLanguage\":\"es\"},{\"@type\":\"Organization\",\"@id\":\"\\\/#organization\",\"name\":\"UPTOS Clodosbaldo Russi\u00e1n\",\"url\":\"\\\/\",\"logo\":{\"@type\":\"ImageObject\",\"inLanguage\":\"es\",\"@id\":\"\\\/#\\\/schema\\\/logo\\\/image\\\/\",\"url\":\"https:\\\/\\\/www.uptos.edu.ve\\\/wp-content\\\/uploads\\\/2026\\\/02\\\/cropped-cropped-WhatsApp-Image-2026-02-11-at-10.17.38-PM-1.jpeg\",\"contentUrl\":\"https:\\\/\\\/www.uptos.edu.ve\\\/wp-content\\\/uploads\\\/2026\\\/02\\\/cropped-cropped-WhatsApp-Image-2026-02-11-at-10.17.38-PM-1.jpeg\",\"width\":1080,\"height\":73,\"caption\":\"UPTOS Clodosbaldo Russi\u00e1n\"},\"image\":{\"@id\":\"\\\/#\\\/schema\\\/logo\\\/image\\\/\"},\"sameAs\":[\"https:\\\/\\\/www.facebook.com\\\/people\\\/UPTOS-Clodosbaldo-Russin\\\/100070891114831\\\/\",\"http:\\\/\\\/instagram.com\\\/uptoscr_oficial\"]}]}<\/script>\n<!-- \/ Yoast SEO plugin. -->","yoast_head_json":{"title":"PNFA - UPTOS Clodosbaldo Russi\u00e1n","robots":{"index":"index","follow":"follow","max-snippet":"max-snippet:-1","max-image-preview":"max-image-preview:large","max-video-preview":"max-video-preview:-1"},"canonical":"https:\/\/www.uptos.edu.ve\/?page_id=2703","og_locale":"es_ES","og_type":"article","og_title":"PNFA - UPTOS Clodosbaldo Russi\u00e1n","og_description":"Los Programas de Formaci\u00f3n Nacional Avanzada mantiene un conjunto de actividades acad\u00e9micas, centradas en la investigaci\u00f3n e innovaci\u00f3n, con pertinencia social, dirigidas a profesionales..","og_url":"https:\/\/www.uptos.edu.ve\/?page_id=2703","og_site_name":"UPTOS Clodosbaldo Russi\u00e1n","article_publisher":"https:\/\/www.facebook.com\/people\/UPTOS-Clodosbaldo-Russin\/100070891114831\/","article_modified_time":"2025-08-19T15:14:46+00:00","og_image":[{"width":1280,"height":720,"url":"https:\/\/www.uptos.edu.ve\/wp-content\/uploads\/2025\/03\/b2ap3_large_estudiantes-maestria.jpg","type":"image\/jpeg"}],"twitter_card":"summary_large_image","twitter_misc":{"Tiempo estimado de lectura":"6 minutos"},"schema":{"@context":"https:\/\/schema.org","@graph":[{"@type":"WebPage","@id":"https:\/\/www.uptos.edu.ve\/?page_id=2703","url":"https:\/\/www.uptos.edu.ve\/?page_id=2703","name":"PNFA - UPTOS Clodosbaldo Russi\u00e1n","isPartOf":{"@id":"\/#website"},"primaryImageOfPage":{"@id":"https:\/\/www.uptos.edu.ve\/?page_id=2703#primaryimage"},"image":{"@id":"https:\/\/www.uptos.edu.ve\/?page_id=2703#primaryimage"},"thumbnailUrl":"https:\/\/www.uptos.edu.ve\/wp-content\/uploads\/2025\/03\/b2ap3_large_estudiantes-maestria-1024x720.jpg","datePublished":"2016-10-17T13:30:12+00:00","dateModified":"2025-08-19T15:14:46+00:00","breadcrumb":{"@id":"https:\/\/www.uptos.edu.ve\/?page_id=2703#breadcrumb"},"inLanguage":"es","potentialAction":[{"@type":"ReadAction","target":["https:\/\/www.uptos.edu.ve\/?page_id=2703"]}]},{"@type":"ImageObject","inLanguage":"es","@id":"https:\/\/www.uptos.edu.ve\/?page_id=2703#primaryimage","url":"https:\/\/www.uptos.edu.ve\/wp-content\/uploads\/2025\/03\/b2ap3_large_estudiantes-maestria.jpg","contentUrl":"https:\/\/www.uptos.edu.ve\/wp-content\/uploads\/2025\/03\/b2ap3_large_estudiantes-maestria.jpg","width":1280,"height":720},{"@type":"BreadcrumbList","@id":"https:\/\/www.uptos.edu.ve\/?page_id=2703#breadcrumb","itemListElement":[{"@type":"ListItem","position":1,"name":"Home","item":"https:\/\/www.uptos.edu.ve\/"},{"@type":"ListItem","position":2,"name":"Departamento Acad\u00e9mico","item":"https:\/\/www.uptos.edu.ve\/?page_id=2707"},{"@type":"ListItem","position":3,"name":"PNFA"}]},{"@type":"WebSite","@id":"\/#website","url":"\/","name":"UPTOS Clodosbaldo Russi\u00e1n","description":"Universidad Polit\u00e9cnica del Oeste de Sucre","publisher":{"@id":"\/#organization"},"potentialAction":[{"@type":"SearchAction","target":{"@type":"EntryPoint","urlTemplate":"\/?s={search_term_string}"},"query-input":{"@type":"PropertyValueSpecification","valueRequired":true,"valueName":"search_term_string"}}],"inLanguage":"es"},{"@type":"Organization","@id":"\/#organization","name":"UPTOS Clodosbaldo Russi\u00e1n","url":"\/","logo":{"@type":"ImageObject","inLanguage":"es","@id":"\/#\/schema\/logo\/image\/","url":"https:\/\/www.uptos.edu.ve\/wp-content\/uploads\/2026\/02\/cropped-cropped-WhatsApp-Image-2026-02-11-at-10.17.38-PM-1.jpeg","contentUrl":"https:\/\/www.uptos.edu.ve\/wp-content\/uploads\/2026\/02\/cropped-cropped-WhatsApp-Image-2026-02-11-at-10.17.38-PM-1.jpeg","width":1080,"height":73,"caption":"UPTOS Clodosbaldo Russi\u00e1n"},"image":{"@id":"\/#\/schema\/logo\/image\/"},"sameAs":["https:\/\/www.facebook.com\/people\/UPTOS-Clodosbaldo-Russin\/100070891114831\/","http:\/\/instagram.com\/uptoscr_oficial"]}]}},"_links":{"self":[{"href":"https:\/\/www.uptos.edu.ve\/index.php?rest_route=\/wp\/v2\/pages\/2703","targetHints":{"allow":["GET"]}}],"collection":[{"href":"https:\/\/www.uptos.edu.ve\/index.php?rest_route=\/wp\/v2\/pages"}],"about":[{"href":"https:\/\/www.uptos.edu.ve\/index.php?rest_route=\/wp\/v2\/types\/page"}],"author":[{"embeddable":true,"href":"https:\/\/www.uptos.edu.ve\/index.php?rest_route=\/wp\/v2\/users\/1"}],"replies":[{"embeddable":true,"href":"https:\/\/www.uptos.edu.ve\/index.php?rest_route=%2Fwp%2Fv2%2Fcomments&post=2703"}],"version-history":[{"count":126,"href":"https:\/\/www.uptos.edu.ve\/index.php?rest_route=\/wp\/v2\/pages\/2703\/revisions"}],"predecessor-version":[{"id":17668,"href":"https:\/\/www.uptos.edu.ve\/index.php?rest_route=\/wp\/v2\/pages\/2703\/revisions\/17668"}],"up":[{"embeddable":true,"href":"https:\/\/www.uptos.edu.ve\/index.php?rest_route=\/wp\/v2\/pages\/2707"}],"wp:attachment":[{"href":"https:\/\/www.uptos.edu.ve\/index.php?rest_route=%2Fwp%2Fv2%2Fmedia&parent=2703"}],"curies":[{"name":"wp","href":"https:\/\/api.w.org\/{rel}","templated":true}]}}