{"id":2699,"date":"2016-10-17T13:32:23","date_gmt":"2016-10-17T13:32:23","guid":{"rendered":"http:\/\/www.demo.acmethemes.com\/education-base\/?page_id=25"},"modified":"2024-05-03T11:43:34","modified_gmt":"2024-05-03T15:43:34","slug":"piu","status":"publish","type":"page","link":"https:\/\/www.uptos.edu.ve\/?page_id=2699","title":{"rendered":"PIU"},"content":{"rendered":"\n<div class=\"wp-block-group has-black-color has-text-color\" style=\"font-size:15px\"><div class=\"wp-block-group__inner-container is-layout-flow wp-block-group-is-layout-flow\">\n<p align=\"justify\"><font color=\"#000000\">Debido a las condiciones generales analizadas para el inicio del periodo acad\u00e9mico 2020-2021, el Programa\u00a0 de Iniciaci\u00f3n Universitaria (PIU) desarroll\u00f3 una estrategia formativa centralizada y estandarizada que pueda dar respuesta a los N\u00facleos Generadores de Formaci\u00f3n y sus unidades curriculares sin comprometer la calidad educativa pero entendiendo el momento hist\u00f3rico y las complejidades propias de las diferentes metodolog\u00edas aplicadas en la educaci\u00f3n a distancia.<\/font><\/p>\n<\/p>\n<\/div><\/div>\n\n\n\n<div id=\"section-g79f6c9\" class=\"wp-block-gutentor-e6 section-g79f6c9 gutentor-element gutentor-element-image\"><div class=\"gutentor-element-image-box\"><div class=\"gutentor-image-thumb\"><img decoding=\"async\" class=\"normal-image\" src=\"https:\/\/wwwvz.uptos.edu.ve\/wp-content\/uploads\/2022\/07\/concepcion-metodologica-2.png\" \/><\/div><\/div><\/div>\n\n\n\n<h4 class=\"western\" align=\"justify\"><font color=\"#000000\"><font face=\"Poppins, sans-serif\"><font size=\"3\"><strong><font color=\"#980000\"><font face=\"poppins\"><b>OBJETIVOS <\/b><\/font><\/font><\/strong><strong><font color=\"#980000\"><font face=\"poppins\"><b>ESTRAT\u00c9GICOS:<\/b><\/font><\/font><\/strong><\/font><\/font><\/font><\/h4>\n<p align=\"justify\"><font color=\"#000000\"><font size=\"3\">Propiciar en los estudiantes la iniciaci\u00f3n en el proceso de formaci\u00f3n desde el car\u00e1cter socio cr\u00edtico, pol\u00edtico y t\u00e9cnico profesional, en el marco del momento hist\u00f3rico del proyecto pa\u00eds y la profundizaci\u00f3n de la Revoluci\u00f3n Bolivariana.<\/font><\/font><\/p>\n<p align=\"justify\"><font color=\"#000000\"><font size=\"3\">Generar en los estudiantes procesos formativos para la construcci\u00f3n de saberes necesarios, inherentes en el proceso de planificaci\u00f3n y desarrollo estrat\u00e9gico del conocimiento cient\u00edfico-tecnol\u00f3gico para el fortalecimiento del Plan de desarrollo econ\u00f3mico y social del Pa\u00eds desde los Objetivos hist\u00f3ricos del plan de la patria.<\/font><\/font><\/p>\n<p align=\"justify\"><font color=\"#000000\"><font size=\"3\">Promover espacios integradores para la generaci\u00f3n de conciencia Socio-Liberadora y liderazgo en referencia a la trascendida hist\u00f3rica del proyecto desde los Programas de Formaci\u00f3n de Grado y el papel fundamental de sus estudiantes en el proceso de compromiso y consolidaci\u00f3n de la Venezuela Potencia.<\/font><\/font><\/p>\n<p align=\"justify\">&nbsp;<\/p>\n\n\n\n<div class=\"wp-block-group\"><div class=\"wp-block-group__inner-container is-layout-constrained wp-block-group-is-layout-constrained\">\n<h4 class=\"western\" align=\"left\"><strong><font color=\"#980000\"><font face=\"poppins\"><font size=\"3\"><b>OBJETIVOS T\u00c1CTICOS<\/b><\/font><\/font><\/font><\/strong><font color=\"#980000\"><font face=\"poppins\"><font size=\"3\"><b>:<\/b><\/font><\/font><\/font><\/h4>\n<p align=\"justify\"><font color=\"#000000\"><font size=\"3\">Desarrollar actividades estrat\u00e9gicas para atender la demanda de inclusi\u00f3n social, expresi\u00f3n de la inserci\u00f3n del pueblo a la universidad como proyecto educativo emancipador y liberador de la revoluci\u00f3n bolivariana y socialista.<\/font><\/font><\/p>\n<p align=\"justify\"><font color=\"#000000\"><font size=\"3\">Preparar a los (las) estudiantes del subsistema de educaci\u00f3n Universitaria desde un enfoque de iniciaci\u00f3n y acompa\u00f1amiento en el marco de los principios y metodolog\u00edas de la educaci\u00f3n emancipadora liberadora, que les permita reconocerse y auto formarse en su desarrollo personal y humano como ser social, comprometido con el bien colectivo y con el desarrollo estrat\u00e9gico, independiente y soberano.<\/font><\/font><\/p>\n<p align=\"justify\"><font color=\"#000000\"><font size=\"3\">Desarrollar un enfoque pedag\u00f3gico de acompa\u00f1amiento a la vida universitaria, con \u00e9nfasis a la atenci\u00f3n de las dimensiones de formaci\u00f3n integral, contextualizado en los ejes socio cr\u00edtico, \u00e9tico-l\u00fadico y socio-pol\u00edtico, para potenciar las capacidades hacia una participaci\u00f3n activa, responsable en los diferentes campos del saber de la prosecuci\u00f3n en los Programas de Formaci\u00f3n de Grado.<\/font><\/font><\/p>\n<p align=\"justify\"><font color=\"#000000\"><font size=\"3\">Contribuir a sincerar la pertinencia social a los(las) estudiantes sobre la base de una orientaci\u00f3n vocacional y profesional, comprometida con una formaci\u00f3n inherente a las demandas estrat\u00e9gicas del Proyecto de Pa\u00eds a trav\u00e9s de estrategias pedag\u00f3gicas innovadoras que los(las) gu\u00eden en la toma de decisiones con respecto a la elecci\u00f3n del Programa de Formaci\u00f3n.<\/font><\/font><\/p>\n<p align=\"justify\">&nbsp;<\/p>\n\n\n\n<h4 class=\"western\" align=\"left\"><span style=\"color: #980000;\"><span style=\"font-family: poppins;\"><span style=\"font-size: medium;\"><b>OBJETIVOS GENERALES:<\/b><\/span><\/span><\/span><\/h4>\n<p align=\"justify\"><span style=\"color: #000000;\"><span style=\"font-family: Poppins, sans-serif;\"><span style=\"font-size: medium;\">Garantizar que el estudiante acceda al Programa de Formaci\u00f3n de Grado desde una formaci\u00f3n integral en conocimientos, habilidades y valores impl\u00edcitos al proceso formativo y de procesamiento de informaci\u00f3n en la especificidad de cada PNF<\/span><\/span><\/span><\/p>\n<p align=\"justify\"><span style=\"color: #000000; font-family: Poppins, sans-serif;\"><span style=\"font-size: medium;\">Fortalecer habilidades metodol\u00f3gicas en los estudiantes en el estudio y pr\u00e1cticas b\u00e1sicas de investigaci\u00f3n, an\u00e1lisis y s\u00edntesis, orientadas al desarrollo del conocimiento cient\u00edfico y de la capacidad de expresi\u00f3n escrita y oral, as\u00ed como en el uso apropiado y cr\u00edtico\u00a0de tecnolog\u00edas diversas.<\/span><\/span><\/p>\n<p align=\"justify\"><span style=\"color: #000000;\"><span style=\"font-family: Poppins, sans-serif;\"><span style=\"font-size: medium;\">Promover acciones pedag\u00f3gicas que favorezcan una actitud corresponsable ante el proceso de formaci\u00f3n y participaci\u00f3n en la construcci\u00f3n colectiva con privilegio en lo \u00e9tico-pol\u00edtico desde la identidad Universitaria.<\/span><\/span><\/span><\/p>\n<p align=\"justify\"><span style=\"color: #000000;\"><span style=\"font-family: Poppins, sans-serif;\"><span style=\"font-size: medium;\">Dise\u00f1ar y ejecutar planes para la promoci\u00f3n de una nueva hegemon\u00eda \u00e9tica, moral y espiritual que nos permita consolidar los valores Bolivarianos socialistas desde los N\u00facleos Generadores de formaci\u00f3n y los encuentros de saberes.<\/span><\/span><\/span><\/p>\n<p align=\"justify\"><span style=\"color: #000000;\"><span style=\"font-family: Poppins, sans-serif;\"><span style=\"font-size: medium;\">Dise\u00f1ar acciones estrat\u00e9gicas para la organizaci\u00f3n, movilizaci\u00f3n de los estudiantes como brigadistas para la defensa integral y el desarrollo socio productivo de Venezuela como pueblo y naci\u00f3n.<\/span><\/span><\/span><\/p>\n<\/div><\/div>\n\n\n\n<div id=\"section-gf9264c\" class=\"wp-block-gutentor-e2 section-gf9264c gutentor-element gutentor-element-button button-align-center-desktop\"><span class=\"gutentor-button-wrap\"><a class=\"gutentor-button gutentor-block-button gutentor-icon-hide\" href=\"https:\/\/www.uptos.edu.ve\/aulavirtual\/mod\/data\/view.php?d=3&amp;rid=15\" target=\"_blank\" rel=\"https:\/\/www.uptos.edu.ve\/aulavirtual\/mod\/data\/view.php?d=3&amp;rid=15 noopener noreferrer\"><i class=\"gutentor-button-icon fas fa-book\"><\/i><span>CONOCER M\u00c1S<\/span><\/a><\/span><\/div>\n","protected":false},"excerpt":{"rendered":"<p>El Programa Iniciaci\u00f3n Universitaria desarrollo una estrategia formativa centralizada y estandarizada que pueda dar respuesta a los N\u00facleos Generadores de Formaci\u00f3n<\/p>\n","protected":false},"author":1,"featured_media":0,"parent":2707,"menu_order":0,"comment_status":"closed","ping_status":"closed","template":"","meta":{"_monsterinsights_skip_tracking":false,"_monsterinsights_sitenote_active":false,"_monsterinsights_sitenote_note":"","_monsterinsights_sitenote_category":0,"footnotes":""},"class_list":["post-2699","page","type-page","status-publish","hentry"],"yoast_head":"<!-- This site is optimized with the Yoast SEO plugin v27.4 - https:\/\/yoast.com\/product\/yoast-seo-wordpress\/ -->\n<title>PIU - UPTOS Clodosbaldo Russi\u00e1n<\/title>\n<meta name=\"robots\" content=\"index, follow, max-snippet:-1, max-image-preview:large, max-video-preview:-1\" \/>\n<link rel=\"canonical\" href=\"https:\/\/www.uptos.edu.ve\/?page_id=2699\" \/>\n<meta property=\"og:locale\" content=\"es_ES\" \/>\n<meta property=\"og:type\" content=\"article\" \/>\n<meta property=\"og:title\" content=\"PIU - UPTOS Clodosbaldo Russi\u00e1n\" \/>\n<meta property=\"og:description\" content=\"El Programa Iniciaci\u00f3n Universitaria desarrollo una estrategia formativa centralizada y estandarizada que pueda dar respuesta a los N\u00facleos Generadores de Formaci\u00f3n\" \/>\n<meta property=\"og:url\" content=\"https:\/\/www.uptos.edu.ve\/?page_id=2699\" \/>\n<meta property=\"og:site_name\" content=\"UPTOS Clodosbaldo Russi\u00e1n\" \/>\n<meta property=\"article:publisher\" content=\"https:\/\/www.facebook.com\/people\/UPTOS-Clodosbaldo-Russin\/100070891114831\/\" \/>\n<meta property=\"article:modified_time\" content=\"2024-05-03T15:43:34+00:00\" \/>\n<meta property=\"og:image\" content=\"https:\/\/wwwvz.uptos.edu.ve\/wp-content\/uploads\/2022\/07\/concepcion-metodologica-2.png\" \/>\n<meta name=\"twitter:card\" content=\"summary_large_image\" \/>\n<meta name=\"twitter:label1\" content=\"Tiempo estimado de lectura\" \/>\n\t<meta name=\"twitter:data1\" content=\"3 minutos\" \/>\n<script type=\"application\/ld+json\" class=\"yoast-schema-graph\">{\"@context\":\"https:\\\/\\\/schema.org\",\"@graph\":[{\"@type\":\"WebPage\",\"@id\":\"https:\\\/\\\/www.uptos.edu.ve\\\/?page_id=2699\",\"url\":\"https:\\\/\\\/www.uptos.edu.ve\\\/?page_id=2699\",\"name\":\"PIU - UPTOS Clodosbaldo Russi\u00e1n\",\"isPartOf\":{\"@id\":\"\\\/#website\"},\"primaryImageOfPage\":{\"@id\":\"https:\\\/\\\/www.uptos.edu.ve\\\/?page_id=2699#primaryimage\"},\"image\":{\"@id\":\"https:\\\/\\\/www.uptos.edu.ve\\\/?page_id=2699#primaryimage\"},\"thumbnailUrl\":\"https:\\\/\\\/wwwvz.uptos.edu.ve\\\/wp-content\\\/uploads\\\/2022\\\/07\\\/concepcion-metodologica-2.png\",\"datePublished\":\"2016-10-17T13:32:23+00:00\",\"dateModified\":\"2024-05-03T15:43:34+00:00\",\"breadcrumb\":{\"@id\":\"https:\\\/\\\/www.uptos.edu.ve\\\/?page_id=2699#breadcrumb\"},\"inLanguage\":\"es\",\"potentialAction\":[{\"@type\":\"ReadAction\",\"target\":[\"https:\\\/\\\/www.uptos.edu.ve\\\/?page_id=2699\"]}]},{\"@type\":\"ImageObject\",\"inLanguage\":\"es\",\"@id\":\"https:\\\/\\\/www.uptos.edu.ve\\\/?page_id=2699#primaryimage\",\"url\":\"https:\\\/\\\/wwwvz.uptos.edu.ve\\\/wp-content\\\/uploads\\\/2022\\\/07\\\/concepcion-metodologica-2.png\",\"contentUrl\":\"https:\\\/\\\/wwwvz.uptos.edu.ve\\\/wp-content\\\/uploads\\\/2022\\\/07\\\/concepcion-metodologica-2.png\"},{\"@type\":\"BreadcrumbList\",\"@id\":\"https:\\\/\\\/www.uptos.edu.ve\\\/?page_id=2699#breadcrumb\",\"itemListElement\":[{\"@type\":\"ListItem\",\"position\":1,\"name\":\"Home\",\"item\":\"https:\\\/\\\/www.uptos.edu.ve\\\/\"},{\"@type\":\"ListItem\",\"position\":2,\"name\":\"Departamento Acad\u00e9mico\",\"item\":\"https:\\\/\\\/www.uptos.edu.ve\\\/?page_id=2707\"},{\"@type\":\"ListItem\",\"position\":3,\"name\":\"PIU\"}]},{\"@type\":\"WebSite\",\"@id\":\"\\\/#website\",\"url\":\"\\\/\",\"name\":\"UPTOS Clodosbaldo Russi\u00e1n\",\"description\":\"Universidad Polit\u00e9cnica del Oeste de Sucre\",\"publisher\":{\"@id\":\"\\\/#organization\"},\"potentialAction\":[{\"@type\":\"SearchAction\",\"target\":{\"@type\":\"EntryPoint\",\"urlTemplate\":\"\\\/?s={search_term_string}\"},\"query-input\":{\"@type\":\"PropertyValueSpecification\",\"valueRequired\":true,\"valueName\":\"search_term_string\"}}],\"inLanguage\":\"es\"},{\"@type\":\"Organization\",\"@id\":\"\\\/#organization\",\"name\":\"UPTOS Clodosbaldo Russi\u00e1n\",\"url\":\"\\\/\",\"logo\":{\"@type\":\"ImageObject\",\"inLanguage\":\"es\",\"@id\":\"\\\/#\\\/schema\\\/logo\\\/image\\\/\",\"url\":\"https:\\\/\\\/www.uptos.edu.ve\\\/wp-content\\\/uploads\\\/2026\\\/02\\\/cropped-cropped-WhatsApp-Image-2026-02-11-at-10.17.38-PM-1.jpeg\",\"contentUrl\":\"https:\\\/\\\/www.uptos.edu.ve\\\/wp-content\\\/uploads\\\/2026\\\/02\\\/cropped-cropped-WhatsApp-Image-2026-02-11-at-10.17.38-PM-1.jpeg\",\"width\":1080,\"height\":73,\"caption\":\"UPTOS Clodosbaldo Russi\u00e1n\"},\"image\":{\"@id\":\"\\\/#\\\/schema\\\/logo\\\/image\\\/\"},\"sameAs\":[\"https:\\\/\\\/www.facebook.com\\\/people\\\/UPTOS-Clodosbaldo-Russin\\\/100070891114831\\\/\",\"http:\\\/\\\/instagram.com\\\/uptoscr_oficial\"]}]}<\/script>\n<!-- \/ Yoast SEO plugin. -->","yoast_head_json":{"title":"PIU - UPTOS Clodosbaldo Russi\u00e1n","robots":{"index":"index","follow":"follow","max-snippet":"max-snippet:-1","max-image-preview":"max-image-preview:large","max-video-preview":"max-video-preview:-1"},"canonical":"https:\/\/www.uptos.edu.ve\/?page_id=2699","og_locale":"es_ES","og_type":"article","og_title":"PIU - UPTOS Clodosbaldo Russi\u00e1n","og_description":"El Programa Iniciaci\u00f3n Universitaria desarrollo una estrategia formativa centralizada y estandarizada que pueda dar respuesta a los N\u00facleos Generadores de Formaci\u00f3n","og_url":"https:\/\/www.uptos.edu.ve\/?page_id=2699","og_site_name":"UPTOS Clodosbaldo Russi\u00e1n","article_publisher":"https:\/\/www.facebook.com\/people\/UPTOS-Clodosbaldo-Russin\/100070891114831\/","article_modified_time":"2024-05-03T15:43:34+00:00","og_image":[{"url":"https:\/\/wwwvz.uptos.edu.ve\/wp-content\/uploads\/2022\/07\/concepcion-metodologica-2.png","type":"","width":"","height":""}],"twitter_card":"summary_large_image","twitter_misc":{"Tiempo estimado de lectura":"3 minutos"},"schema":{"@context":"https:\/\/schema.org","@graph":[{"@type":"WebPage","@id":"https:\/\/www.uptos.edu.ve\/?page_id=2699","url":"https:\/\/www.uptos.edu.ve\/?page_id=2699","name":"PIU - UPTOS Clodosbaldo Russi\u00e1n","isPartOf":{"@id":"\/#website"},"primaryImageOfPage":{"@id":"https:\/\/www.uptos.edu.ve\/?page_id=2699#primaryimage"},"image":{"@id":"https:\/\/www.uptos.edu.ve\/?page_id=2699#primaryimage"},"thumbnailUrl":"https:\/\/wwwvz.uptos.edu.ve\/wp-content\/uploads\/2022\/07\/concepcion-metodologica-2.png","datePublished":"2016-10-17T13:32:23+00:00","dateModified":"2024-05-03T15:43:34+00:00","breadcrumb":{"@id":"https:\/\/www.uptos.edu.ve\/?page_id=2699#breadcrumb"},"inLanguage":"es","potentialAction":[{"@type":"ReadAction","target":["https:\/\/www.uptos.edu.ve\/?page_id=2699"]}]},{"@type":"ImageObject","inLanguage":"es","@id":"https:\/\/www.uptos.edu.ve\/?page_id=2699#primaryimage","url":"https:\/\/wwwvz.uptos.edu.ve\/wp-content\/uploads\/2022\/07\/concepcion-metodologica-2.png","contentUrl":"https:\/\/wwwvz.uptos.edu.ve\/wp-content\/uploads\/2022\/07\/concepcion-metodologica-2.png"},{"@type":"BreadcrumbList","@id":"https:\/\/www.uptos.edu.ve\/?page_id=2699#breadcrumb","itemListElement":[{"@type":"ListItem","position":1,"name":"Home","item":"https:\/\/www.uptos.edu.ve\/"},{"@type":"ListItem","position":2,"name":"Departamento Acad\u00e9mico","item":"https:\/\/www.uptos.edu.ve\/?page_id=2707"},{"@type":"ListItem","position":3,"name":"PIU"}]},{"@type":"WebSite","@id":"\/#website","url":"\/","name":"UPTOS Clodosbaldo Russi\u00e1n","description":"Universidad Polit\u00e9cnica del Oeste de Sucre","publisher":{"@id":"\/#organization"},"potentialAction":[{"@type":"SearchAction","target":{"@type":"EntryPoint","urlTemplate":"\/?s={search_term_string}"},"query-input":{"@type":"PropertyValueSpecification","valueRequired":true,"valueName":"search_term_string"}}],"inLanguage":"es"},{"@type":"Organization","@id":"\/#organization","name":"UPTOS Clodosbaldo Russi\u00e1n","url":"\/","logo":{"@type":"ImageObject","inLanguage":"es","@id":"\/#\/schema\/logo\/image\/","url":"https:\/\/www.uptos.edu.ve\/wp-content\/uploads\/2026\/02\/cropped-cropped-WhatsApp-Image-2026-02-11-at-10.17.38-PM-1.jpeg","contentUrl":"https:\/\/www.uptos.edu.ve\/wp-content\/uploads\/2026\/02\/cropped-cropped-WhatsApp-Image-2026-02-11-at-10.17.38-PM-1.jpeg","width":1080,"height":73,"caption":"UPTOS Clodosbaldo Russi\u00e1n"},"image":{"@id":"\/#\/schema\/logo\/image\/"},"sameAs":["https:\/\/www.facebook.com\/people\/UPTOS-Clodosbaldo-Russin\/100070891114831\/","http:\/\/instagram.com\/uptoscr_oficial"]}]}},"_links":{"self":[{"href":"https:\/\/www.uptos.edu.ve\/index.php?rest_route=\/wp\/v2\/pages\/2699","targetHints":{"allow":["GET"]}}],"collection":[{"href":"https:\/\/www.uptos.edu.ve\/index.php?rest_route=\/wp\/v2\/pages"}],"about":[{"href":"https:\/\/www.uptos.edu.ve\/index.php?rest_route=\/wp\/v2\/types\/page"}],"author":[{"embeddable":true,"href":"https:\/\/www.uptos.edu.ve\/index.php?rest_route=\/wp\/v2\/users\/1"}],"replies":[{"embeddable":true,"href":"https:\/\/www.uptos.edu.ve\/index.php?rest_route=%2Fwp%2Fv2%2Fcomments&post=2699"}],"version-history":[{"count":5,"href":"https:\/\/www.uptos.edu.ve\/index.php?rest_route=\/wp\/v2\/pages\/2699\/revisions"}],"predecessor-version":[{"id":13866,"href":"https:\/\/www.uptos.edu.ve\/index.php?rest_route=\/wp\/v2\/pages\/2699\/revisions\/13866"}],"up":[{"embeddable":true,"href":"https:\/\/www.uptos.edu.ve\/index.php?rest_route=\/wp\/v2\/pages\/2707"}],"wp:attachment":[{"href":"https:\/\/www.uptos.edu.ve\/index.php?rest_route=%2Fwp%2Fv2%2Fmedia&parent=2699"}],"curies":[{"name":"wp","href":"https:\/\/api.w.org\/{rel}","templated":true}]}}